{"id":18147,"date":"2025-05-15T14:52:32","date_gmt":"2025-05-15T14:52:32","guid":{"rendered":"https:\/\/cedthu.rwpstaging.site\/?page_id=18147"},"modified":"2026-04-14T12:51:39","modified_gmt":"2026-04-14T12:51:39","slug":"ifju-koreografusok-foruma","status":"publish","type":"page","link":"https:\/\/cedt.hu\/de\/ifju-koreografusok-foruma\/","title":{"rendered":"FORUM F\u00dcR JUNGE CHOREOGRAPHEN"},"content":{"rendered":"<div data-elementor-type=\"wp-page\" data-elementor-id=\"18147\" class=\"elementor elementor-18147\" data-elementor-post-type=\"page\">\n\t\t\t\t\t\t<section class=\"elementor-section elementor-top-section elementor-element elementor-element-5c264759 elementor-section-boxed elementor-section-height-default elementor-section-height-default\" data-id=\"5c264759\" data-element_type=\"section\" data-e-type=\"section\">\n\t\t\t\t\t\t<div class=\"elementor-container elementor-column-gap-default\">\n\t\t\t\t\t<div class=\"elementor-column elementor-col-100 elementor-top-column elementor-element elementor-element-52a414fb\" data-id=\"52a414fb\" data-element_type=\"column\" data-e-type=\"column\">\n\t\t\t<div class=\"elementor-widget-wrap elementor-element-populated\">\n\t\t\t\t\t\t<div class=\"elementor-element elementor-element-66f19225 elementor-widget elementor-widget-text-editor\" data-id=\"66f19225\" data-element_type=\"widget\" data-e-type=\"widget\" data-widget_type=\"text-editor.default\">\n\t\t\t\t<div class=\"elementor-widget-container\">\n\t\t\t\t\t\t\t\t\t<p>Das IKF (Forum Junger Choreographen) ist ein Talentf\u00f6rderungs- und Forschungsprogramm mit dem vorrangigen Ziel, die Chancen junger Choreographen zu verbessern und junge Choreographen zu st\u00e4rken. J\u00fcngste Erfahrungen haben gezeigt, dass K\u00fcnstler, die sich f\u00fcr ihr erstes St\u00fcck bewerben, noch weniger oder gar keine Unterst\u00fctzung erhalten als fr\u00fcher.<br \/>Das Mitteleurop\u00e4ische Tanztheater hat eine neue Strategie eingeschlagen, um die Arbeit mit den j\u00fcngsten K\u00fcnstlern fortzusetzen. Der offene Wettbewerb der IKF bietet jungen Choreographen die M\u00f6glichkeit zu kreieren. Die Gewinner haben die M\u00f6glichkeit, eine Woche lang mit den T\u00e4nzern des KET zu arbeiten, gefolgt von einer \u00f6ffentlichen Auff\u00fchrung und Vorf\u00fchrung in einem Theater am Ende der Woche.<\/p>\t\t\t\t\t\t\t\t<\/div>\n\t\t\t\t<\/div>\n\t\t\t\t\t<\/div>\n\t\t<\/div>\n\t\t\t\t\t<\/div>\n\t\t<\/section>\n\t\t\t\t<section class=\"elementor-section elementor-top-section elementor-element elementor-element-1fdfdfe9 elementor-section-content-middle elementor-section-boxed elementor-section-height-default elementor-section-height-default\" data-id=\"1fdfdfe9\" data-element_type=\"section\" data-e-type=\"section\">\n\t\t\t\t\t\t<div class=\"elementor-container elementor-column-gap-default\">\n\t\t\t\t\t<div class=\"elementor-column elementor-col-50 elementor-top-column elementor-element elementor-element-1db599ac\" data-id=\"1db599ac\" data-element_type=\"column\" data-e-type=\"column\">\n\t\t\t<div class=\"elementor-widget-wrap elementor-element-populated\">\n\t\t\t\t\t\t<div class=\"elementor-element elementor-element-a00292c elementor-widget elementor-widget-image\" data-id=\"a00292c\" data-element_type=\"widget\" data-e-type=\"widget\" data-widget_type=\"image.default\">\n\t\t\t\t<div class=\"elementor-widget-container\">\n\t\t\t\t\t\t\t\t\t\t\t\t\t\t\t<img fetchpriority=\"high\" decoding=\"async\" width=\"768\" height=\"432\" src=\"https:\/\/cedt.hu\/wp-content\/uploads\/2026\/04\/Orezd01-768x432.jpg\" class=\"attachment-medium_large size-medium_large wp-image-64325\" alt=\"\" srcset=\"https:\/\/cedt.hu\/wp-content\/uploads\/2026\/04\/Orezd01-768x432.jpg 768w, https:\/\/cedt.hu\/wp-content\/uploads\/2026\/04\/Orezd01-300x169.jpg 300w, https:\/\/cedt.hu\/wp-content\/uploads\/2026\/04\/Orezd01-1024x576.jpg 1024w, https:\/\/cedt.hu\/wp-content\/uploads\/2026\/04\/Orezd01-18x10.jpg 18w, https:\/\/cedt.hu\/wp-content\/uploads\/2026\/04\/Orezd01.jpg 1200w\" sizes=\"(max-width: 768px) 100vw, 768px\" \/>\t\t\t\t\t\t\t\t\t\t\t\t\t\t\t<\/div>\n\t\t\t\t<\/div>\n\t\t\t\t\t<\/div>\n\t\t<\/div>\n\t\t\t\t<div class=\"elementor-column elementor-col-50 elementor-top-column elementor-element elementor-element-729fe752\" data-id=\"729fe752\" data-element_type=\"column\" data-e-type=\"column\">\n\t\t\t<div class=\"elementor-widget-wrap elementor-element-populated\">\n\t\t\t\t\t\t<div class=\"elementor-element elementor-element-6e2304a8 elementor-widget elementor-widget-heading\" data-id=\"6e2304a8\" data-element_type=\"widget\" data-e-type=\"widget\" data-widget_type=\"heading.default\">\n\t\t\t\t<div class=\"elementor-widget-container\">\n\t\t\t\t\t<h2 class=\"elementor-heading-title elementor-size-default\">Choreo Sync \u2013 XXVII. Ifj\u00fa Koreogr\u00e1fusok F\u00f3ruma \u2013 DancEUA<\/h2>\t\t\t\t<\/div>\n\t\t\t\t<\/div>\n\t\t\t\t<div class=\"elementor-element elementor-element-7242b1d9 elementor-blockquote--skin-quotation elementor-widget elementor-widget-blockquote\" data-id=\"7242b1d9\" data-element_type=\"widget\" data-e-type=\"widget\" data-widget_type=\"blockquote.default\">\n\t\t\t\t<div class=\"elementor-widget-container\">\n\t\t\t\t\t\t\t<blockquote class=\"elementor-blockquote\">\n\t\t\t<p class=\"elementor-blockquote__content\">\n\t\t\t\tA Choreo Sync nemzetk\u00f6zi rezidenciaprogram t\u00edz fiatal koreogr\u00e1fusnak \u2013 Ukrajn\u00e1b\u00f3l, Sv\u00e9dorsz\u00e1gb\u00f3l, Horv\u00e1torsz\u00e1gb\u00f3l, Magyarorsz\u00e1gr\u00f3l \u00e9s Rom\u00e1ni\u00e1b\u00f3l \u2013 ad lehet\u0151s\u00e9get, hogy mentor t\u00e1mogat\u00e1s\u00e1val \u00e9s a K\u00f6z\u00e9p-Eur\u00f3pa T\u00e1ncsz\u00ednh\u00e1z t\u00e1ncm\u0171v\u00e9szeivel intenz\u00edven egy\u00fctt dolgozva hozzanak l\u00e9tre r\u00f6vid t\u00e1nckompoz\u00edci\u00f3kat.\t\t\t<\/p>\n\t\t\t\t\t<\/blockquote>\n\t\t\t\t\t\t<\/div>\n\t\t\t\t<\/div>\n\t\t\t\t<div class=\"elementor-element elementor-element-5706527c elementor-widget elementor-widget-button\" data-id=\"5706527c\" data-element_type=\"widget\" data-e-type=\"widget\" data-widget_type=\"button.default\">\n\t\t\t\t<div class=\"elementor-widget-container\">\n\t\t\t\t\t\t\t\t\t<div class=\"elementor-button-wrapper\">\n\t\t\t\t\t<a class=\"elementor-button elementor-button-link elementor-size-sm\" href=\"#\">\n\t\t\t\t\t\t<span class=\"elementor-button-content-wrapper\">\n\t\t\t\t\t\t\t\t\t<span class=\"elementor-button-text\">Klicken Sie hier<\/span>\n\t\t\t\t\t<\/span>\n\t\t\t\t\t<\/a>\n\t\t\t\t<\/div>\n\t\t\t\t\t\t\t\t<\/div>\n\t\t\t\t<\/div>\n\t\t\t\t\t<\/div>\n\t\t<\/div>\n\t\t\t\t\t<\/div>\n\t\t<\/section>\n\t\t\t\t<section class=\"elementor-section elementor-top-section elementor-element elementor-element-7ac3f20 elementor-section-content-middle elementor-section-boxed elementor-section-height-default elementor-section-height-default\" data-id=\"7ac3f20\" data-element_type=\"section\" data-e-type=\"section\">\n\t\t\t\t\t\t<div class=\"elementor-container elementor-column-gap-default\">\n\t\t\t\t\t<div class=\"elementor-column elementor-col-50 elementor-top-column elementor-element elementor-element-18abbaa\" data-id=\"18abbaa\" data-element_type=\"column\" data-e-type=\"column\">\n\t\t\t<div class=\"elementor-widget-wrap elementor-element-populated\">\n\t\t\t\t\t\t<div class=\"elementor-element elementor-element-9e648f3 elementor-widget elementor-widget-heading\" data-id=\"9e648f3\" data-element_type=\"widget\" data-e-type=\"widget\" data-widget_type=\"heading.default\">\n\t\t\t\t<div class=\"elementor-widget-container\">\n\t\t\t\t\t<h2 class=\"elementor-heading-title elementor-size-default\">\u00d6szt\u00f6nrezd\u00fcl\u00e9s \u2013 XXVI. Ifj\u00fa Koreogr\u00e1fusok F\u00f3ruma \u2013 GYEVN\u00c1R R\u00c9KA<\/h2>\t\t\t\t<\/div>\n\t\t\t\t<\/div>\n\t\t\t\t<div class=\"elementor-element elementor-element-faf410e elementor-blockquote--skin-quotation elementor-widget elementor-widget-blockquote\" data-id=\"faf410e\" data-element_type=\"widget\" data-e-type=\"widget\" data-widget_type=\"blockquote.default\">\n\t\t\t\t<div class=\"elementor-widget-container\">\n\t\t\t\t\t\t\t<blockquote class=\"elementor-blockquote\">\n\t\t\t<p class=\"elementor-blockquote__content\">\n\t\t\t\tAz \u00f6szt\u00f6nrezd\u00fcl\u00e9s egy olyan pillanatnyi esem\u00e9ny, amely eml\u00e9keztet minket az archaikus \u00f6szt\u00f6n\u00f6k meg\u00e9l\u00e9s\u00e9re \u00e9s motiv\u00e1l arra, hogy b\u00e1rmilyen k\u00f6r\u00fclm\u00e9nyek k\u00f6z\u00f6tt megtal\u00e1ljuk a megnyugv\u00e1st.\t\t\t<\/p>\n\t\t\t\t\t<\/blockquote>\n\t\t\t\t\t\t<\/div>\n\t\t\t\t<\/div>\n\t\t\t\t<div class=\"elementor-element elementor-element-be8d55b elementor-widget elementor-widget-button\" data-id=\"be8d55b\" data-element_type=\"widget\" data-e-type=\"widget\" data-widget_type=\"button.default\">\n\t\t\t\t<div class=\"elementor-widget-container\">\n\t\t\t\t\t\t\t\t\t<div class=\"elementor-button-wrapper\">\n\t\t\t\t\t<a class=\"elementor-button elementor-button-link elementor-size-sm\" href=\"#\">\n\t\t\t\t\t\t<span class=\"elementor-button-content-wrapper\">\n\t\t\t\t\t\t\t\t\t<span class=\"elementor-button-text\">Klicken Sie hier<\/span>\n\t\t\t\t\t<\/span>\n\t\t\t\t\t<\/a>\n\t\t\t\t<\/div>\n\t\t\t\t\t\t\t\t<\/div>\n\t\t\t\t<\/div>\n\t\t\t\t\t<\/div>\n\t\t<\/div>\n\t\t\t\t<div class=\"elementor-column elementor-col-50 elementor-top-column elementor-element elementor-element-3e52a3b\" data-id=\"3e52a3b\" data-element_type=\"column\" data-e-type=\"column\">\n\t\t\t<div class=\"elementor-widget-wrap elementor-element-populated\">\n\t\t\t\t\t\t<div class=\"elementor-element elementor-element-9a1c78a elementor-widget elementor-widget-image\" data-id=\"9a1c78a\" data-element_type=\"widget\" data-e-type=\"widget\" data-widget_type=\"image.default\">\n\t\t\t\t<div class=\"elementor-widget-container\">\n\t\t\t\t\t\t\t\t\t\t\t\t\t\t\t<img decoding=\"async\" width=\"768\" height=\"1024\" src=\"https:\/\/cedt.hu\/wp-content\/uploads\/2025\/03\/CEDT-KET-TANCMUVESZEK-2-GYEVNAR-REKA.webp\" class=\"attachment-large size-large wp-image-15813\" alt=\"\" srcset=\"https:\/\/cedt.hu\/wp-content\/uploads\/2025\/03\/CEDT-KET-TANCMUVESZEK-2-GYEVNAR-REKA.webp 768w, https:\/\/cedt.hu\/wp-content\/uploads\/2025\/03\/CEDT-KET-TANCMUVESZEK-2-GYEVNAR-REKA-225x300.webp 225w\" sizes=\"(max-width: 768px) 100vw, 768px\" \/>\t\t\t\t\t\t\t\t\t\t\t\t\t\t\t<\/div>\n\t\t\t\t<\/div>\n\t\t\t\t\t<\/div>\n\t\t<\/div>\n\t\t\t\t\t<\/div>\n\t\t<\/section>\n\t\t\t\t<section class=\"elementor-section elementor-top-section elementor-element elementor-element-a92619e elementor-section-content-middle elementor-section-boxed elementor-section-height-default elementor-section-height-default\" data-id=\"a92619e\" data-element_type=\"section\" data-e-type=\"section\">\n\t\t\t\t\t\t<div class=\"elementor-container elementor-column-gap-default\">\n\t\t\t\t\t<div class=\"elementor-column elementor-col-50 elementor-top-column elementor-element elementor-element-e7ff0cb\" data-id=\"e7ff0cb\" data-element_type=\"column\" data-e-type=\"column\">\n\t\t\t<div class=\"elementor-widget-wrap elementor-element-populated\">\n\t\t\t\t\t\t<div class=\"elementor-element elementor-element-1019ba8 elementor-widget elementor-widget-image\" data-id=\"1019ba8\" data-element_type=\"widget\" data-e-type=\"widget\" data-widget_type=\"image.default\">\n\t\t\t\t<div class=\"elementor-widget-container\">\n\t\t\t\t\t\t\t\t\t\t\t\t\t\t\t<img decoding=\"async\" width=\"768\" height=\"1024\" src=\"https:\/\/cedt.hu\/wp-content\/uploads\/2023\/10\/Horv\u00e1th-Attila-portr\u00e9-kredit-nem-kell-3-768x1024.jpg\" class=\"attachment-large size-large wp-image-11054\" alt=\"\" srcset=\"https:\/\/cedt.hu\/wp-content\/uploads\/2023\/10\/Horv\u00e1th-Attila-portr\u00e9-kredit-nem-kell-3-768x1024.jpg 768w, https:\/\/cedt.hu\/wp-content\/uploads\/2023\/10\/Horv\u00e1th-Attila-portr\u00e9-kredit-nem-kell-3-225x300.jpg 225w, https:\/\/cedt.hu\/wp-content\/uploads\/2023\/10\/Horv\u00e1th-Attila-portr\u00e9-kredit-nem-kell-3-300x400.jpg 300w, https:\/\/cedt.hu\/wp-content\/uploads\/2023\/10\/Horv\u00e1th-Attila-portr\u00e9-kredit-nem-kell-3-15x20.jpg 15w, https:\/\/cedt.hu\/wp-content\/uploads\/2023\/10\/Horv\u00e1th-Attila-portr\u00e9-kredit-nem-kell-3.jpg 820w\" sizes=\"(max-width: 768px) 100vw, 768px\" \/>\t\t\t\t\t\t\t\t\t\t\t\t\t\t\t<\/div>\n\t\t\t\t<\/div>\n\t\t\t\t\t<\/div>\n\t\t<\/div>\n\t\t\t\t<div class=\"elementor-column elementor-col-50 elementor-top-column elementor-element elementor-element-8d5b4c0\" data-id=\"8d5b4c0\" data-element_type=\"column\" data-e-type=\"column\">\n\t\t\t<div class=\"elementor-widget-wrap elementor-element-populated\">\n\t\t\t\t\t\t<div class=\"elementor-element elementor-element-c27a971 elementor-widget elementor-widget-heading\" data-id=\"c27a971\" data-element_type=\"widget\" data-e-type=\"widget\" data-widget_type=\"heading.default\">\n\t\t\t\t<div class=\"elementor-widget-container\">\n\t\t\t\t\t<h2 class=\"elementor-heading-title elementor-size-default\">S\u00fc\u00dfe (Un-)Harmonie - XXV Forum junger Choreographen - HORV\u00c1TH ACCA<\/h2>\t\t\t\t<\/div>\n\t\t\t\t<\/div>\n\t\t\t\t<div class=\"elementor-element elementor-element-356b815 elementor-blockquote--skin-quotation elementor-widget elementor-widget-blockquote\" data-id=\"356b815\" data-element_type=\"widget\" data-e-type=\"widget\" data-widget_type=\"blockquote.default\">\n\t\t\t\t<div class=\"elementor-widget-container\">\n\t\t\t\t\t\t\t<blockquote class=\"elementor-blockquote\">\n\t\t\t<p class=\"elementor-blockquote__content\">\n\t\t\t\tDie Ver\u00e4nderung tritt ein, wenn sich die Schwingungsebene eines K\u00f6rpers ver\u00e4ndert und nicht mehr in das bisherige System passt, wodurch die Symbiose gest\u00f6rt wird. S\u00fc\u00dfe (Un-)Harmonie - XXV Forum junger Choreographen - HORV\u00c1TH ACCA\t\t\t<\/p>\n\t\t\t\t\t<\/blockquote>\n\t\t\t\t\t\t<\/div>\n\t\t\t\t<\/div>\n\t\t\t\t<div class=\"elementor-element elementor-element-80075c5 elementor-widget elementor-widget-button\" data-id=\"80075c5\" data-element_type=\"widget\" data-e-type=\"widget\" data-widget_type=\"button.default\">\n\t\t\t\t<div class=\"elementor-widget-container\">\n\t\t\t\t\t\t\t\t\t<div class=\"elementor-button-wrapper\">\n\t\t\t\t\t<a class=\"elementor-button elementor-button-link elementor-size-sm\" href=\"https:\/\/cedt.hu\/de\/sweet-disharmony-xxv-ifju-koreografusok-foruma-horvath-acca\/\">\n\t\t\t\t\t\t<span class=\"elementor-button-content-wrapper\">\n\t\t\t\t\t\t\t\t\t<span class=\"elementor-button-text\">Klicken Sie hier<\/span>\n\t\t\t\t\t<\/span>\n\t\t\t\t\t<\/a>\n\t\t\t\t<\/div>\n\t\t\t\t\t\t\t\t<\/div>\n\t\t\t\t<\/div>\n\t\t\t\t\t<\/div>\n\t\t<\/div>\n\t\t\t\t\t<\/div>\n\t\t<\/section>\n\t\t\t\t<section class=\"elementor-section elementor-top-section elementor-element elementor-element-758a8300 elementor-section-content-middle elementor-reverse-tablet elementor-reverse-mobile elementor-section-boxed elementor-section-height-default elementor-section-height-default\" data-id=\"758a8300\" data-element_type=\"section\" data-e-type=\"section\">\n\t\t\t\t\t\t<div class=\"elementor-container elementor-column-gap-default\">\n\t\t\t\t\t<div class=\"elementor-column elementor-col-50 elementor-top-column elementor-element elementor-element-3493204d\" data-id=\"3493204d\" data-element_type=\"column\" data-e-type=\"column\">\n\t\t\t<div class=\"elementor-widget-wrap elementor-element-populated\">\n\t\t\t\t\t\t<div class=\"elementor-element elementor-element-1e5cc0a6 elementor-widget elementor-widget-heading\" data-id=\"1e5cc0a6\" data-element_type=\"widget\" data-e-type=\"widget\" data-widget_type=\"heading.default\">\n\t\t\t\t<div class=\"elementor-widget-container\">\n\t\t\t\t\t<h2 class=\"elementor-heading-title elementor-size-default\">XXIV. Forum junger Choreographen - KRISZTI\u00c1N BARNA \/ D\u00c1VID DAB\u00d3CZI<\/h2>\t\t\t\t<\/div>\n\t\t\t\t<\/div>\n\t\t\t\t<div class=\"elementor-element elementor-element-5ac48a4b elementor-blockquote--skin-quotation elementor-widget elementor-widget-blockquote\" data-id=\"5ac48a4b\" data-element_type=\"widget\" data-e-type=\"widget\" data-widget_type=\"blockquote.default\">\n\t\t\t\t<div class=\"elementor-widget-container\">\n\t\t\t\t\t\t\t<blockquote class=\"elementor-blockquote\">\n\t\t\t<p class=\"elementor-blockquote__content\">\n\t\t\t\tEine Vorf\u00fchrung von Kriszti\u00e1n Barna und D\u00e1vid Dab\u00f3czi, Tanzk\u00fcnstler des Central European Dance Theatre, die zum ersten Mal f\u00fcr ihre eigene Kompanie choreografieren. XXIV. Forum junger Choreographen - BARNA KRISZTI\u00c1N \/ DAB\u00d3CZI D\u00c1VID\n\t\t\t<\/p>\n\t\t\t\t\t<\/blockquote>\n\t\t\t\t\t\t<\/div>\n\t\t\t\t<\/div>\n\t\t\t\t<div class=\"elementor-element elementor-element-79df99c4 elementor-widget elementor-widget-button\" data-id=\"79df99c4\" data-element_type=\"widget\" data-e-type=\"widget\" data-widget_type=\"button.default\">\n\t\t\t\t<div class=\"elementor-widget-container\">\n\t\t\t\t\t\t\t\t\t<div class=\"elementor-button-wrapper\">\n\t\t\t\t\t<a class=\"elementor-button elementor-button-link elementor-size-sm\" href=\"https:\/\/cedt.hu\/de\/xxiv-ifju-koreografusok-foruma-barna-krisztian-daboczi-david\/\">\n\t\t\t\t\t\t<span class=\"elementor-button-content-wrapper\">\n\t\t\t\t\t\t\t\t\t<span class=\"elementor-button-text\">Klicken Sie hier<\/span>\n\t\t\t\t\t<\/span>\n\t\t\t\t\t<\/a>\n\t\t\t\t<\/div>\n\t\t\t\t\t\t\t\t<\/div>\n\t\t\t\t<\/div>\n\t\t\t\t\t<\/div>\n\t\t<\/div>\n\t\t\t\t<div class=\"elementor-column elementor-col-50 elementor-top-column elementor-element elementor-element-41c5e9e1\" data-id=\"41c5e9e1\" data-element_type=\"column\" data-e-type=\"column\">\n\t\t\t<div class=\"elementor-widget-wrap elementor-element-populated\">\n\t\t\t\t\t\t<div class=\"elementor-element elementor-element-5d6aa7a4 elementor-widget elementor-widget-image\" data-id=\"5d6aa7a4\" data-element_type=\"widget\" data-e-type=\"widget\" data-widget_type=\"image.default\">\n\t\t\t\t<div class=\"elementor-widget-container\">\n\t\t\t\t\t\t\t\t\t\t\t\t\t\t\t<img loading=\"lazy\" decoding=\"async\" width=\"800\" height=\"640\" src=\"https:\/\/cedt.hu\/wp-content\/uploads\/2024\/11\/default500x400image-1024x819.png\" class=\"attachment-large size-large wp-image-16159\" alt=\"\" srcset=\"https:\/\/cedt.hu\/wp-content\/uploads\/2024\/11\/default500x400image-1024x819.png 1024w, https:\/\/cedt.hu\/wp-content\/uploads\/2024\/11\/default500x400image-300x240.png 300w, https:\/\/cedt.hu\/wp-content\/uploads\/2024\/11\/default500x400image-768x615.png 768w, https:\/\/cedt.hu\/wp-content\/uploads\/2024\/11\/default500x400image-1536x1229.png 1536w, https:\/\/cedt.hu\/wp-content\/uploads\/2024\/11\/default500x400image-2048x1639.png 2048w\" sizes=\"(max-width: 800px) 100vw, 800px\" \/>\t\t\t\t\t\t\t\t\t\t\t\t\t\t\t<\/div>\n\t\t\t\t<\/div>\n\t\t\t\t\t<\/div>\n\t\t<\/div>\n\t\t\t\t\t<\/div>\n\t\t<\/section>\n\t\t\t\t<section class=\"elementor-section elementor-top-section elementor-element elementor-element-1e2fe9e elementor-section-content-middle elementor-section-boxed elementor-section-height-default elementor-section-height-default\" data-id=\"1e2fe9e\" data-element_type=\"section\" data-e-type=\"section\">\n\t\t\t\t\t\t<div class=\"elementor-container elementor-column-gap-default\">\n\t\t\t\t\t<div class=\"elementor-column elementor-col-50 elementor-top-column elementor-element elementor-element-5c652d16\" data-id=\"5c652d16\" data-element_type=\"column\" data-e-type=\"column\">\n\t\t\t<div class=\"elementor-widget-wrap elementor-element-populated\">\n\t\t\t\t\t\t<div class=\"elementor-element elementor-element-56971520 elementor-widget elementor-widget-image\" data-id=\"56971520\" data-element_type=\"widget\" data-e-type=\"widget\" data-widget_type=\"image.default\">\n\t\t\t\t<div class=\"elementor-widget-container\">\n\t\t\t\t\t\t\t\t\t\t\t\t\t\t\t<img loading=\"lazy\" decoding=\"async\" width=\"458\" height=\"675\" src=\"https:\/\/cedt.hu\/wp-content\/uploads\/2026\/02\/KET-Magda-Niedzielska-1-e1667994267543.jpg\" class=\"attachment-large size-large wp-image-62774\" alt=\"\" srcset=\"https:\/\/cedt.hu\/wp-content\/uploads\/2026\/02\/KET-Magda-Niedzielska-1-e1667994267543.jpg 458w, https:\/\/cedt.hu\/wp-content\/uploads\/2026\/02\/KET-Magda-Niedzielska-1-e1667994267543-204x300.jpg 204w, https:\/\/cedt.hu\/wp-content\/uploads\/2026\/02\/KET-Magda-Niedzielska-1-e1667994267543-8x12.jpg 8w\" sizes=\"(max-width: 458px) 100vw, 458px\" \/>\t\t\t\t\t\t\t\t\t\t\t\t\t\t\t<\/div>\n\t\t\t\t<\/div>\n\t\t\t\t\t<\/div>\n\t\t<\/div>\n\t\t\t\t<div class=\"elementor-column elementor-col-50 elementor-top-column elementor-element elementor-element-3864a2df\" data-id=\"3864a2df\" data-element_type=\"column\" data-e-type=\"column\">\n\t\t\t<div class=\"elementor-widget-wrap elementor-element-populated\">\n\t\t\t\t\t\t<div class=\"elementor-element elementor-element-264ca2e2 elementor-widget elementor-widget-heading\" data-id=\"264ca2e2\" data-element_type=\"widget\" data-e-type=\"widget\" data-widget_type=\"heading.default\">\n\t\t\t\t<div class=\"elementor-widget-container\">\n\t\t\t\t\t<h2 class=\"elementor-heading-title elementor-size-default\">Lichtraum (IKF+)<\/h2>\t\t\t\t<\/div>\n\t\t\t\t<\/div>\n\t\t\t\t<div class=\"elementor-element elementor-element-5ec5033e elementor-blockquote--skin-quotation elementor-widget elementor-widget-blockquote\" data-id=\"5ec5033e\" data-element_type=\"widget\" data-e-type=\"widget\" data-widget_type=\"blockquote.default\">\n\t\t\t\t<div class=\"elementor-widget-container\">\n\t\t\t\t\t\t\t<blockquote class=\"elementor-blockquote\">\n\t\t\t<p class=\"elementor-blockquote__content\">\n\t\t\t\tDie moderne Wissenschaft best\u00e4tigt, dass unser K\u00f6rper nicht nur Licht absorbiert, sondern es auch in Mengen produziert, die das menschliche Auge nicht wahrnehmen kann - wir leuchten buchst\u00e4blich. Lichtraum (IKF+)\t\t\t<\/p>\n\t\t\t\t\t<\/blockquote>\n\t\t\t\t\t\t<\/div>\n\t\t\t\t<\/div>\n\t\t\t\t<div class=\"elementor-element elementor-element-2330b063 elementor-widget elementor-widget-button\" data-id=\"2330b063\" data-element_type=\"widget\" data-e-type=\"widget\" data-widget_type=\"button.default\">\n\t\t\t\t<div class=\"elementor-widget-container\">\n\t\t\t\t\t\t\t\t\t<div class=\"elementor-button-wrapper\">\n\t\t\t\t\t<a class=\"elementor-button elementor-button-link elementor-size-sm\" href=\"https:\/\/cedt.hu\/de\/light-room-ikf\/\">\n\t\t\t\t\t\t<span class=\"elementor-button-content-wrapper\">\n\t\t\t\t\t\t\t\t\t<span class=\"elementor-button-text\">Klicken Sie hier<\/span>\n\t\t\t\t\t<\/span>\n\t\t\t\t\t<\/a>\n\t\t\t\t<\/div>\n\t\t\t\t\t\t\t\t<\/div>\n\t\t\t\t<\/div>\n\t\t\t\t\t<\/div>\n\t\t<\/div>\n\t\t\t\t\t<\/div>\n\t\t<\/section>\n\t\t\t\t<section class=\"elementor-section elementor-top-section elementor-element elementor-element-5cabefd3 elementor-section-content-middle elementor-reverse-tablet elementor-reverse-mobile elementor-section-boxed elementor-section-height-default elementor-section-height-default\" data-id=\"5cabefd3\" data-element_type=\"section\" data-e-type=\"section\">\n\t\t\t\t\t\t<div class=\"elementor-container elementor-column-gap-default\">\n\t\t\t\t\t<div class=\"elementor-column elementor-col-50 elementor-top-column elementor-element elementor-element-150ad768\" data-id=\"150ad768\" data-element_type=\"column\" data-e-type=\"column\">\n\t\t\t<div class=\"elementor-widget-wrap elementor-element-populated\">\n\t\t\t\t\t\t<div class=\"elementor-element elementor-element-1b32811c elementor-widget elementor-widget-heading\" data-id=\"1b32811c\" data-element_type=\"widget\" data-e-type=\"widget\" data-widget_type=\"heading.default\">\n\t\t\t\t<div class=\"elementor-widget-container\">\n\t\t\t\t\t<h2 class=\"elementor-heading-title elementor-size-default\">XXII. IKF-Talentprogramm - Magda Skowron<\/h2>\t\t\t\t<\/div>\n\t\t\t\t<\/div>\n\t\t\t\t<div class=\"elementor-element elementor-element-3fa4272a elementor-blockquote--skin-quotation elementor-widget elementor-widget-blockquote\" data-id=\"3fa4272a\" data-element_type=\"widget\" data-e-type=\"widget\" data-widget_type=\"blockquote.default\">\n\t\t\t\t<div class=\"elementor-widget-container\">\n\t\t\t\t\t\t\t<blockquote class=\"elementor-blockquote\">\n\t\t\t<p class=\"elementor-blockquote__content\">\n\t\t\t\tKET hat beschlossen, die Zusammenarbeit mit den polnischen IKF-Gewinnern des letzten Jahres anl\u00e4sslich des 30-j\u00e4hrigen Jubil\u00e4ums des V4 fortzusetzen und die jungen Choreographen einzuladen, die Kreationen des letzten Jahres zu einer abendf\u00fcllenden Auff\u00fchrung zu erweitern. XXII. IKF-Talentprogramm - Magda Skowron\t\t\t<\/p>\n\t\t\t\t\t<\/blockquote>\n\t\t\t\t\t\t<\/div>\n\t\t\t\t<\/div>\n\t\t\t\t<div class=\"elementor-element elementor-element-40eede52 elementor-widget elementor-widget-button\" data-id=\"40eede52\" data-element_type=\"widget\" data-e-type=\"widget\" data-widget_type=\"button.default\">\n\t\t\t\t<div class=\"elementor-widget-container\">\n\t\t\t\t\t\t\t\t\t<div class=\"elementor-button-wrapper\">\n\t\t\t\t\t<a class=\"elementor-button elementor-button-link elementor-size-sm\" href=\"https:\/\/cedt.hu\/de\/xxii-ikf-tehetsegprogram-magda-skowron\/\">\n\t\t\t\t\t\t<span class=\"elementor-button-content-wrapper\">\n\t\t\t\t\t\t\t\t\t<span class=\"elementor-button-text\">Klicken Sie hier<\/span>\n\t\t\t\t\t<\/span>\n\t\t\t\t\t<\/a>\n\t\t\t\t<\/div>\n\t\t\t\t\t\t\t\t<\/div>\n\t\t\t\t<\/div>\n\t\t\t\t\t<\/div>\n\t\t<\/div>\n\t\t\t\t<div class=\"elementor-column elementor-col-50 elementor-top-column elementor-element elementor-element-a7e3a53\" data-id=\"a7e3a53\" data-element_type=\"column\" data-e-type=\"column\">\n\t\t\t<div class=\"elementor-widget-wrap elementor-element-populated\">\n\t\t\t\t\t\t<div class=\"elementor-element elementor-element-337f2187 elementor-widget elementor-widget-image\" data-id=\"337f2187\" data-element_type=\"widget\" data-e-type=\"widget\" data-widget_type=\"image.default\">\n\t\t\t\t<div class=\"elementor-widget-container\">\n\t\t\t\t\t\t\t\t\t\t\t\t\t\t\t<img loading=\"lazy\" decoding=\"async\" width=\"800\" height=\"532\" src=\"https:\/\/cedt.hu\/wp-content\/uploads\/2021\/11\/20IKF040-1024x681.jpg\" class=\"attachment-large size-large wp-image-8073\" alt=\"\" srcset=\"https:\/\/cedt.hu\/wp-content\/uploads\/2021\/11\/20IKF040-1024x681.jpg 1024w, https:\/\/cedt.hu\/wp-content\/uploads\/2021\/11\/20IKF040-300x199.jpg 300w, https:\/\/cedt.hu\/wp-content\/uploads\/2021\/11\/20IKF040-768x510.jpg 768w, https:\/\/cedt.hu\/wp-content\/uploads\/2021\/11\/20IKF040-400x266.jpg 400w, https:\/\/cedt.hu\/wp-content\/uploads\/2021\/11\/20IKF040-20x13.jpg 20w, https:\/\/cedt.hu\/wp-content\/uploads\/2021\/11\/20IKF040.jpg 1500w\" sizes=\"(max-width: 800px) 100vw, 800px\" \/>\t\t\t\t\t\t\t\t\t\t\t\t\t\t\t<\/div>\n\t\t\t\t<\/div>\n\t\t\t\t\t<\/div>\n\t\t<\/div>\n\t\t\t\t\t<\/div>\n\t\t<\/section>\n\t\t\t\t<section class=\"elementor-section elementor-top-section elementor-element elementor-element-5bdaba36 elementor-section-content-middle elementor-section-boxed elementor-section-height-default elementor-section-height-default\" data-id=\"5bdaba36\" data-element_type=\"section\" data-e-type=\"section\">\n\t\t\t\t\t\t<div class=\"elementor-container elementor-column-gap-default\">\n\t\t\t\t\t<div class=\"elementor-column elementor-col-50 elementor-top-column elementor-element elementor-element-14fa3749\" data-id=\"14fa3749\" data-element_type=\"column\" data-e-type=\"column\">\n\t\t\t<div class=\"elementor-widget-wrap elementor-element-populated\">\n\t\t\t\t\t\t<div class=\"elementor-element elementor-element-46ce19ca elementor-widget elementor-widget-image\" data-id=\"46ce19ca\" data-element_type=\"widget\" data-e-type=\"widget\" data-widget_type=\"image.default\">\n\t\t\t\t<div class=\"elementor-widget-container\">\n\t\t\t\t\t\t\t\t\t\t\t\t\t\t\t<img loading=\"lazy\" decoding=\"async\" width=\"800\" height=\"960\" src=\"https:\/\/cedt.hu\/wp-content\/uploads\/2021\/05\/G\u00f3bi-Rita-portr\u00e9-Piti-Marcell_ff-853x1024.jpg\" class=\"attachment-large size-large wp-image-7716\" alt=\"\" srcset=\"https:\/\/cedt.hu\/wp-content\/uploads\/2021\/05\/G\u00f3bi-Rita-portr\u00e9-Piti-Marcell_ff-853x1024.jpg 853w, https:\/\/cedt.hu\/wp-content\/uploads\/2021\/05\/G\u00f3bi-Rita-portr\u00e9-Piti-Marcell_ff-250x300.jpg 250w, https:\/\/cedt.hu\/wp-content\/uploads\/2021\/05\/G\u00f3bi-Rita-portr\u00e9-Piti-Marcell_ff-768x922.jpg 768w, https:\/\/cedt.hu\/wp-content\/uploads\/2021\/05\/G\u00f3bi-Rita-portr\u00e9-Piti-Marcell_ff-1280x1536.jpg 1280w, https:\/\/cedt.hu\/wp-content\/uploads\/2021\/05\/G\u00f3bi-Rita-portr\u00e9-Piti-Marcell_ff-333x400.jpg 333w, https:\/\/cedt.hu\/wp-content\/uploads\/2021\/05\/G\u00f3bi-Rita-portr\u00e9-Piti-Marcell_ff-17x20.jpg 17w, https:\/\/cedt.hu\/wp-content\/uploads\/2021\/05\/G\u00f3bi-Rita-portr\u00e9-Piti-Marcell_ff.jpg 1706w\" sizes=\"(max-width: 800px) 100vw, 800px\" \/>\t\t\t\t\t\t\t\t\t\t\t\t\t\t\t<\/div>\n\t\t\t\t<\/div>\n\t\t\t\t\t<\/div>\n\t\t<\/div>\n\t\t\t\t<div class=\"elementor-column elementor-col-50 elementor-top-column elementor-element elementor-element-12845117\" data-id=\"12845117\" data-element_type=\"column\" data-e-type=\"column\">\n\t\t\t<div class=\"elementor-widget-wrap elementor-element-populated\">\n\t\t\t\t\t\t<div class=\"elementor-element elementor-element-198a3353 elementor-widget elementor-widget-heading\" data-id=\"198a3353\" data-element_type=\"widget\" data-e-type=\"widget\" data-widget_type=\"heading.default\">\n\t\t\t\t<div class=\"elementor-widget-container\">\n\t\t\t\t\t<h2 class=\"elementor-heading-title elementor-size-default\">XXI. IKF+ TALENTPROGRAMM - G\u00d3BI RITA<\/h2>\t\t\t\t<\/div>\n\t\t\t\t<\/div>\n\t\t\t\t<div class=\"elementor-element elementor-element-575ae732 elementor-blockquote--skin-quotation elementor-widget elementor-widget-blockquote\" data-id=\"575ae732\" data-element_type=\"widget\" data-e-type=\"widget\" data-widget_type=\"blockquote.default\">\n\t\t\t\t<div class=\"elementor-widget-container\">\n\t\t\t\t\t\t\t<blockquote class=\"elementor-blockquote\">\n\t\t\t<p class=\"elementor-blockquote__content\">\n\t\t\t\tWarum l\u00e4sst eine Gemeinschaft einige herein und schlie\u00dft andere aus? Wollen wir aus Egoismus oder aus Altruismus in einer Gemeinschaft leben? Wie weit haben wir uns von der alten Rudelmentalit\u00e4t entfernt? XXI. IKF+ TALENTPROGRAMM - RITA G\u00d3BI\t\t\t<\/p>\n\t\t\t\t\t<\/blockquote>\n\t\t\t\t\t\t<\/div>\n\t\t\t\t<\/div>\n\t\t\t\t<div class=\"elementor-element elementor-element-2bf814ef elementor-widget elementor-widget-button\" data-id=\"2bf814ef\" data-element_type=\"widget\" data-e-type=\"widget\" data-widget_type=\"button.default\">\n\t\t\t\t<div class=\"elementor-widget-container\">\n\t\t\t\t\t\t\t\t\t<div class=\"elementor-button-wrapper\">\n\t\t\t\t\t<a class=\"elementor-button elementor-button-link elementor-size-sm\" href=\"https:\/\/cedt.hu\/de\/xxi-ikf-tehetsegprogram-gobi-rita\/\">\n\t\t\t\t\t\t<span class=\"elementor-button-content-wrapper\">\n\t\t\t\t\t\t\t\t\t<span class=\"elementor-button-text\">Klicken Sie hier<\/span>\n\t\t\t\t\t<\/span>\n\t\t\t\t\t<\/a>\n\t\t\t\t<\/div>\n\t\t\t\t\t\t\t\t<\/div>\n\t\t\t\t<\/div>\n\t\t\t\t\t<\/div>\n\t\t<\/div>\n\t\t\t\t\t<\/div>\n\t\t<\/section>\n\t\t\t\t<section class=\"elementor-section elementor-top-section elementor-element elementor-element-47269a0c elementor-section-content-middle elementor-reverse-tablet elementor-reverse-mobile elementor-section-boxed elementor-section-height-default elementor-section-height-default\" data-id=\"47269a0c\" data-element_type=\"section\" data-e-type=\"section\">\n\t\t\t\t\t\t<div class=\"elementor-container elementor-column-gap-default\">\n\t\t\t\t\t<div class=\"elementor-column elementor-col-50 elementor-top-column elementor-element elementor-element-6df2165f\" data-id=\"6df2165f\" data-element_type=\"column\" data-e-type=\"column\">\n\t\t\t<div class=\"elementor-widget-wrap elementor-element-populated\">\n\t\t\t\t\t\t<div class=\"elementor-element elementor-element-22882214 elementor-widget elementor-widget-heading\" data-id=\"22882214\" data-element_type=\"widget\" data-e-type=\"widget\" data-widget_type=\"heading.default\">\n\t\t\t\t<div class=\"elementor-widget-container\">\n\t\t\t\t\t<h2 class=\"elementor-heading-title elementor-size-default\">XX IKF+ Talent Programm - Csilla Nagy<\/h2>\t\t\t\t<\/div>\n\t\t\t\t<\/div>\n\t\t\t\t<div class=\"elementor-element elementor-element-2a96fb53 elementor-blockquote--skin-quotation elementor-widget elementor-widget-blockquote\" data-id=\"2a96fb53\" data-element_type=\"widget\" data-e-type=\"widget\" data-widget_type=\"blockquote.default\">\n\t\t\t\t<div class=\"elementor-widget-container\">\n\t\t\t\t\t\t\t<blockquote class=\"elementor-blockquote\">\n\t\t\t<p class=\"elementor-blockquote__content\">\n\t\t\t\tGibt es einen gemeinsamen Fluss, in dem Entscheidungen klar, lebendig und ehrlich sind und den Bed\u00fcrfnissen des Einzelnen und der Gemeinschaft dienen? XX IKF+ Talentprogramm - Csilla Nagy\t\t\t<\/p>\n\t\t\t\t\t<\/blockquote>\n\t\t\t\t\t\t<\/div>\n\t\t\t\t<\/div>\n\t\t\t\t<div class=\"elementor-element elementor-element-42acb10d elementor-widget elementor-widget-button\" data-id=\"42acb10d\" data-element_type=\"widget\" data-e-type=\"widget\" data-widget_type=\"button.default\">\n\t\t\t\t<div class=\"elementor-widget-container\">\n\t\t\t\t\t\t\t\t\t<div class=\"elementor-button-wrapper\">\n\t\t\t\t\t<a class=\"elementor-button elementor-button-link elementor-size-sm\" href=\"https:\/\/cedt.hu\/de\/xx-ikf-tehetsegprogram-nagy-csilla\/\">\n\t\t\t\t\t\t<span class=\"elementor-button-content-wrapper\">\n\t\t\t\t\t\t\t\t\t<span class=\"elementor-button-text\">Klicken Sie hier<\/span>\n\t\t\t\t\t<\/span>\n\t\t\t\t\t<\/a>\n\t\t\t\t<\/div>\n\t\t\t\t\t\t\t\t<\/div>\n\t\t\t\t<\/div>\n\t\t\t\t\t<\/div>\n\t\t<\/div>\n\t\t\t\t<div class=\"elementor-column elementor-col-50 elementor-top-column elementor-element elementor-element-2d6c1b0e\" data-id=\"2d6c1b0e\" data-element_type=\"column\" data-e-type=\"column\">\n\t\t\t<div class=\"elementor-widget-wrap elementor-element-populated\">\n\t\t\t\t\t\t<div class=\"elementor-element elementor-element-57eaee34 elementor-widget elementor-widget-image\" data-id=\"57eaee34\" data-element_type=\"widget\" data-e-type=\"widget\" data-widget_type=\"image.default\">\n\t\t\t\t<div class=\"elementor-widget-container\">\n\t\t\t\t\t\t\t\t\t\t\t\t\t\t\t<img loading=\"lazy\" decoding=\"async\" width=\"800\" height=\"800\" src=\"https:\/\/cedt.hu\/wp-content\/uploads\/2021\/01\/t\u00f3th-m\u00e1ty\u00e1s-NCSff-1024x1024.jpg\" class=\"attachment-large size-large wp-image-7416\" alt=\"\" srcset=\"https:\/\/cedt.hu\/wp-content\/uploads\/2021\/01\/t\u00f3th-m\u00e1ty\u00e1s-NCSff-1024x1024.jpg 1024w, https:\/\/cedt.hu\/wp-content\/uploads\/2021\/01\/t\u00f3th-m\u00e1ty\u00e1s-NCSff-300x300.jpg 300w, https:\/\/cedt.hu\/wp-content\/uploads\/2021\/01\/t\u00f3th-m\u00e1ty\u00e1s-NCSff-150x150.jpg 150w, https:\/\/cedt.hu\/wp-content\/uploads\/2021\/01\/t\u00f3th-m\u00e1ty\u00e1s-NCSff-768x768.jpg 768w, https:\/\/cedt.hu\/wp-content\/uploads\/2021\/01\/t\u00f3th-m\u00e1ty\u00e1s-NCSff-400x400.jpg 400w, https:\/\/cedt.hu\/wp-content\/uploads\/2021\/01\/t\u00f3th-m\u00e1ty\u00e1s-NCSff-20x20.jpg 20w, https:\/\/cedt.hu\/wp-content\/uploads\/2021\/01\/t\u00f3th-m\u00e1ty\u00e1s-NCSff.jpg 1414w\" sizes=\"(max-width: 800px) 100vw, 800px\" \/>\t\t\t\t\t\t\t\t\t\t\t\t\t\t\t<\/div>\n\t\t\t\t<\/div>\n\t\t\t\t\t<\/div>\n\t\t<\/div>\n\t\t\t\t\t<\/div>\n\t\t<\/section>\n\t\t\t\t<section class=\"elementor-section elementor-top-section elementor-element elementor-element-a110502 elementor-section-content-middle elementor-section-boxed elementor-section-height-default elementor-section-height-default\" data-id=\"a110502\" data-element_type=\"section\" data-e-type=\"section\">\n\t\t\t\t\t\t<div class=\"elementor-container elementor-column-gap-default\">\n\t\t\t\t\t<div class=\"elementor-column elementor-col-50 elementor-top-column elementor-element elementor-element-7fd428a7\" data-id=\"7fd428a7\" data-element_type=\"column\" data-e-type=\"column\">\n\t\t\t<div class=\"elementor-widget-wrap elementor-element-populated\">\n\t\t\t\t\t\t<div class=\"elementor-element elementor-element-3b32bef elementor-widget elementor-widget-image\" data-id=\"3b32bef\" data-element_type=\"widget\" data-e-type=\"widget\" data-widget_type=\"image.default\">\n\t\t\t\t<div class=\"elementor-widget-container\">\n\t\t\t\t\t\t\t\t\t\t\t\t\t\t\t<img loading=\"lazy\" decoding=\"async\" width=\"800\" height=\"395\" src=\"https:\/\/cedt.hu\/wp-content\/uploads\/2021\/01\/YCP-TLOFE-1024x506.jpg\" class=\"attachment-large size-large wp-image-7385\" alt=\"\" srcset=\"https:\/\/cedt.hu\/wp-content\/uploads\/2021\/01\/YCP-TLOFE-1024x506.jpg 1024w, https:\/\/cedt.hu\/wp-content\/uploads\/2021\/01\/YCP-TLOFE-300x148.jpg 300w, https:\/\/cedt.hu\/wp-content\/uploads\/2021\/01\/YCP-TLOFE-768x380.jpg 768w, https:\/\/cedt.hu\/wp-content\/uploads\/2021\/01\/YCP-TLOFE-1536x759.jpg 1536w, https:\/\/cedt.hu\/wp-content\/uploads\/2021\/01\/YCP-TLOFE-2048x1012.jpg 2048w, https:\/\/cedt.hu\/wp-content\/uploads\/2021\/01\/YCP-TLOFE-400x198.jpg 400w, https:\/\/cedt.hu\/wp-content\/uploads\/2021\/01\/YCP-TLOFE-20x10.jpg 20w\" sizes=\"(max-width: 800px) 100vw, 800px\" \/>\t\t\t\t\t\t\t\t\t\t\t\t\t\t\t<\/div>\n\t\t\t\t<\/div>\n\t\t\t\t\t<\/div>\n\t\t<\/div>\n\t\t\t\t<div class=\"elementor-column elementor-col-50 elementor-top-column elementor-element elementor-element-3e607007\" data-id=\"3e607007\" data-element_type=\"column\" data-e-type=\"column\">\n\t\t\t<div class=\"elementor-widget-wrap elementor-element-populated\">\n\t\t\t\t\t\t<div class=\"elementor-element elementor-element-5bef02cd elementor-widget elementor-widget-heading\" data-id=\"5bef02cd\" data-element_type=\"widget\" data-e-type=\"widget\" data-widget_type=\"heading.default\">\n\t\t\t\t<div class=\"elementor-widget-container\">\n\t\t\t\t\t<h2 class=\"elementor-heading-title elementor-size-default\">XIX IKF VERANSTALTUNGSPROGRAMM - Magda Skowron<\/h2>\t\t\t\t<\/div>\n\t\t\t\t<\/div>\n\t\t\t\t<div class=\"elementor-element elementor-element-40aae946 elementor-blockquote--skin-quotation elementor-widget elementor-widget-blockquote\" data-id=\"40aae946\" data-element_type=\"widget\" data-e-type=\"widget\" data-widget_type=\"blockquote.default\">\n\t\t\t\t<div class=\"elementor-widget-container\">\n\t\t\t\t\t\t\t<blockquote class=\"elementor-blockquote\">\n\t\t\t<p class=\"elementor-blockquote__content\">\n\t\t\t\t\u201eDer Atem ist nicht nur bewegte Luft, sondern ein Blitz, eine Entdeckung, ein Mittel der Offenbarung. Logos, Sprache, Kausalit\u00e4t.\" XIX ICF VERANSTALTUNGSPROGRAMM - Magda Skowron\t\t\t<\/p>\n\t\t\t\t\t<\/blockquote>\n\t\t\t\t\t\t<\/div>\n\t\t\t\t<\/div>\n\t\t\t\t<div class=\"elementor-element elementor-element-2694ac60 elementor-widget elementor-widget-button\" data-id=\"2694ac60\" data-element_type=\"widget\" data-e-type=\"widget\" data-widget_type=\"button.default\">\n\t\t\t\t<div class=\"elementor-widget-container\">\n\t\t\t\t\t\t\t\t\t<div class=\"elementor-button-wrapper\">\n\t\t\t\t\t<a class=\"elementor-button elementor-button-link elementor-size-sm\" href=\"https:\/\/cedt.hu\/de\/xix-ikf-tehetsegprogram-magda-skowron\/\">\n\t\t\t\t\t\t<span class=\"elementor-button-content-wrapper\">\n\t\t\t\t\t\t\t\t\t<span class=\"elementor-button-text\">Klicken Sie hier<\/span>\n\t\t\t\t\t<\/span>\n\t\t\t\t\t<\/a>\n\t\t\t\t<\/div>\n\t\t\t\t\t\t\t\t<\/div>\n\t\t\t\t<\/div>\n\t\t\t\t\t<\/div>\n\t\t<\/div>\n\t\t\t\t\t<\/div>\n\t\t<\/section>\n\t\t\t\t<section class=\"elementor-section elementor-top-section elementor-element elementor-element-746dcad6 elementor-section-content-middle elementor-reverse-tablet elementor-reverse-mobile elementor-section-boxed elementor-section-height-default elementor-section-height-default\" data-id=\"746dcad6\" data-element_type=\"section\" data-e-type=\"section\">\n\t\t\t\t\t\t<div class=\"elementor-container elementor-column-gap-default\">\n\t\t\t\t\t<div class=\"elementor-column elementor-col-50 elementor-top-column elementor-element elementor-element-71621294\" data-id=\"71621294\" data-element_type=\"column\" data-e-type=\"column\">\n\t\t\t<div class=\"elementor-widget-wrap elementor-element-populated\">\n\t\t\t\t\t\t<div class=\"elementor-element elementor-element-2a33db6f elementor-widget elementor-widget-heading\" data-id=\"2a33db6f\" data-element_type=\"widget\" data-e-type=\"widget\" data-widget_type=\"heading.default\">\n\t\t\t\t<div class=\"elementor-widget-container\">\n\t\t\t\t\t<h2 class=\"elementor-heading-title elementor-size-default\">XVIII IKF EVENTS PROGRAMME - Anna Miku\u0142a und Pawe\u0142 Urbanowicz<\/h2>\t\t\t\t<\/div>\n\t\t\t\t<\/div>\n\t\t\t\t<div class=\"elementor-element elementor-element-634a1679 elementor-blockquote--skin-quotation elementor-widget elementor-widget-blockquote\" data-id=\"634a1679\" data-element_type=\"widget\" data-e-type=\"widget\" data-widget_type=\"blockquote.default\">\n\t\t\t\t<div class=\"elementor-widget-container\">\n\t\t\t\t\t\t\t<blockquote class=\"elementor-blockquote\">\n\t\t\t<p class=\"elementor-blockquote__content\">\n\t\t\t\t\"Die Anwesenheit des Polarlichts er\u00f6ffnet ein neues Spektrum der Realit\u00e4t, das unantastbar und unermesslich ist, ein Geheimnis.\" XVIII. IKF-EVENTS-PROGRAMM - Anna Miku\u0142a und Pawe\u0142 Urbanowicz\n\t\t\t<\/p>\n\t\t\t\t\t<\/blockquote>\n\t\t\t\t\t\t<\/div>\n\t\t\t\t<\/div>\n\t\t\t\t<div class=\"elementor-element elementor-element-7b8026e1 elementor-widget elementor-widget-button\" data-id=\"7b8026e1\" data-element_type=\"widget\" data-e-type=\"widget\" data-widget_type=\"button.default\">\n\t\t\t\t<div class=\"elementor-widget-container\">\n\t\t\t\t\t\t\t\t\t<div class=\"elementor-button-wrapper\">\n\t\t\t\t\t<a class=\"elementor-button elementor-button-link elementor-size-sm\" href=\"https:\/\/cedt.hu\/de\/xviii-ikf-tehetsegprogram-anna-mikula-es-pawel-urbanowicz\/\">\n\t\t\t\t\t\t<span class=\"elementor-button-content-wrapper\">\n\t\t\t\t\t\t\t\t\t<span class=\"elementor-button-text\">Klicken Sie hier<\/span>\n\t\t\t\t\t<\/span>\n\t\t\t\t\t<\/a>\n\t\t\t\t<\/div>\n\t\t\t\t\t\t\t\t<\/div>\n\t\t\t\t<\/div>\n\t\t\t\t\t<\/div>\n\t\t<\/div>\n\t\t\t\t<div class=\"elementor-column elementor-col-50 elementor-top-column elementor-element elementor-element-1b8e1bcf\" data-id=\"1b8e1bcf\" data-element_type=\"column\" data-e-type=\"column\">\n\t\t\t<div class=\"elementor-widget-wrap elementor-element-populated\">\n\t\t\t\t\t\t<div class=\"elementor-element elementor-element-62dd263f elementor-widget elementor-widget-image\" data-id=\"62dd263f\" data-element_type=\"widget\" data-e-type=\"widget\" data-widget_type=\"image.default\">\n\t\t\t\t<div class=\"elementor-widget-container\">\n\t\t\t\t\t\t\t\t\t\t\t\t\t\t\t<img loading=\"lazy\" decoding=\"async\" width=\"800\" height=\"395\" src=\"https:\/\/cedt.hu\/wp-content\/uploads\/2021\/01\/YCP-AB-1024x506.jpg\" class=\"attachment-large size-large wp-image-7388\" alt=\"\" srcset=\"https:\/\/cedt.hu\/wp-content\/uploads\/2021\/01\/YCP-AB-1024x506.jpg 1024w, https:\/\/cedt.hu\/wp-content\/uploads\/2021\/01\/YCP-AB-300x148.jpg 300w, https:\/\/cedt.hu\/wp-content\/uploads\/2021\/01\/YCP-AB-768x380.jpg 768w, https:\/\/cedt.hu\/wp-content\/uploads\/2021\/01\/YCP-AB-1536x759.jpg 1536w, https:\/\/cedt.hu\/wp-content\/uploads\/2021\/01\/YCP-AB-2048x1012.jpg 2048w, https:\/\/cedt.hu\/wp-content\/uploads\/2021\/01\/YCP-AB-400x198.jpg 400w, https:\/\/cedt.hu\/wp-content\/uploads\/2021\/01\/YCP-AB-20x10.jpg 20w\" sizes=\"(max-width: 800px) 100vw, 800px\" \/>\t\t\t\t\t\t\t\t\t\t\t\t\t\t\t<\/div>\n\t\t\t\t<\/div>\n\t\t\t\t\t<\/div>\n\t\t<\/div>\n\t\t\t\t\t<\/div>\n\t\t<\/section>\n\t\t\t\t<section class=\"elementor-section elementor-top-section elementor-element elementor-element-2b1a1101 elementor-section-content-middle elementor-section-boxed elementor-section-height-default elementor-section-height-default\" data-id=\"2b1a1101\" data-element_type=\"section\" data-e-type=\"section\">\n\t\t\t\t\t\t<div class=\"elementor-container elementor-column-gap-default\">\n\t\t\t\t\t<div class=\"elementor-column elementor-col-50 elementor-top-column elementor-element elementor-element-5f672d6a\" data-id=\"5f672d6a\" data-element_type=\"column\" data-e-type=\"column\">\n\t\t\t<div class=\"elementor-widget-wrap elementor-element-populated\">\n\t\t\t\t\t\t<div class=\"elementor-element elementor-element-30763c06 elementor-widget elementor-widget-image\" data-id=\"30763c06\" data-element_type=\"widget\" data-e-type=\"widget\" data-widget_type=\"image.default\">\n\t\t\t\t<div class=\"elementor-widget-container\">\n\t\t\t\t\t\t\t\t\t\t\t\t\t\t\t<img loading=\"lazy\" decoding=\"async\" width=\"800\" height=\"450\" src=\"https:\/\/cedt.hu\/wp-content\/uploads\/2019\/10\/Cserepes-Gyula-FF-portr\u00e9-fot\u00f3s-D\u00f6m\u00f6lky-D\u00e1niel-1024x576.jpg\" class=\"attachment-large size-large wp-image-6259\" alt=\"\" srcset=\"https:\/\/cedt.hu\/wp-content\/uploads\/2019\/10\/Cserepes-Gyula-FF-portr\u00e9-fot\u00f3s-D\u00f6m\u00f6lky-D\u00e1niel-1024x576.jpg 1024w, https:\/\/cedt.hu\/wp-content\/uploads\/2019\/10\/Cserepes-Gyula-FF-portr\u00e9-fot\u00f3s-D\u00f6m\u00f6lky-D\u00e1niel-300x169.jpg 300w, https:\/\/cedt.hu\/wp-content\/uploads\/2019\/10\/Cserepes-Gyula-FF-portr\u00e9-fot\u00f3s-D\u00f6m\u00f6lky-D\u00e1niel-768x432.jpg 768w, https:\/\/cedt.hu\/wp-content\/uploads\/2019\/10\/Cserepes-Gyula-FF-portr\u00e9-fot\u00f3s-D\u00f6m\u00f6lky-D\u00e1niel-1536x864.jpg 1536w, https:\/\/cedt.hu\/wp-content\/uploads\/2019\/10\/Cserepes-Gyula-FF-portr\u00e9-fot\u00f3s-D\u00f6m\u00f6lky-D\u00e1niel-2048x1152.jpg 2048w, https:\/\/cedt.hu\/wp-content\/uploads\/2019\/10\/Cserepes-Gyula-FF-portr\u00e9-fot\u00f3s-D\u00f6m\u00f6lky-D\u00e1niel-400x225.jpg 400w, https:\/\/cedt.hu\/wp-content\/uploads\/2019\/10\/Cserepes-Gyula-FF-portr\u00e9-fot\u00f3s-D\u00f6m\u00f6lky-D\u00e1niel-20x11.jpg 20w\" sizes=\"(max-width: 800px) 100vw, 800px\" \/>\t\t\t\t\t\t\t\t\t\t\t\t\t\t\t<\/div>\n\t\t\t\t<\/div>\n\t\t\t\t\t<\/div>\n\t\t<\/div>\n\t\t\t\t<div class=\"elementor-column elementor-col-50 elementor-top-column elementor-element elementor-element-7850d5f3\" data-id=\"7850d5f3\" data-element_type=\"column\" data-e-type=\"column\">\n\t\t\t<div class=\"elementor-widget-wrap elementor-element-populated\">\n\t\t\t\t\t\t<div class=\"elementor-element elementor-element-7934968b elementor-widget elementor-widget-heading\" data-id=\"7934968b\" data-element_type=\"widget\" data-e-type=\"widget\" data-widget_type=\"heading.default\">\n\t\t\t\t<div class=\"elementor-widget-container\">\n\t\t\t\t\t<h2 class=\"elementor-heading-title elementor-size-default\">XVII. IKF-Talentprogramm - Cserepes Gyula<\/h2>\t\t\t\t<\/div>\n\t\t\t\t<\/div>\n\t\t\t\t<div class=\"elementor-element elementor-element-2d3c81ea elementor-blockquote--skin-quotation elementor-widget elementor-widget-blockquote\" data-id=\"2d3c81ea\" data-element_type=\"widget\" data-e-type=\"widget\" data-widget_type=\"blockquote.default\">\n\t\t\t\t<div class=\"elementor-widget-container\">\n\t\t\t\t\t\t\t<blockquote class=\"elementor-blockquote\">\n\t\t\t<p class=\"elementor-blockquote__content\">\n\t\t\t\tDie Et\u00fcde mit dem Titel Tiszavir\u00e1g erkundet ihre eigene intime Beziehung zur Thei\u00df. Die daraus resultierende Erfahrung von Fluss und Rhythmus ist ein Rhythmus der Zeitlosigkeit im vergehenden Moment, mit Bildern und Szenen. XVII. IKF-Talentprogramm - Gyula Cserepes\t\t\t<\/p>\n\t\t\t\t\t<\/blockquote>\n\t\t\t\t\t\t<\/div>\n\t\t\t\t<\/div>\n\t\t\t\t<div class=\"elementor-element elementor-element-7706a62d elementor-widget elementor-widget-button\" data-id=\"7706a62d\" data-element_type=\"widget\" data-e-type=\"widget\" data-widget_type=\"button.default\">\n\t\t\t\t<div class=\"elementor-widget-container\">\n\t\t\t\t\t\t\t\t\t<div class=\"elementor-button-wrapper\">\n\t\t\t\t\t<a class=\"elementor-button elementor-button-link elementor-size-sm\" href=\"https:\/\/cedt.hu\/de\/xvii-ikf-tehetsegprogram-cserepes-gyula\/\">\n\t\t\t\t\t\t<span class=\"elementor-button-content-wrapper\">\n\t\t\t\t\t\t\t\t\t<span class=\"elementor-button-text\">Klicken Sie hier<\/span>\n\t\t\t\t\t<\/span>\n\t\t\t\t\t<\/a>\n\t\t\t\t<\/div>\n\t\t\t\t\t\t\t\t<\/div>\n\t\t\t\t<\/div>\n\t\t\t\t\t<\/div>\n\t\t<\/div>\n\t\t\t\t\t<\/div>\n\t\t<\/section>\n\t\t\t\t<section class=\"elementor-section elementor-top-section elementor-element elementor-element-7d9de5a5 elementor-section-content-middle elementor-reverse-tablet elementor-reverse-mobile elementor-section-boxed elementor-section-height-default elementor-section-height-default\" data-id=\"7d9de5a5\" data-element_type=\"section\" data-e-type=\"section\">\n\t\t\t\t\t\t<div class=\"elementor-container elementor-column-gap-default\">\n\t\t\t\t\t<div class=\"elementor-column elementor-col-50 elementor-top-column elementor-element elementor-element-79d7640\" data-id=\"79d7640\" data-element_type=\"column\" data-e-type=\"column\">\n\t\t\t<div class=\"elementor-widget-wrap elementor-element-populated\">\n\t\t\t\t\t\t<div class=\"elementor-element elementor-element-509af883 elementor-widget elementor-widget-heading\" data-id=\"509af883\" data-element_type=\"widget\" data-e-type=\"widget\" data-widget_type=\"heading.default\">\n\t\t\t\t<div class=\"elementor-widget-container\">\n\t\t\t\t\t<h2 class=\"elementor-heading-title elementor-size-default\">XVI. IKF-Talentprogramm - Eva Urbanova<\/h2>\t\t\t\t<\/div>\n\t\t\t\t<\/div>\n\t\t\t\t<div class=\"elementor-element elementor-element-1849ff6b elementor-blockquote--skin-quotation elementor-widget elementor-widget-blockquote\" data-id=\"1849ff6b\" data-element_type=\"widget\" data-e-type=\"widget\" data-widget_type=\"blockquote.default\">\n\t\t\t\t<div class=\"elementor-widget-container\">\n\t\t\t\t\t\t\t<blockquote class=\"elementor-blockquote\">\n\t\t\t<p class=\"elementor-blockquote__content\">\n\t\t\t\tWas verbirgt sich hinter den einzelnen Schichten unserer Pers\u00f6nlichkeit, denen wir folgen oder \u00fcber die wir entscheiden k\u00f6nnen, ob wir ihnen folgen? Unsere Leidenschaften? Unsere D\u00e4monen? Oder eine ganz andere Geschichte? XVI. IKF-Talentprogramm - Eva Urbanova\n\t\t\t<\/p>\n\t\t\t\t\t<\/blockquote>\n\t\t\t\t\t\t<\/div>\n\t\t\t\t<\/div>\n\t\t\t\t<div class=\"elementor-element elementor-element-15cef018 elementor-widget elementor-widget-button\" data-id=\"15cef018\" data-element_type=\"widget\" data-e-type=\"widget\" data-widget_type=\"button.default\">\n\t\t\t\t<div class=\"elementor-widget-container\">\n\t\t\t\t\t\t\t\t\t<div class=\"elementor-button-wrapper\">\n\t\t\t\t\t<a class=\"elementor-button elementor-button-link elementor-size-sm\" href=\"https:\/\/cedt.hu\/de\/xvi-ikf-tehetsegprogram-eva-urbanova\/\">\n\t\t\t\t\t\t<span class=\"elementor-button-content-wrapper\">\n\t\t\t\t\t\t\t\t\t<span class=\"elementor-button-text\">Klicken Sie hier<\/span>\n\t\t\t\t\t<\/span>\n\t\t\t\t\t<\/a>\n\t\t\t\t<\/div>\n\t\t\t\t\t\t\t\t<\/div>\n\t\t\t\t<\/div>\n\t\t\t\t\t<\/div>\n\t\t<\/div>\n\t\t\t\t<div class=\"elementor-column elementor-col-50 elementor-top-column elementor-element elementor-element-388333a9\" data-id=\"388333a9\" data-element_type=\"column\" data-e-type=\"column\">\n\t\t\t<div class=\"elementor-widget-wrap elementor-element-populated\">\n\t\t\t\t\t\t<div class=\"elementor-element elementor-element-64dcd878 elementor-widget elementor-widget-image\" data-id=\"64dcd878\" data-element_type=\"widget\" data-e-type=\"widget\" data-widget_type=\"image.default\">\n\t\t\t\t<div class=\"elementor-widget-container\">\n\t\t\t\t\t\t\t\t\t\t\t\t\t\t\t<img loading=\"lazy\" decoding=\"async\" width=\"800\" height=\"500\" src=\"https:\/\/cedt.hu\/wp-content\/uploads\/2019\/10\/IMG_3583-FF.jpg\" class=\"attachment-large size-large wp-image-6265\" alt=\"\" \/>\t\t\t\t\t\t\t\t\t\t\t\t\t\t\t<\/div>\n\t\t\t\t<\/div>\n\t\t\t\t\t<\/div>\n\t\t<\/div>\n\t\t\t\t\t<\/div>\n\t\t<\/section>\n\t\t\t\t<section class=\"elementor-section elementor-top-section elementor-element elementor-element-639fbadb elementor-section-content-middle elementor-section-boxed elementor-section-height-default elementor-section-height-default\" data-id=\"639fbadb\" data-element_type=\"section\" data-e-type=\"section\">\n\t\t\t\t\t\t<div class=\"elementor-container elementor-column-gap-default\">\n\t\t\t\t\t<div class=\"elementor-column elementor-col-50 elementor-top-column elementor-element elementor-element-51a999f6\" data-id=\"51a999f6\" data-element_type=\"column\" data-e-type=\"column\">\n\t\t\t<div class=\"elementor-widget-wrap elementor-element-populated\">\n\t\t\t\t\t\t<div class=\"elementor-element elementor-element-6aae25c elementor-widget elementor-widget-image\" data-id=\"6aae25c\" data-element_type=\"widget\" data-e-type=\"widget\" data-widget_type=\"image.default\">\n\t\t\t\t<div class=\"elementor-widget-container\">\n\t\t\t\t\t\t\t\t\t\t\t\t\t\t\t<img loading=\"lazy\" decoding=\"async\" width=\"500\" height=\"400\" src=\"https:\/\/cedt.hu\/wp-content\/uploads\/2020\/05\/Mik\u00f3-D\u00e1vid-Fot\u00f3_-Fedor-Ilka_kicsi-1-500x400.jpg\" class=\"attachment-large size-large wp-image-6837\" alt=\"\" srcset=\"https:\/\/cedt.hu\/wp-content\/uploads\/2020\/05\/Mik\u00f3-D\u00e1vid-Fot\u00f3_-Fedor-Ilka_kicsi-1-500x400.jpg 500w, https:\/\/cedt.hu\/wp-content\/uploads\/2020\/05\/Mik\u00f3-D\u00e1vid-Fot\u00f3_-Fedor-Ilka_kicsi-1-500x400-300x240.jpg 300w, https:\/\/cedt.hu\/wp-content\/uploads\/2020\/05\/Mik\u00f3-D\u00e1vid-Fot\u00f3_-Fedor-Ilka_kicsi-1-500x400-400x320.jpg 400w, https:\/\/cedt.hu\/wp-content\/uploads\/2020\/05\/Mik\u00f3-D\u00e1vid-Fot\u00f3_-Fedor-Ilka_kicsi-1-500x400-20x16.jpg 20w\" sizes=\"(max-width: 500px) 100vw, 500px\" \/>\t\t\t\t\t\t\t\t\t\t\t\t\t\t\t<\/div>\n\t\t\t\t<\/div>\n\t\t\t\t\t<\/div>\n\t\t<\/div>\n\t\t\t\t<div class=\"elementor-column elementor-col-50 elementor-top-column elementor-element elementor-element-727cc073\" data-id=\"727cc073\" data-element_type=\"column\" data-e-type=\"column\">\n\t\t\t<div class=\"elementor-widget-wrap elementor-element-populated\">\n\t\t\t\t\t\t<div class=\"elementor-element elementor-element-32ca9190 elementor-widget elementor-widget-heading\" data-id=\"32ca9190\" data-element_type=\"widget\" data-e-type=\"widget\" data-widget_type=\"heading.default\">\n\t\t\t\t<div class=\"elementor-widget-container\">\n\t\t\t\t\t<h2 class=\"elementor-heading-title elementor-size-default\">XV. IKF-Talentprogramm - Mik\u00f3 D\u00e1vid<\/h2>\t\t\t\t<\/div>\n\t\t\t\t<\/div>\n\t\t\t\t<div class=\"elementor-element elementor-element-5259c014 elementor-blockquote--skin-quotation elementor-widget elementor-widget-blockquote\" data-id=\"5259c014\" data-element_type=\"widget\" data-e-type=\"widget\" data-widget_type=\"blockquote.default\">\n\t\t\t\t<div class=\"elementor-widget-container\">\n\t\t\t\t\t\t\t<blockquote class=\"elementor-blockquote\">\n\t\t\t<p class=\"elementor-blockquote__content\">\n\t\t\t\tDie Szene ist ein grenzenloser Raum, in dem sich unendliche Prozesse in widerspr\u00fcchlichen Zust\u00e4nden in Wiederholungen verwandeln, die zu sich selbst zur\u00fcckkehren. Die Suche nach Einheit erfolgt durch das Aufeinandertreffen verschiedener Energiequalit\u00e4ten, die sich im Einsatz des K\u00f6rpers widerspiegeln... XV. IKF-Talentprogramm - D\u00e1vid Mik\u00f3\t\t\t<\/p>\n\t\t\t\t\t<\/blockquote>\n\t\t\t\t\t\t<\/div>\n\t\t\t\t<\/div>\n\t\t\t\t<div class=\"elementor-element elementor-element-711b3076 elementor-widget elementor-widget-button\" data-id=\"711b3076\" data-element_type=\"widget\" data-e-type=\"widget\" data-widget_type=\"button.default\">\n\t\t\t\t<div class=\"elementor-widget-container\">\n\t\t\t\t\t\t\t\t\t<div class=\"elementor-button-wrapper\">\n\t\t\t\t\t<a class=\"elementor-button elementor-button-link elementor-size-sm\" href=\"https:\/\/cedt.hu\/de\/xv-ikf-tehetsegprogram-miko-david\/\">\n\t\t\t\t\t\t<span class=\"elementor-button-content-wrapper\">\n\t\t\t\t\t\t\t\t\t<span class=\"elementor-button-text\">Klicken Sie hier<\/span>\n\t\t\t\t\t<\/span>\n\t\t\t\t\t<\/a>\n\t\t\t\t<\/div>\n\t\t\t\t\t\t\t\t<\/div>\n\t\t\t\t<\/div>\n\t\t\t\t\t<\/div>\n\t\t<\/div>\n\t\t\t\t\t<\/div>\n\t\t<\/section>\n\t\t\t\t<section class=\"elementor-section elementor-top-section elementor-element elementor-element-574ea03 elementor-section-content-middle elementor-reverse-tablet elementor-reverse-mobile elementor-section-boxed elementor-section-height-default elementor-section-height-default\" data-id=\"574ea03\" data-element_type=\"section\" data-e-type=\"section\">\n\t\t\t\t\t\t<div class=\"elementor-container elementor-column-gap-default\">\n\t\t\t\t\t<div class=\"elementor-column elementor-col-50 elementor-top-column elementor-element elementor-element-14a193d\" data-id=\"14a193d\" data-element_type=\"column\" data-e-type=\"column\">\n\t\t\t<div class=\"elementor-widget-wrap elementor-element-populated\">\n\t\t\t\t\t\t<div class=\"elementor-element elementor-element-e1c3cb4 elementor-widget elementor-widget-heading\" data-id=\"e1c3cb4\" data-element_type=\"widget\" data-e-type=\"widget\" data-widget_type=\"heading.default\">\n\t\t\t\t<div class=\"elementor-widget-container\">\n\t\t\t\t\t<h2 class=\"elementor-heading-title elementor-size-default\">XIV. IKF-Talentprogramm - Krist\u00f3f Samu<\/h2>\t\t\t\t<\/div>\n\t\t\t\t<\/div>\n\t\t\t\t<div class=\"elementor-element elementor-element-7842251 elementor-blockquote--skin-quotation elementor-widget elementor-widget-blockquote\" data-id=\"7842251\" data-element_type=\"widget\" data-e-type=\"widget\" data-widget_type=\"blockquote.default\">\n\t\t\t\t<div class=\"elementor-widget-container\">\n\t\t\t\t\t\t\t<blockquote class=\"elementor-blockquote\">\n\t\t\t<p class=\"elementor-blockquote__content\">\n\t\t\t\tWas w\u00fcrde passieren, wenn die Welt so dramatisch w\u00fcrde, dass Ihr eigenes Unternehmen, Ihr Umfeld, zu iZombie w\u00fcrde? W\u00fcrde es ausreichen, um Ihnen klar zu machen, dass Sie irgendwo eine goldene Mitte schaffen und auf ihr gehen m\u00fcssten, oder w\u00fcrden Sie mit dem Strom schwimmen? K\u00f6nnen Sie diese Epidemie besiegen? Und wenn ja, wie? Sagen Sie es mir! Wir machen das Gleiche. XIV. IKF-Talentprogramm - Krist\u00f3f Samu\t\t\t<\/p>\n\t\t\t\t\t<\/blockquote>\n\t\t\t\t\t\t<\/div>\n\t\t\t\t<\/div>\n\t\t\t\t<div class=\"elementor-element elementor-element-bf39584 elementor-widget elementor-widget-button\" data-id=\"bf39584\" data-element_type=\"widget\" data-e-type=\"widget\" data-widget_type=\"button.default\">\n\t\t\t\t<div class=\"elementor-widget-container\">\n\t\t\t\t\t\t\t\t\t<div class=\"elementor-button-wrapper\">\n\t\t\t\t\t<a class=\"elementor-button elementor-button-link elementor-size-sm\" href=\"https:\/\/cedt.hu\/de\/xiv-ikf-tehetsegprogram-samu-kristof\/\">\n\t\t\t\t\t\t<span class=\"elementor-button-content-wrapper\">\n\t\t\t\t\t\t\t\t\t<span class=\"elementor-button-text\">Klicken Sie hier<\/span>\n\t\t\t\t\t<\/span>\n\t\t\t\t\t<\/a>\n\t\t\t\t<\/div>\n\t\t\t\t\t\t\t\t<\/div>\n\t\t\t\t<\/div>\n\t\t\t\t\t<\/div>\n\t\t<\/div>\n\t\t\t\t<div class=\"elementor-column elementor-col-50 elementor-top-column elementor-element elementor-element-6c19395\" data-id=\"6c19395\" data-element_type=\"column\" data-e-type=\"column\">\n\t\t\t<div class=\"elementor-widget-wrap elementor-element-populated\">\n\t\t\t\t\t\t<div class=\"elementor-element elementor-element-b7ee96c elementor-widget elementor-widget-image\" data-id=\"b7ee96c\" data-element_type=\"widget\" data-e-type=\"widget\" data-widget_type=\"image.default\">\n\t\t\t\t<div class=\"elementor-widget-container\">\n\t\t\t\t\t\t\t\t\t\t\t\t\t\t\t<img loading=\"lazy\" decoding=\"async\" width=\"541\" height=\"507\" src=\"https:\/\/cedt.hu\/wp-content\/uploads\/2018\/03\/samu-kristof.jpg\" class=\"attachment-large size-large wp-image-4311\" alt=\"\" srcset=\"https:\/\/cedt.hu\/wp-content\/uploads\/2018\/03\/samu-kristof.jpg 541w, https:\/\/cedt.hu\/wp-content\/uploads\/2018\/03\/samu-kristof-300x281.jpg 300w, https:\/\/cedt.hu\/wp-content\/uploads\/2018\/03\/samu-kristof-400x375.jpg 400w, https:\/\/cedt.hu\/wp-content\/uploads\/2018\/03\/samu-kristof-20x20.jpg 20w\" sizes=\"(max-width: 541px) 100vw, 541px\" \/>\t\t\t\t\t\t\t\t\t\t\t\t\t\t\t<\/div>\n\t\t\t\t<\/div>\n\t\t\t\t\t<\/div>\n\t\t<\/div>\n\t\t\t\t\t<\/div>\n\t\t<\/section>\n\t\t\t\t<section class=\"elementor-section elementor-top-section elementor-element elementor-element-e8aa043 elementor-section-content-middle elementor-reverse-tablet elementor-reverse-mobile elementor-section-boxed elementor-section-height-default elementor-section-height-default\" data-id=\"e8aa043\" data-element_type=\"section\" data-e-type=\"section\">\n\t\t\t\t\t\t<div class=\"elementor-container elementor-column-gap-default\">\n\t\t\t\t\t<div class=\"elementor-column elementor-col-50 elementor-top-column elementor-element elementor-element-f763184\" data-id=\"f763184\" data-element_type=\"column\" data-e-type=\"column\">\n\t\t\t<div class=\"elementor-widget-wrap elementor-element-populated\">\n\t\t\t\t\t\t<div class=\"elementor-element elementor-element-abc6b1d elementor-widget elementor-widget-image\" data-id=\"abc6b1d\" data-element_type=\"widget\" data-e-type=\"widget\" data-widget_type=\"image.default\">\n\t\t\t\t<div class=\"elementor-widget-container\">\n\t\t\t\t\t\t\t\t\t\t\t\t\t\t\t<img loading=\"lazy\" decoding=\"async\" width=\"702\" height=\"1024\" src=\"https:\/\/cedt.hu\/wp-content\/uploads\/2018\/03\/C83A6399-6715-4DB5-8D62-E8C78413076A-1-702x1024.jpeg\" class=\"attachment-large size-large wp-image-4309\" alt=\"\" srcset=\"https:\/\/cedt.hu\/wp-content\/uploads\/2018\/03\/C83A6399-6715-4DB5-8D62-E8C78413076A-1-702x1024.jpeg 702w, https:\/\/cedt.hu\/wp-content\/uploads\/2018\/03\/C83A6399-6715-4DB5-8D62-E8C78413076A-1-206x300.jpeg 206w, https:\/\/cedt.hu\/wp-content\/uploads\/2018\/03\/C83A6399-6715-4DB5-8D62-E8C78413076A-1-768x1121.jpeg 768w, https:\/\/cedt.hu\/wp-content\/uploads\/2018\/03\/C83A6399-6715-4DB5-8D62-E8C78413076A-1-1052x1536.jpeg 1052w, https:\/\/cedt.hu\/wp-content\/uploads\/2018\/03\/C83A6399-6715-4DB5-8D62-E8C78413076A-1-274x400.jpeg 274w, https:\/\/cedt.hu\/wp-content\/uploads\/2018\/03\/C83A6399-6715-4DB5-8D62-E8C78413076A-1-14x20.jpeg 14w, https:\/\/cedt.hu\/wp-content\/uploads\/2018\/03\/C83A6399-6715-4DB5-8D62-E8C78413076A-1.jpeg 1384w\" sizes=\"(max-width: 702px) 100vw, 702px\" \/>\t\t\t\t\t\t\t\t\t\t\t\t\t\t\t<\/div>\n\t\t\t\t<\/div>\n\t\t\t\t\t<\/div>\n\t\t<\/div>\n\t\t\t\t<div class=\"elementor-column elementor-col-50 elementor-top-column elementor-element elementor-element-e50cb18\" data-id=\"e50cb18\" data-element_type=\"column\" data-e-type=\"column\">\n\t\t\t<div class=\"elementor-widget-wrap elementor-element-populated\">\n\t\t\t\t\t\t<div class=\"elementor-element elementor-element-aaf0d94 elementor-widget elementor-widget-heading\" data-id=\"aaf0d94\" data-element_type=\"widget\" data-e-type=\"widget\" data-widget_type=\"heading.default\">\n\t\t\t\t<div class=\"elementor-widget-container\">\n\t\t\t\t\t<h2 class=\"elementor-heading-title elementor-size-default\">XIII. IKF-Talentprogramm - Krisztina Szarvas<\/h2>\t\t\t\t<\/div>\n\t\t\t\t<\/div>\n\t\t\t\t<div class=\"elementor-element elementor-element-601ce05 elementor-blockquote--skin-quotation elementor-widget elementor-widget-blockquote\" data-id=\"601ce05\" data-element_type=\"widget\" data-e-type=\"widget\" data-widget_type=\"blockquote.default\">\n\t\t\t\t<div class=\"elementor-widget-container\">\n\t\t\t\t\t\t\t<blockquote class=\"elementor-blockquote\">\n\t\t\t<p class=\"elementor-blockquote__content\">\n\t\t\t\tWir alle haben in unserem Leben schon einmal das Gef\u00fchl gehabt, dass wir an einem bestimmten Ort und zu einer bestimmten Zeit (in einer Beziehung, im Beruf, auf einer mentalen Ebene) einer mehr sind als die anderen. Einfach einer mehr als wir sein sollten. XIII. IKF-Talentprogramm - Krisztina Szarvas\t\t\t<\/p>\n\t\t\t\t\t<\/blockquote>\n\t\t\t\t\t\t<\/div>\n\t\t\t\t<\/div>\n\t\t\t\t<div class=\"elementor-element elementor-element-b3939af elementor-widget elementor-widget-button\" data-id=\"b3939af\" data-element_type=\"widget\" data-e-type=\"widget\" data-widget_type=\"button.default\">\n\t\t\t\t<div class=\"elementor-widget-container\">\n\t\t\t\t\t\t\t\t\t<div class=\"elementor-button-wrapper\">\n\t\t\t\t\t<a class=\"elementor-button elementor-button-link elementor-size-sm\" href=\"https:\/\/cedt.hu\/de\/xiii-ikf-tehetsegprogram-szarvas-krisztina\/\">\n\t\t\t\t\t\t<span class=\"elementor-button-content-wrapper\">\n\t\t\t\t\t\t\t\t\t<span class=\"elementor-button-text\">Klicken Sie hier<\/span>\n\t\t\t\t\t<\/span>\n\t\t\t\t\t<\/a>\n\t\t\t\t<\/div>\n\t\t\t\t\t\t\t\t<\/div>\n\t\t\t\t<\/div>\n\t\t\t\t\t<\/div>\n\t\t<\/div>\n\t\t\t\t\t<\/div>\n\t\t<\/section>\n\t\t\t\t<section class=\"elementor-section elementor-top-section elementor-element elementor-element-0d4ac2a elementor-section-content-middle elementor-reverse-tablet elementor-reverse-mobile elementor-section-boxed elementor-section-height-default elementor-section-height-default\" data-id=\"0d4ac2a\" data-element_type=\"section\" data-e-type=\"section\">\n\t\t\t\t\t\t<div class=\"elementor-container elementor-column-gap-default\">\n\t\t\t\t\t<div class=\"elementor-column elementor-col-50 elementor-top-column elementor-element elementor-element-9c2075d\" data-id=\"9c2075d\" data-element_type=\"column\" data-e-type=\"column\">\n\t\t\t<div class=\"elementor-widget-wrap elementor-element-populated\">\n\t\t\t\t\t\t<div class=\"elementor-element elementor-element-e152c8e elementor-widget elementor-widget-heading\" data-id=\"e152c8e\" data-element_type=\"widget\" data-e-type=\"widget\" data-widget_type=\"heading.default\">\n\t\t\t\t<div class=\"elementor-widget-container\">\n\t\t\t\t\t<h2 class=\"elementor-heading-title elementor-size-default\">XII. IKF-Talentprogramm - Lajos P\u00e9ter T\u00fari<\/h2>\t\t\t\t<\/div>\n\t\t\t\t<\/div>\n\t\t\t\t<div class=\"elementor-element elementor-element-d0dd3b5 elementor-blockquote--skin-quotation elementor-widget elementor-widget-blockquote\" data-id=\"d0dd3b5\" data-element_type=\"widget\" data-e-type=\"widget\" data-widget_type=\"blockquote.default\">\n\t\t\t\t<div class=\"elementor-widget-container\">\n\t\t\t\t\t\t\t<blockquote class=\"elementor-blockquote\">\n\t\t\t<p class=\"elementor-blockquote__content\">\n\t\t\t\tDas St\u00fcck offenbart und zeigt, wie einfach der Mensch ist und wie leicht er sich selbst t\u00e4uschen kann. XII. IKF-Talentprogramm - P\u00e9ter Lajos T\u00fari\t\t\t<\/p>\n\t\t\t\t\t<\/blockquote>\n\t\t\t\t\t\t<\/div>\n\t\t\t\t<\/div>\n\t\t\t\t<div class=\"elementor-element elementor-element-ce2f51f elementor-widget elementor-widget-button\" data-id=\"ce2f51f\" data-element_type=\"widget\" data-e-type=\"widget\" data-widget_type=\"button.default\">\n\t\t\t\t<div class=\"elementor-widget-container\">\n\t\t\t\t\t\t\t\t\t<div class=\"elementor-button-wrapper\">\n\t\t\t\t\t<a class=\"elementor-button elementor-button-link elementor-size-sm\" href=\"https:\/\/cedt.hu\/de\/xii-ikf-tehetsegprogram-turi-lajos-peter\/\">\n\t\t\t\t\t\t<span class=\"elementor-button-content-wrapper\">\n\t\t\t\t\t\t\t\t\t<span class=\"elementor-button-text\">Klicken Sie hier<\/span>\n\t\t\t\t\t<\/span>\n\t\t\t\t\t<\/a>\n\t\t\t\t<\/div>\n\t\t\t\t\t\t\t\t<\/div>\n\t\t\t\t<\/div>\n\t\t\t\t\t<\/div>\n\t\t<\/div>\n\t\t\t\t<div class=\"elementor-column elementor-col-50 elementor-top-column elementor-element elementor-element-099af62\" data-id=\"099af62\" data-element_type=\"column\" data-e-type=\"column\">\n\t\t\t<div class=\"elementor-widget-wrap elementor-element-populated\">\n\t\t\t\t\t\t<div class=\"elementor-element elementor-element-38a2b1f elementor-widget elementor-widget-image\" data-id=\"38a2b1f\" data-element_type=\"widget\" data-e-type=\"widget\" data-widget_type=\"image.default\">\n\t\t\t\t<div class=\"elementor-widget-container\">\n\t\t\t\t\t\t\t\t\t\t\t\t\t\t\t<img loading=\"lazy\" decoding=\"async\" width=\"571\" height=\"638\" src=\"https:\/\/cedt.hu\/wp-content\/uploads\/2017\/02\/turi-lajos.jpg\" class=\"attachment-large size-large wp-image-4313\" alt=\"\" srcset=\"https:\/\/cedt.hu\/wp-content\/uploads\/2017\/02\/turi-lajos.jpg 571w, https:\/\/cedt.hu\/wp-content\/uploads\/2017\/02\/turi-lajos-268x300.jpg 268w, https:\/\/cedt.hu\/wp-content\/uploads\/2017\/02\/turi-lajos-358x400.jpg 358w, https:\/\/cedt.hu\/wp-content\/uploads\/2017\/02\/turi-lajos-18x20.jpg 18w\" sizes=\"(max-width: 571px) 100vw, 571px\" \/>\t\t\t\t\t\t\t\t\t\t\t\t\t\t\t<\/div>\n\t\t\t\t<\/div>\n\t\t\t\t\t<\/div>\n\t\t<\/div>\n\t\t\t\t\t<\/div>\n\t\t<\/section>\n\t\t\t\t<section class=\"elementor-section elementor-top-section elementor-element elementor-element-7b44448 elementor-section-content-middle elementor-reverse-tablet elementor-reverse-mobile elementor-section-boxed elementor-section-height-default elementor-section-height-default\" data-id=\"7b44448\" data-element_type=\"section\" data-e-type=\"section\">\n\t\t\t\t\t\t<div class=\"elementor-container elementor-column-gap-default\">\n\t\t\t\t\t<div class=\"elementor-column elementor-col-50 elementor-top-column elementor-element elementor-element-b864229\" data-id=\"b864229\" data-element_type=\"column\" data-e-type=\"column\">\n\t\t\t<div class=\"elementor-widget-wrap elementor-element-populated\">\n\t\t\t\t\t\t<div class=\"elementor-element elementor-element-2603205 elementor-widget elementor-widget-image\" data-id=\"2603205\" data-element_type=\"widget\" data-e-type=\"widget\" data-widget_type=\"image.default\">\n\t\t\t\t<div class=\"elementor-widget-container\">\n\t\t\t\t\t\t\t\t\t\t\t\t\t\t\t<img loading=\"lazy\" decoding=\"async\" width=\"800\" height=\"705\" src=\"https:\/\/cedt.hu\/wp-content\/uploads\/2017\/02\/Simk\u00f3-Beatrix-fot\u00f3_D\u00f6m\u00f6lky-D\u00e1niel.jpg\" class=\"attachment-large size-large wp-image-4315\" alt=\"\" srcset=\"https:\/\/cedt.hu\/wp-content\/uploads\/2017\/02\/Simk\u00f3-Beatrix-fot\u00f3_D\u00f6m\u00f6lky-D\u00e1niel.jpg 872w, https:\/\/cedt.hu\/wp-content\/uploads\/2017\/02\/Simk\u00f3-Beatrix-fot\u00f3_D\u00f6m\u00f6lky-D\u00e1niel-300x264.jpg 300w, https:\/\/cedt.hu\/wp-content\/uploads\/2017\/02\/Simk\u00f3-Beatrix-fot\u00f3_D\u00f6m\u00f6lky-D\u00e1niel-768x676.jpg 768w, https:\/\/cedt.hu\/wp-content\/uploads\/2017\/02\/Simk\u00f3-Beatrix-fot\u00f3_D\u00f6m\u00f6lky-D\u00e1niel-400x352.jpg 400w, https:\/\/cedt.hu\/wp-content\/uploads\/2017\/02\/Simk\u00f3-Beatrix-fot\u00f3_D\u00f6m\u00f6lky-D\u00e1niel-20x18.jpg 20w\" sizes=\"(max-width: 800px) 100vw, 800px\" \/>\t\t\t\t\t\t\t\t\t\t\t\t\t\t\t<\/div>\n\t\t\t\t<\/div>\n\t\t\t\t\t<\/div>\n\t\t<\/div>\n\t\t\t\t<div class=\"elementor-column elementor-col-50 elementor-top-column elementor-element elementor-element-31e78d5\" data-id=\"31e78d5\" data-element_type=\"column\" data-e-type=\"column\">\n\t\t\t<div class=\"elementor-widget-wrap elementor-element-populated\">\n\t\t\t\t\t\t<div class=\"elementor-element elementor-element-98c8bfa elementor-widget elementor-widget-heading\" data-id=\"98c8bfa\" data-element_type=\"widget\" data-e-type=\"widget\" data-widget_type=\"heading.default\">\n\t\t\t\t<div class=\"elementor-widget-container\">\n\t\t\t\t\t<h2 class=\"elementor-heading-title elementor-size-default\">XI IKF-Talentprogramm - Simk\u00f3 Beatrix<\/h2>\t\t\t\t<\/div>\n\t\t\t\t<\/div>\n\t\t\t\t<div class=\"elementor-element elementor-element-469a3fd elementor-blockquote--skin-quotation elementor-widget elementor-widget-blockquote\" data-id=\"469a3fd\" data-element_type=\"widget\" data-e-type=\"widget\" data-widget_type=\"blockquote.default\">\n\t\t\t\t<div class=\"elementor-widget-container\">\n\t\t\t\t\t\t\t<blockquote class=\"elementor-blockquote\">\n\t\t\t<p class=\"elementor-blockquote__content\">\n\t\t\t\t\u201eDas Konzept von The Cloister wurde von Samuel Becketts St\u00fccken ohne Text inspiriert. Durch bestimmte Bewegungsformeln und -muster, wie deren minimale Variationen auf bestimmte Figuren angewendet werden k\u00f6nnen. Wiederholung, Strukturiertheit und die Bewegung der Masse erscheinen dabei als Aufgabe, die es umzusetzen und neue Strukturen zu schaffen gilt. XI. IKF-Talentf\u00f6rderung - Beatrix Simk\u00f3\t\t\t<\/p>\n\t\t\t\t\t<\/blockquote>\n\t\t\t\t\t\t<\/div>\n\t\t\t\t<\/div>\n\t\t\t\t<div class=\"elementor-element elementor-element-b77332d elementor-widget elementor-widget-button\" data-id=\"b77332d\" data-element_type=\"widget\" data-e-type=\"widget\" data-widget_type=\"button.default\">\n\t\t\t\t<div class=\"elementor-widget-container\">\n\t\t\t\t\t\t\t\t\t<div class=\"elementor-button-wrapper\">\n\t\t\t\t\t<a class=\"elementor-button elementor-button-link elementor-size-sm\" href=\"https:\/\/cedt.hu\/de\/xi-ikf-tehetsegprogram-simko-beatrix\/\">\n\t\t\t\t\t\t<span class=\"elementor-button-content-wrapper\">\n\t\t\t\t\t\t\t\t\t<span class=\"elementor-button-text\">Klicken Sie hier<\/span>\n\t\t\t\t\t<\/span>\n\t\t\t\t\t<\/a>\n\t\t\t\t<\/div>\n\t\t\t\t\t\t\t\t<\/div>\n\t\t\t\t<\/div>\n\t\t\t\t\t<\/div>\n\t\t<\/div>\n\t\t\t\t\t<\/div>\n\t\t<\/section>\n\t\t\t\t<section class=\"elementor-section elementor-top-section elementor-element elementor-element-b7382b7 elementor-section-content-middle elementor-reverse-tablet elementor-reverse-mobile elementor-section-boxed elementor-section-height-default elementor-section-height-default\" data-id=\"b7382b7\" data-element_type=\"section\" data-e-type=\"section\">\n\t\t\t\t\t\t<div class=\"elementor-container elementor-column-gap-default\">\n\t\t\t\t\t<div class=\"elementor-column elementor-col-50 elementor-top-column elementor-element elementor-element-ed5dc93\" data-id=\"ed5dc93\" data-element_type=\"column\" data-e-type=\"column\">\n\t\t\t<div class=\"elementor-widget-wrap elementor-element-populated\">\n\t\t\t\t\t\t<div class=\"elementor-element elementor-element-73e7485 elementor-widget elementor-widget-heading\" data-id=\"73e7485\" data-element_type=\"widget\" data-e-type=\"widget\" data-widget_type=\"heading.default\">\n\t\t\t\t<div class=\"elementor-widget-container\">\n\t\t\t\t\t<h2 class=\"elementor-heading-title elementor-size-default\">X IKF-Talentprogramm -Kiss Anik\u00f3<\/h2>\t\t\t\t<\/div>\n\t\t\t\t<\/div>\n\t\t\t\t<div class=\"elementor-element elementor-element-c92078a elementor-blockquote--skin-quotation elementor-widget elementor-widget-blockquote\" data-id=\"c92078a\" data-element_type=\"widget\" data-e-type=\"widget\" data-widget_type=\"blockquote.default\">\n\t\t\t\t<div class=\"elementor-widget-container\">\n\t\t\t\t\t\t\t<blockquote class=\"elementor-blockquote\">\n\t\t\t<p class=\"elementor-blockquote__content\">\n\t\t\t\tAusgangspunkt des Vortrags ist Milorad Pavi\u0107s Roman Kazars W\u00f6rterbuch, in dem die Geschichte des Volkes der Chasaren aus drei verschiedenen Perspektiven anhand christlicher, islamischer und hebr\u00e4ischer Quellen untersucht wird. X IKF-Talentprogramm -Kiss Anik\u00f3\t\t\t<\/p>\n\t\t\t\t\t<\/blockquote>\n\t\t\t\t\t\t<\/div>\n\t\t\t\t<\/div>\n\t\t\t\t<div class=\"elementor-element elementor-element-97c0785 elementor-widget elementor-widget-button\" data-id=\"97c0785\" data-element_type=\"widget\" data-e-type=\"widget\" data-widget_type=\"button.default\">\n\t\t\t\t<div class=\"elementor-widget-container\">\n\t\t\t\t\t\t\t\t\t<div class=\"elementor-button-wrapper\">\n\t\t\t\t\t<a class=\"elementor-button elementor-button-link elementor-size-sm\" href=\"https:\/\/cedt.hu\/de\/x-ikf-tehetsegprogram-kiss-aniko\/\">\n\t\t\t\t\t\t<span class=\"elementor-button-content-wrapper\">\n\t\t\t\t\t\t\t\t\t<span class=\"elementor-button-text\">Klicken Sie hier<\/span>\n\t\t\t\t\t<\/span>\n\t\t\t\t\t<\/a>\n\t\t\t\t<\/div>\n\t\t\t\t\t\t\t\t<\/div>\n\t\t\t\t<\/div>\n\t\t\t\t\t<\/div>\n\t\t<\/div>\n\t\t\t\t<div class=\"elementor-column elementor-col-50 elementor-top-column elementor-element elementor-element-af53abe\" data-id=\"af53abe\" data-element_type=\"column\" data-e-type=\"column\">\n\t\t\t<div class=\"elementor-widget-wrap elementor-element-populated\">\n\t\t\t\t\t\t<div class=\"elementor-element elementor-element-da719dc elementor-widget elementor-widget-image\" data-id=\"da719dc\" data-element_type=\"widget\" data-e-type=\"widget\" data-widget_type=\"image.default\">\n\t\t\t\t<div class=\"elementor-widget-container\">\n\t\t\t\t\t\t\t\t\t\t\t\t\t\t\t<img loading=\"lazy\" decoding=\"async\" width=\"720\" height=\"720\" src=\"https:\/\/cedt.hu\/wp-content\/uploads\/2017\/02\/kiss-anik\u00f3-Fot\u00f3_Fut\u00e1r-Enik\u0151.jpg\" class=\"attachment-large size-large wp-image-4317\" alt=\"\" srcset=\"https:\/\/cedt.hu\/wp-content\/uploads\/2017\/02\/kiss-anik\u00f3-Fot\u00f3_Fut\u00e1r-Enik\u0151.jpg 720w, https:\/\/cedt.hu\/wp-content\/uploads\/2017\/02\/kiss-anik\u00f3-Fot\u00f3_Fut\u00e1r-Enik\u0151-300x300.jpg 300w, https:\/\/cedt.hu\/wp-content\/uploads\/2017\/02\/kiss-anik\u00f3-Fot\u00f3_Fut\u00e1r-Enik\u0151-150x150.jpg 150w, https:\/\/cedt.hu\/wp-content\/uploads\/2017\/02\/kiss-anik\u00f3-Fot\u00f3_Fut\u00e1r-Enik\u0151-400x400.jpg 400w, https:\/\/cedt.hu\/wp-content\/uploads\/2017\/02\/kiss-anik\u00f3-Fot\u00f3_Fut\u00e1r-Enik\u0151-20x20.jpg 20w\" sizes=\"(max-width: 720px) 100vw, 720px\" \/>\t\t\t\t\t\t\t\t\t\t\t\t\t\t\t<\/div>\n\t\t\t\t<\/div>\n\t\t\t\t\t<\/div>\n\t\t<\/div>\n\t\t\t\t\t<\/div>\n\t\t<\/section>\n\t\t\t\t<section class=\"elementor-section elementor-top-section elementor-element elementor-element-1156723 elementor-section-content-middle elementor-reverse-tablet elementor-reverse-mobile elementor-section-boxed elementor-section-height-default elementor-section-height-default\" data-id=\"1156723\" data-element_type=\"section\" data-e-type=\"section\">\n\t\t\t\t\t\t<div class=\"elementor-container elementor-column-gap-default\">\n\t\t\t\t\t<div class=\"elementor-column elementor-col-50 elementor-top-column elementor-element elementor-element-72f9ff2\" data-id=\"72f9ff2\" data-element_type=\"column\" data-e-type=\"column\">\n\t\t\t<div class=\"elementor-widget-wrap elementor-element-populated\">\n\t\t\t\t\t\t<div class=\"elementor-element elementor-element-cccd184 elementor-widget elementor-widget-image\" data-id=\"cccd184\" data-element_type=\"widget\" data-e-type=\"widget\" data-widget_type=\"image.default\">\n\t\t\t\t<div class=\"elementor-widget-container\">\n\t\t\t\t\t\t\t\t\t\t\t\t\t\t\t<img loading=\"lazy\" decoding=\"async\" width=\"300\" height=\"278\" src=\"https:\/\/cedt.hu\/wp-content\/uploads\/2017\/02\/pic_71-1.jpg\" class=\"attachment-large size-large wp-image-4319\" alt=\"\" srcset=\"https:\/\/cedt.hu\/wp-content\/uploads\/2017\/02\/pic_71-1.jpg 300w, https:\/\/cedt.hu\/wp-content\/uploads\/2017\/02\/pic_71-1-20x20.jpg 20w\" sizes=\"(max-width: 300px) 100vw, 300px\" \/>\t\t\t\t\t\t\t\t\t\t\t\t\t\t\t<\/div>\n\t\t\t\t<\/div>\n\t\t\t\t\t<\/div>\n\t\t<\/div>\n\t\t\t\t<div class=\"elementor-column elementor-col-50 elementor-top-column elementor-element elementor-element-fe8af92\" data-id=\"fe8af92\" data-element_type=\"column\" data-e-type=\"column\">\n\t\t\t<div class=\"elementor-widget-wrap elementor-element-populated\">\n\t\t\t\t\t\t<div class=\"elementor-element elementor-element-c5ee4a5 elementor-widget elementor-widget-heading\" data-id=\"c5ee4a5\" data-element_type=\"widget\" data-e-type=\"widget\" data-widget_type=\"heading.default\">\n\t\t\t\t<div class=\"elementor-widget-container\">\n\t\t\t\t\t<h2 class=\"elementor-heading-title elementor-size-default\">IX IKF-Talentprogramm - Judit Szamosi<\/h2>\t\t\t\t<\/div>\n\t\t\t\t<\/div>\n\t\t\t\t<div class=\"elementor-element elementor-element-780d5e8 elementor-blockquote--skin-quotation elementor-widget elementor-widget-blockquote\" data-id=\"780d5e8\" data-element_type=\"widget\" data-e-type=\"widget\" data-widget_type=\"blockquote.default\">\n\t\t\t\t<div class=\"elementor-widget-container\">\n\t\t\t\t\t\t\t<blockquote class=\"elementor-blockquote\">\n\t\t\t<p class=\"elementor-blockquote__content\">\n\t\t\t\tIch finde, dass die Bewegung in uns Menschen instinktiv ist. Wir k\u00f6nnen nicht aufh\u00f6ren, uns zu bewegen. Wir gehen nicht mit dem Tanz, der Tanz geht mit uns... IX IKF Talent Programm - Judit Szamosi\n\t\t\t<\/p>\n\t\t\t\t\t<\/blockquote>\n\t\t\t\t\t\t<\/div>\n\t\t\t\t<\/div>\n\t\t\t\t<div class=\"elementor-element elementor-element-9aec684 elementor-widget elementor-widget-button\" data-id=\"9aec684\" data-element_type=\"widget\" data-e-type=\"widget\" data-widget_type=\"button.default\">\n\t\t\t\t<div class=\"elementor-widget-container\">\n\t\t\t\t\t\t\t\t\t<div class=\"elementor-button-wrapper\">\n\t\t\t\t\t<a class=\"elementor-button elementor-button-link elementor-size-sm\" href=\"https:\/\/cedt.hu\/de\/ix-ikf-tehetsegprogram-szamosi-judit\/\">\n\t\t\t\t\t\t<span class=\"elementor-button-content-wrapper\">\n\t\t\t\t\t\t\t\t\t<span class=\"elementor-button-text\">Klicken Sie hier<\/span>\n\t\t\t\t\t<\/span>\n\t\t\t\t\t<\/a>\n\t\t\t\t<\/div>\n\t\t\t\t\t\t\t\t<\/div>\n\t\t\t\t<\/div>\n\t\t\t\t\t<\/div>\n\t\t<\/div>\n\t\t\t\t\t<\/div>\n\t\t<\/section>\n\t\t\t\t<section class=\"elementor-section elementor-top-section elementor-element elementor-element-36c661d elementor-section-content-middle elementor-reverse-tablet elementor-reverse-mobile elementor-section-boxed elementor-section-height-default elementor-section-height-default\" data-id=\"36c661d\" data-element_type=\"section\" data-e-type=\"section\">\n\t\t\t\t\t\t<div class=\"elementor-container elementor-column-gap-default\">\n\t\t\t\t\t<div class=\"elementor-column elementor-col-50 elementor-top-column elementor-element elementor-element-11d223e\" data-id=\"11d223e\" data-element_type=\"column\" data-e-type=\"column\">\n\t\t\t<div class=\"elementor-widget-wrap elementor-element-populated\">\n\t\t\t\t\t\t<div class=\"elementor-element elementor-element-543c64f elementor-widget elementor-widget-heading\" data-id=\"543c64f\" data-element_type=\"widget\" data-e-type=\"widget\" data-widget_type=\"heading.default\">\n\t\t\t\t<div class=\"elementor-widget-container\">\n\t\t\t\t\t<h2 class=\"elementor-heading-title elementor-size-default\">VIII. IKF-Talentprogramm - G\u00e1bor Hal\u00e1sz<\/h2>\t\t\t\t<\/div>\n\t\t\t\t<\/div>\n\t\t\t\t<div class=\"elementor-element elementor-element-1717bca elementor-blockquote--skin-quotation elementor-widget elementor-widget-blockquote\" data-id=\"1717bca\" data-element_type=\"widget\" data-e-type=\"widget\" data-widget_type=\"blockquote.default\">\n\t\t\t\t<div class=\"elementor-widget-container\">\n\t\t\t\t\t\t\t<blockquote class=\"elementor-blockquote\">\n\t\t\t<p class=\"elementor-blockquote__content\">\n\t\t\t\tA8ak interpretiert das Geheimnis der Zahl Acht neu. Jenseits von Musiktheorie und Zahlenmystik sucht G\u00e1bor Hal\u00e1sz nach einer Sprache, die aus den Wurzeln des St\u00fccks sch\u00f6pft, und n\u00e4hert sich ihm aus der Perspektive der wichtigsten ungarischen Avantgarde-K\u00fcnstlergruppe und der Mitglieder des Central European Dance Theatre. VIII. IKF-Talentprogramm - G\u00e1bor Hal\u00e1sz\t\t\t<\/p>\n\t\t\t\t\t<\/blockquote>\n\t\t\t\t\t\t<\/div>\n\t\t\t\t<\/div>\n\t\t\t\t\t<\/div>\n\t\t<\/div>\n\t\t\t\t<div class=\"elementor-column elementor-col-50 elementor-top-column elementor-element elementor-element-dbef6b4\" data-id=\"dbef6b4\" data-element_type=\"column\" data-e-type=\"column\">\n\t\t\t<div class=\"elementor-widget-wrap elementor-element-populated\">\n\t\t\t\t\t\t<div class=\"elementor-element elementor-element-3cfca5a elementor-widget elementor-widget-image\" data-id=\"3cfca5a\" data-element_type=\"widget\" data-e-type=\"widget\" data-widget_type=\"image.default\">\n\t\t\t\t<div class=\"elementor-widget-container\">\n\t\t\t\t\t\t\t\t\t\t\t\t\t\t\t<img loading=\"lazy\" decoding=\"async\" width=\"282\" height=\"272\" src=\"https:\/\/cedt.hu\/wp-content\/uploads\/2017\/02\/Hal\u00e1sz-G\u00e1bor.jpg\" class=\"attachment-large size-large wp-image-4349\" alt=\"\" srcset=\"https:\/\/cedt.hu\/wp-content\/uploads\/2017\/02\/Hal\u00e1sz-G\u00e1bor.jpg 282w, https:\/\/cedt.hu\/wp-content\/uploads\/2017\/02\/Hal\u00e1sz-G\u00e1bor-20x20.jpg 20w\" sizes=\"(max-width: 282px) 100vw, 282px\" \/>\t\t\t\t\t\t\t\t\t\t\t\t\t\t\t<\/div>\n\t\t\t\t<\/div>\n\t\t\t\t<div class=\"elementor-element elementor-element-2cc512d elementor-widget elementor-widget-button\" data-id=\"2cc512d\" data-element_type=\"widget\" data-e-type=\"widget\" data-widget_type=\"button.default\">\n\t\t\t\t<div class=\"elementor-widget-container\">\n\t\t\t\t\t\t\t\t\t<div class=\"elementor-button-wrapper\">\n\t\t\t\t\t<a class=\"elementor-button elementor-button-link elementor-size-sm\" href=\"https:\/\/cedt.hu\/de\/viii-ikf-tehetsegprogram-halasz-gabor\/\">\n\t\t\t\t\t\t<span class=\"elementor-button-content-wrapper\">\n\t\t\t\t\t\t\t\t\t<span class=\"elementor-button-text\">Klicken Sie hier<\/span>\n\t\t\t\t\t<\/span>\n\t\t\t\t\t<\/a>\n\t\t\t\t<\/div>\n\t\t\t\t\t\t\t\t<\/div>\n\t\t\t\t<\/div>\n\t\t\t\t\t<\/div>\n\t\t<\/div>\n\t\t\t\t\t<\/div>\n\t\t<\/section>\n\t\t\t\t<section class=\"elementor-section elementor-top-section elementor-element elementor-element-ab3133b elementor-section-content-middle elementor-reverse-tablet elementor-reverse-mobile elementor-section-boxed elementor-section-height-default elementor-section-height-default\" data-id=\"ab3133b\" data-element_type=\"section\" data-e-type=\"section\">\n\t\t\t\t\t\t<div class=\"elementor-container elementor-column-gap-default\">\n\t\t\t\t\t<div class=\"elementor-column elementor-col-50 elementor-top-column elementor-element elementor-element-6fc9306\" data-id=\"6fc9306\" data-element_type=\"column\" data-e-type=\"column\">\n\t\t\t<div class=\"elementor-widget-wrap elementor-element-populated\">\n\t\t\t\t\t\t<div class=\"elementor-element elementor-element-2bcbcbd elementor-widget elementor-widget-image\" data-id=\"2bcbcbd\" data-element_type=\"widget\" data-e-type=\"widget\" data-widget_type=\"image.default\">\n\t\t\t\t<div class=\"elementor-widget-container\">\n\t\t\t\t\t\t\t\t\t\t\t\t\t\t\t<img loading=\"lazy\" decoding=\"async\" width=\"300\" height=\"354\" src=\"https:\/\/cedt.hu\/wp-content\/uploads\/2017\/02\/pic_66.jpg\" class=\"attachment-large size-large wp-image-2235\" alt=\"\" srcset=\"https:\/\/cedt.hu\/wp-content\/uploads\/2017\/02\/pic_66.jpg 300w, https:\/\/cedt.hu\/wp-content\/uploads\/2017\/02\/pic_66-254x300.jpg 254w, https:\/\/cedt.hu\/wp-content\/uploads\/2017\/02\/pic_66-17x20.jpg 17w\" sizes=\"(max-width: 300px) 100vw, 300px\" \/>\t\t\t\t\t\t\t\t\t\t\t\t\t\t\t<\/div>\n\t\t\t\t<\/div>\n\t\t\t\t\t<\/div>\n\t\t<\/div>\n\t\t\t\t<div class=\"elementor-column elementor-col-50 elementor-top-column elementor-element elementor-element-6bdd9c5\" data-id=\"6bdd9c5\" data-element_type=\"column\" data-e-type=\"column\">\n\t\t\t<div class=\"elementor-widget-wrap elementor-element-populated\">\n\t\t\t\t\t\t<div class=\"elementor-element elementor-element-8e400f9 elementor-widget elementor-widget-heading\" data-id=\"8e400f9\" data-element_type=\"widget\" data-e-type=\"widget\" data-widget_type=\"heading.default\">\n\t\t\t\t<div class=\"elementor-widget-container\">\n\t\t\t\t\t<h2 class=\"elementor-heading-title elementor-size-default\">VII. IKF-Talentprogramm - J\u00falia Gyulai<\/h2>\t\t\t\t<\/div>\n\t\t\t\t<\/div>\n\t\t\t\t<div class=\"elementor-element elementor-element-b506d6a elementor-blockquote--skin-quotation elementor-widget elementor-widget-blockquote\" data-id=\"b506d6a\" data-element_type=\"widget\" data-e-type=\"widget\" data-widget_type=\"blockquote.default\">\n\t\t\t\t<div class=\"elementor-widget-container\">\n\t\t\t\t\t\t\t<blockquote class=\"elementor-blockquote\">\n\t\t\t<p class=\"elementor-blockquote__content\">\n\t\t\t\tEine Studie \u00fcber K\u00f6rperlichkeit anhand von Ren\u00e9 Magrittes Gem\u00e4lde Liebende VII IKF Talent Programm - J\u00falia Gyulai\t\t\t<\/p>\n\t\t\t\t\t<\/blockquote>\n\t\t\t\t\t\t<\/div>\n\t\t\t\t<\/div>\n\t\t\t\t<div class=\"elementor-element elementor-element-be59fd0 elementor-widget elementor-widget-button\" data-id=\"be59fd0\" data-element_type=\"widget\" data-e-type=\"widget\" data-widget_type=\"button.default\">\n\t\t\t\t<div class=\"elementor-widget-container\">\n\t\t\t\t\t\t\t\t\t<div class=\"elementor-button-wrapper\">\n\t\t\t\t\t<a class=\"elementor-button elementor-button-link elementor-size-sm\" href=\"https:\/\/cedt.hu\/de\/vii-ikf-tehetsegprogram-gyulai-julia\/\">\n\t\t\t\t\t\t<span class=\"elementor-button-content-wrapper\">\n\t\t\t\t\t\t\t\t\t<span class=\"elementor-button-text\">Klicken Sie hier<\/span>\n\t\t\t\t\t<\/span>\n\t\t\t\t\t<\/a>\n\t\t\t\t<\/div>\n\t\t\t\t\t\t\t\t<\/div>\n\t\t\t\t<\/div>\n\t\t\t\t\t<\/div>\n\t\t<\/div>\n\t\t\t\t\t<\/div>\n\t\t<\/section>\n\t\t\t\t<section class=\"elementor-section elementor-top-section elementor-element elementor-element-80bceeb elementor-section-content-middle elementor-reverse-tablet elementor-reverse-mobile elementor-section-boxed elementor-section-height-default elementor-section-height-default\" data-id=\"80bceeb\" data-element_type=\"section\" data-e-type=\"section\">\n\t\t\t\t\t\t<div class=\"elementor-container elementor-column-gap-default\">\n\t\t\t\t\t<div class=\"elementor-column elementor-col-50 elementor-top-column elementor-element elementor-element-face312\" data-id=\"face312\" data-element_type=\"column\" data-e-type=\"column\">\n\t\t\t<div class=\"elementor-widget-wrap elementor-element-populated\">\n\t\t\t\t\t\t<div class=\"elementor-element elementor-element-f76b08b elementor-widget elementor-widget-heading\" data-id=\"f76b08b\" data-element_type=\"widget\" data-e-type=\"widget\" data-widget_type=\"heading.default\">\n\t\t\t\t<div class=\"elementor-widget-container\">\n\t\t\t\t\t<h2 class=\"elementor-heading-title elementor-size-default\">VI. IKF-Talentprogramm - VARGA KINGA<\/h2>\t\t\t\t<\/div>\n\t\t\t\t<\/div>\n\t\t\t\t<div class=\"elementor-element elementor-element-bc91db6 elementor-blockquote--skin-quotation elementor-widget elementor-widget-blockquote\" data-id=\"bc91db6\" data-element_type=\"widget\" data-e-type=\"widget\" data-widget_type=\"blockquote.default\">\n\t\t\t\t<div class=\"elementor-widget-container\">\n\t\t\t\t\t\t\t<blockquote class=\"elementor-blockquote\">\n\t\t\t<p class=\"elementor-blockquote__content\">\n\t\t\t\tNach ihrem Abschluss an der Ungarischen Tanzakademie arbeitete sie in den Kompanien des Budapester Tanztheaters und der PR-Evolution Dance Company. VI. IKF-Talentprogramm - VARGA KINGA\t\t\t<\/p>\n\t\t\t\t\t<\/blockquote>\n\t\t\t\t\t\t<\/div>\n\t\t\t\t<\/div>\n\t\t\t\t<div class=\"elementor-element elementor-element-847b479 elementor-widget elementor-widget-button\" data-id=\"847b479\" data-element_type=\"widget\" data-e-type=\"widget\" data-widget_type=\"button.default\">\n\t\t\t\t<div class=\"elementor-widget-container\">\n\t\t\t\t\t\t\t\t\t<div class=\"elementor-button-wrapper\">\n\t\t\t\t\t<a class=\"elementor-button elementor-button-link elementor-size-sm\" href=\"https:\/\/cedt.hu\/de\/vi-ikf-tehetsegprogram-varga-kinga\/\">\n\t\t\t\t\t\t<span class=\"elementor-button-content-wrapper\">\n\t\t\t\t\t\t\t\t\t<span class=\"elementor-button-text\">Klicken Sie hier<\/span>\n\t\t\t\t\t<\/span>\n\t\t\t\t\t<\/a>\n\t\t\t\t<\/div>\n\t\t\t\t\t\t\t\t<\/div>\n\t\t\t\t<\/div>\n\t\t\t\t\t<\/div>\n\t\t<\/div>\n\t\t\t\t<div class=\"elementor-column elementor-col-50 elementor-top-column elementor-element elementor-element-095c64f\" data-id=\"095c64f\" data-element_type=\"column\" data-e-type=\"column\">\n\t\t\t<div class=\"elementor-widget-wrap elementor-element-populated\">\n\t\t\t\t\t\t<div class=\"elementor-element elementor-element-be928c6 elementor-widget elementor-widget-image\" data-id=\"be928c6\" data-element_type=\"widget\" data-e-type=\"widget\" data-widget_type=\"image.default\">\n\t\t\t\t<div class=\"elementor-widget-container\">\n\t\t\t\t\t\t\t\t\t\t\t\t\t\t\t<img loading=\"lazy\" decoding=\"async\" width=\"300\" height=\"289\" src=\"https:\/\/cedt.hu\/wp-content\/uploads\/2017\/02\/pic_63.jpg\" class=\"attachment-large size-large wp-image-2170\" alt=\"\" srcset=\"https:\/\/cedt.hu\/wp-content\/uploads\/2017\/02\/pic_63.jpg 300w, https:\/\/cedt.hu\/wp-content\/uploads\/2017\/02\/pic_63-20x20.jpg 20w\" sizes=\"(max-width: 300px) 100vw, 300px\" \/>\t\t\t\t\t\t\t\t\t\t\t\t\t\t\t<\/div>\n\t\t\t\t<\/div>\n\t\t\t\t\t<\/div>\n\t\t<\/div>\n\t\t\t\t\t<\/div>\n\t\t<\/section>\n\t\t\t\t<section class=\"elementor-section elementor-top-section elementor-element elementor-element-32c6ee0 elementor-section-content-middle elementor-reverse-tablet elementor-reverse-mobile elementor-section-boxed elementor-section-height-default elementor-section-height-default\" data-id=\"32c6ee0\" data-element_type=\"section\" data-e-type=\"section\">\n\t\t\t\t\t\t<div class=\"elementor-container elementor-column-gap-default\">\n\t\t\t\t\t<div class=\"elementor-column elementor-col-50 elementor-top-column elementor-element elementor-element-4670c0f\" data-id=\"4670c0f\" data-element_type=\"column\" data-e-type=\"column\">\n\t\t\t<div class=\"elementor-widget-wrap elementor-element-populated\">\n\t\t\t\t\t\t<div class=\"elementor-element elementor-element-e949176 elementor-widget elementor-widget-image\" data-id=\"e949176\" data-element_type=\"widget\" data-e-type=\"widget\" data-widget_type=\"image.default\">\n\t\t\t\t<div class=\"elementor-widget-container\">\n\t\t\t\t\t\t\t\t\t\t\t\t\t\t\t<img loading=\"lazy\" decoding=\"async\" width=\"500\" height=\"400\" src=\"https:\/\/cedt.hu\/wp-content\/uploads\/2020\/05\/\u00dajsz\u00e1szi-Dorottya-500x400.jpg\" class=\"attachment-large size-large wp-image-6833\" alt=\"\" srcset=\"https:\/\/cedt.hu\/wp-content\/uploads\/2020\/05\/\u00dajsz\u00e1szi-Dorottya-500x400.jpg 500w, https:\/\/cedt.hu\/wp-content\/uploads\/2020\/05\/\u00dajsz\u00e1szi-Dorottya-500x400-300x240.jpg 300w, https:\/\/cedt.hu\/wp-content\/uploads\/2020\/05\/\u00dajsz\u00e1szi-Dorottya-500x400-400x320.jpg 400w, https:\/\/cedt.hu\/wp-content\/uploads\/2020\/05\/\u00dajsz\u00e1szi-Dorottya-500x400-20x16.jpg 20w\" sizes=\"(max-width: 500px) 100vw, 500px\" \/>\t\t\t\t\t\t\t\t\t\t\t\t\t\t\t<\/div>\n\t\t\t\t<\/div>\n\t\t\t\t\t<\/div>\n\t\t<\/div>\n\t\t\t\t<div class=\"elementor-column elementor-col-50 elementor-top-column elementor-element elementor-element-c04f911\" data-id=\"c04f911\" data-element_type=\"column\" data-e-type=\"column\">\n\t\t\t<div class=\"elementor-widget-wrap elementor-element-populated\">\n\t\t\t\t\t\t<div class=\"elementor-element elementor-element-24af1fa elementor-widget elementor-widget-heading\" data-id=\"24af1fa\" data-element_type=\"widget\" data-e-type=\"widget\" data-widget_type=\"heading.default\">\n\t\t\t\t<div class=\"elementor-widget-container\">\n\t\t\t\t\t<h2 class=\"elementor-heading-title elementor-size-default\">V. IKF-Talentprogramm - UJSZ\u00c1SZI DOROTTYA<\/h2>\t\t\t\t<\/div>\n\t\t\t\t<\/div>\n\t\t\t\t<div class=\"elementor-element elementor-element-22bcbf8 elementor-blockquote--skin-quotation elementor-widget elementor-widget-blockquote\" data-id=\"22bcbf8\" data-element_type=\"widget\" data-e-type=\"widget\" data-widget_type=\"blockquote.default\">\n\t\t\t\t<div class=\"elementor-widget-container\">\n\t\t\t\t\t\t\t<blockquote class=\"elementor-blockquote\">\n\t\t\t<p class=\"elementor-blockquote__content\">\n\t\t\t\tNach ihrem Abschluss an der Gy\u0151r School of Dance and Fine Arts mit dem professionellen N\u00edv\u00f3-Preis trat sie in modernen Abenden am Budapester Tanztheater, PR-Evolution, Inverse Dance, Badora Company und dem Ungarischen Nationalballett auf. Sie ist Jardin d'Europe und mehrfache Empf\u00e4ngerin des F\u00fcl\u00f6p-Viktor-Stipendiums. V IKF-Talentprogramm - DOROTTYA UJSZ\u00c1SZI\t\t\t<\/p>\n\t\t\t\t\t<\/blockquote>\n\t\t\t\t\t\t<\/div>\n\t\t\t\t<\/div>\n\t\t\t\t<div class=\"elementor-element elementor-element-1be4263 elementor-widget elementor-widget-button\" data-id=\"1be4263\" data-element_type=\"widget\" data-e-type=\"widget\" data-widget_type=\"button.default\">\n\t\t\t\t<div class=\"elementor-widget-container\">\n\t\t\t\t\t\t\t\t\t<div class=\"elementor-button-wrapper\">\n\t\t\t\t\t<a class=\"elementor-button elementor-button-link elementor-size-sm\" href=\"https:\/\/cedt.hu\/de\/v-ikf-tehetsegprogram-ujszaszi-dorottya\/\">\n\t\t\t\t\t\t<span class=\"elementor-button-content-wrapper\">\n\t\t\t\t\t\t\t\t\t<span class=\"elementor-button-text\">Klicken Sie hier<\/span>\n\t\t\t\t\t<\/span>\n\t\t\t\t\t<\/a>\n\t\t\t\t<\/div>\n\t\t\t\t\t\t\t\t<\/div>\n\t\t\t\t<\/div>\n\t\t\t\t\t<\/div>\n\t\t<\/div>\n\t\t\t\t\t<\/div>\n\t\t<\/section>\n\t\t\t\t<section class=\"elementor-section elementor-top-section elementor-element elementor-element-5644b34 elementor-section-content-middle elementor-reverse-tablet elementor-reverse-mobile elementor-section-boxed elementor-section-height-default elementor-section-height-default\" data-id=\"5644b34\" data-element_type=\"section\" data-e-type=\"section\">\n\t\t\t\t\t\t<div class=\"elementor-container elementor-column-gap-default\">\n\t\t\t\t\t<div class=\"elementor-column elementor-col-50 elementor-top-column elementor-element elementor-element-4ef1dd5\" data-id=\"4ef1dd5\" data-element_type=\"column\" data-e-type=\"column\">\n\t\t\t<div class=\"elementor-widget-wrap elementor-element-populated\">\n\t\t\t\t\t\t<div class=\"elementor-element elementor-element-a45941a elementor-widget elementor-widget-heading\" data-id=\"a45941a\" data-element_type=\"widget\" data-e-type=\"widget\" data-widget_type=\"heading.default\">\n\t\t\t\t<div class=\"elementor-widget-container\">\n\t\t\t\t\t<h2 class=\"elementor-heading-title elementor-size-default\">IV IKF-Talentprogramm - GRECS\u00d3 ZOLT\u00c1N<\/h2>\t\t\t\t<\/div>\n\t\t\t\t<\/div>\n\t\t\t\t<div class=\"elementor-element elementor-element-27a0459 elementor-blockquote--skin-quotation elementor-widget elementor-widget-blockquote\" data-id=\"27a0459\" data-element_type=\"widget\" data-e-type=\"widget\" data-widget_type=\"blockquote.default\">\n\t\t\t\t<div class=\"elementor-widget-container\">\n\t\t\t\t\t\t\t<blockquote class=\"elementor-blockquote\">\n\t\t\t<p class=\"elementor-blockquote__content\">\n\t\t\t\tT\u00e4nzerin der \u00c9va Duda Company, Tanzlehrerin an der Universit\u00e4t f\u00fcr Theater- und Filmkunst, freiberufliche Choreografin, Leiterin des Willany Le\u00f3 Improvised Dance Theatre. IV. IKF-Talentprogramm - ZOLT\u00c1N GRECS\u00d3\t\t\t<\/p>\n\t\t\t\t\t<\/blockquote>\n\t\t\t\t\t\t<\/div>\n\t\t\t\t<\/div>\n\t\t\t\t<div class=\"elementor-element elementor-element-0ac1b11 elementor-widget elementor-widget-button\" data-id=\"0ac1b11\" data-element_type=\"widget\" data-e-type=\"widget\" data-widget_type=\"button.default\">\n\t\t\t\t<div class=\"elementor-widget-container\">\n\t\t\t\t\t\t\t\t\t<div class=\"elementor-button-wrapper\">\n\t\t\t\t\t<a class=\"elementor-button elementor-button-link elementor-size-sm\" href=\"https:\/\/cedt.hu\/de\/iv-ikf-tehetsegprogram-grecso-zoltan\/\">\n\t\t\t\t\t\t<span class=\"elementor-button-content-wrapper\">\n\t\t\t\t\t\t\t\t\t<span class=\"elementor-button-text\">Klicken Sie hier<\/span>\n\t\t\t\t\t<\/span>\n\t\t\t\t\t<\/a>\n\t\t\t\t<\/div>\n\t\t\t\t\t\t\t\t<\/div>\n\t\t\t\t<\/div>\n\t\t\t\t\t<\/div>\n\t\t<\/div>\n\t\t\t\t<div class=\"elementor-column elementor-col-50 elementor-top-column elementor-element elementor-element-dc9a6f9\" data-id=\"dc9a6f9\" data-element_type=\"column\" data-e-type=\"column\">\n\t\t\t<div class=\"elementor-widget-wrap elementor-element-populated\">\n\t\t\t\t\t\t<div class=\"elementor-element elementor-element-38b6856 elementor-widget elementor-widget-image\" data-id=\"38b6856\" data-element_type=\"widget\" data-e-type=\"widget\" data-widget_type=\"image.default\">\n\t\t\t\t<div class=\"elementor-widget-container\">\n\t\t\t\t\t\t\t\t\t\t\t\t\t\t\t<img loading=\"lazy\" decoding=\"async\" width=\"300\" height=\"420\" src=\"https:\/\/cedt.hu\/wp-content\/uploads\/2017\/02\/Grecs\u00f3-Zolt\u00e1n.jpg\" class=\"attachment-large size-large wp-image-2968\" alt=\"\" srcset=\"https:\/\/cedt.hu\/wp-content\/uploads\/2017\/02\/Grecs\u00f3-Zolt\u00e1n.jpg 300w, https:\/\/cedt.hu\/wp-content\/uploads\/2017\/02\/Grecs\u00f3-Zolt\u00e1n-214x300.jpg 214w, https:\/\/cedt.hu\/wp-content\/uploads\/2017\/02\/Grecs\u00f3-Zolt\u00e1n-286x400.jpg 286w, https:\/\/cedt.hu\/wp-content\/uploads\/2017\/02\/Grecs\u00f3-Zolt\u00e1n-14x20.jpg 14w\" sizes=\"(max-width: 300px) 100vw, 300px\" \/>\t\t\t\t\t\t\t\t\t\t\t\t\t\t\t<\/div>\n\t\t\t\t<\/div>\n\t\t\t\t\t<\/div>\n\t\t<\/div>\n\t\t\t\t\t<\/div>\n\t\t<\/section>\n\t\t\t\t<section class=\"elementor-section elementor-top-section elementor-element elementor-element-f4b846f elementor-section-content-middle elementor-reverse-tablet elementor-reverse-mobile elementor-section-boxed elementor-section-height-default elementor-section-height-default\" data-id=\"f4b846f\" data-element_type=\"section\" data-e-type=\"section\">\n\t\t\t\t\t\t<div class=\"elementor-container elementor-column-gap-default\">\n\t\t\t\t\t<div class=\"elementor-column elementor-col-50 elementor-top-column elementor-element elementor-element-d886fe0\" data-id=\"d886fe0\" data-element_type=\"column\" data-e-type=\"column\">\n\t\t\t<div class=\"elementor-widget-wrap elementor-element-populated\">\n\t\t\t\t\t\t<div class=\"elementor-element elementor-element-91d9677 elementor-widget elementor-widget-image\" data-id=\"91d9677\" data-element_type=\"widget\" data-e-type=\"widget\" data-widget_type=\"image.default\">\n\t\t\t\t<div class=\"elementor-widget-container\">\n\t\t\t\t\t\t\t\t\t\t\t\t\t\t\t<img loading=\"lazy\" decoding=\"async\" width=\"607\" height=\"478\" src=\"https:\/\/cedt.hu\/wp-content\/uploads\/2017\/02\/Palfi-Gabriella.jpg\" class=\"attachment-large size-large wp-image-4323\" alt=\"\" srcset=\"https:\/\/cedt.hu\/wp-content\/uploads\/2017\/02\/Palfi-Gabriella.jpg 607w, https:\/\/cedt.hu\/wp-content\/uploads\/2017\/02\/Palfi-Gabriella-300x236.jpg 300w, https:\/\/cedt.hu\/wp-content\/uploads\/2017\/02\/Palfi-Gabriella-400x315.jpg 400w, https:\/\/cedt.hu\/wp-content\/uploads\/2017\/02\/Palfi-Gabriella-20x16.jpg 20w\" sizes=\"(max-width: 607px) 100vw, 607px\" \/>\t\t\t\t\t\t\t\t\t\t\t\t\t\t\t<\/div>\n\t\t\t\t<\/div>\n\t\t\t\t\t<\/div>\n\t\t<\/div>\n\t\t\t\t<div class=\"elementor-column elementor-col-50 elementor-top-column elementor-element elementor-element-3d261ee\" data-id=\"3d261ee\" data-element_type=\"column\" data-e-type=\"column\">\n\t\t\t<div class=\"elementor-widget-wrap elementor-element-populated\">\n\t\t\t\t\t\t<div class=\"elementor-element elementor-element-92d17e7 elementor-widget elementor-widget-heading\" data-id=\"92d17e7\" data-element_type=\"widget\" data-e-type=\"widget\" data-widget_type=\"heading.default\">\n\t\t\t\t<div class=\"elementor-widget-container\">\n\t\t\t\t\t<h2 class=\"elementor-heading-title elementor-size-default\">III. IKF-Talentprogramm - Gabriella P\u00e1lfi<\/h2>\t\t\t\t<\/div>\n\t\t\t\t<\/div>\n\t\t\t\t<div class=\"elementor-element elementor-element-dae3f8e elementor-blockquote--skin-quotation elementor-widget elementor-widget-blockquote\" data-id=\"dae3f8e\" data-element_type=\"widget\" data-e-type=\"widget\" data-widget_type=\"blockquote.default\">\n\t\t\t\t<div class=\"elementor-widget-container\">\n\t\t\t\t\t\t\t<blockquote class=\"elementor-blockquote\">\n\t\t\t<p class=\"elementor-blockquote__content\">\n\t\t\t\tDas IKF (Forum junger Choreographen) ist ein neues Talententwicklungs- und Forschungsprogramm, dessen Hauptziel es ist, die M\u00f6glichkeiten f\u00fcr junge Choreographen zu verbessern und junge Choreographen zu f\u00f6rdern. III. IKF-Talentprogramm - Gabriella P\u00e1lfi\n\t\t\t<\/p>\n\t\t\t\t\t<\/blockquote>\n\t\t\t\t\t\t<\/div>\n\t\t\t\t<\/div>\n\t\t\t\t<div class=\"elementor-element elementor-element-b6c66df elementor-widget elementor-widget-button\" data-id=\"b6c66df\" data-element_type=\"widget\" data-e-type=\"widget\" data-widget_type=\"button.default\">\n\t\t\t\t<div class=\"elementor-widget-container\">\n\t\t\t\t\t\t\t\t\t<div class=\"elementor-button-wrapper\">\n\t\t\t\t\t<a class=\"elementor-button elementor-button-link elementor-size-sm\" href=\"https:\/\/cedt.hu\/de\/iii-ikf-tehetsegprogram-palfi-gabriella\/\">\n\t\t\t\t\t\t<span class=\"elementor-button-content-wrapper\">\n\t\t\t\t\t\t\t\t\t<span class=\"elementor-button-text\">Klicken Sie hier<\/span>\n\t\t\t\t\t<\/span>\n\t\t\t\t\t<\/a>\n\t\t\t\t<\/div>\n\t\t\t\t\t\t\t\t<\/div>\n\t\t\t\t<\/div>\n\t\t\t\t\t<\/div>\n\t\t<\/div>\n\t\t\t\t\t<\/div>\n\t\t<\/section>\n\t\t\t\t<section class=\"elementor-section elementor-top-section elementor-element elementor-element-23b17b4 elementor-section-content-middle elementor-reverse-tablet elementor-reverse-mobile elementor-section-boxed elementor-section-height-default elementor-section-height-default\" data-id=\"23b17b4\" data-element_type=\"section\" data-e-type=\"section\">\n\t\t\t\t\t\t<div class=\"elementor-container elementor-column-gap-default\">\n\t\t\t\t\t<div class=\"elementor-column elementor-col-50 elementor-top-column elementor-element elementor-element-562023e\" data-id=\"562023e\" data-element_type=\"column\" data-e-type=\"column\">\n\t\t\t<div class=\"elementor-widget-wrap elementor-element-populated\">\n\t\t\t\t\t\t<div class=\"elementor-element elementor-element-b4e002e elementor-widget elementor-widget-heading\" data-id=\"b4e002e\" data-element_type=\"widget\" data-e-type=\"widget\" data-widget_type=\"heading.default\">\n\t\t\t\t<div class=\"elementor-widget-container\">\n\t\t\t\t\t<h2 class=\"elementor-heading-title elementor-size-default\">II IKF-Talentprogramm - Mil\u00e1n \u00dajv\u00e1ri<\/h2>\t\t\t\t<\/div>\n\t\t\t\t<\/div>\n\t\t\t\t<div class=\"elementor-element elementor-element-0236cfc elementor-blockquote--skin-quotation elementor-widget elementor-widget-blockquote\" data-id=\"0236cfc\" data-element_type=\"widget\" data-e-type=\"widget\" data-widget_type=\"blockquote.default\">\n\t\t\t\t<div class=\"elementor-widget-container\">\n\t\t\t\t\t\t\t<blockquote class=\"elementor-blockquote\">\n\t\t\t<p class=\"elementor-blockquote__content\">\n\t\t\t\tDas IKF (Forum junger Choreographen) ist ein neues Talententwicklungs- und Forschungsprogramm, dessen Hauptziel es ist, die M\u00f6glichkeiten f\u00fcr junge Choreographen zu verbessern und junge Choreographen zu f\u00f6rdern. II. IKF-Talentprogramm - Mil\u00e1n \u00dajv\u00e1ri\t\t\t<\/p>\n\t\t\t\t\t<\/blockquote>\n\t\t\t\t\t\t<\/div>\n\t\t\t\t<\/div>\n\t\t\t\t<div class=\"elementor-element elementor-element-de14ccd elementor-widget elementor-widget-button\" data-id=\"de14ccd\" data-element_type=\"widget\" data-e-type=\"widget\" data-widget_type=\"button.default\">\n\t\t\t\t<div class=\"elementor-widget-container\">\n\t\t\t\t\t\t\t\t\t<div class=\"elementor-button-wrapper\">\n\t\t\t\t\t<a class=\"elementor-button elementor-button-link elementor-size-sm\" href=\"https:\/\/cedt.hu\/de\/ii-ikf-tehetsegprogram-ujvari-milan\/\">\n\t\t\t\t\t\t<span class=\"elementor-button-content-wrapper\">\n\t\t\t\t\t\t\t\t\t<span class=\"elementor-button-text\">Klicken Sie hier<\/span>\n\t\t\t\t\t<\/span>\n\t\t\t\t\t<\/a>\n\t\t\t\t<\/div>\n\t\t\t\t\t\t\t\t<\/div>\n\t\t\t\t<\/div>\n\t\t\t\t\t<\/div>\n\t\t<\/div>\n\t\t\t\t<div class=\"elementor-column elementor-col-50 elementor-top-column elementor-element elementor-element-31777f2\" data-id=\"31777f2\" data-element_type=\"column\" data-e-type=\"column\">\n\t\t\t<div class=\"elementor-widget-wrap elementor-element-populated\">\n\t\t\t\t\t\t<div class=\"elementor-element elementor-element-938c0d0 elementor-widget elementor-widget-image\" data-id=\"938c0d0\" data-element_type=\"widget\" data-e-type=\"widget\" data-widget_type=\"image.default\">\n\t\t\t\t<div class=\"elementor-widget-container\">\n\t\t\t\t\t\t\t\t\t\t\t\t\t\t\t<img loading=\"lazy\" decoding=\"async\" width=\"768\" height=\"904\" src=\"https:\/\/cedt.hu\/wp-content\/uploads\/2017\/02\/Ujvari-Mil\u00e1n.jpg\" class=\"attachment-large size-large wp-image-4324\" alt=\"\" srcset=\"https:\/\/cedt.hu\/wp-content\/uploads\/2017\/02\/Ujvari-Mil\u00e1n.jpg 768w, https:\/\/cedt.hu\/wp-content\/uploads\/2017\/02\/Ujvari-Mil\u00e1n-255x300.jpg 255w, https:\/\/cedt.hu\/wp-content\/uploads\/2017\/02\/Ujvari-Mil\u00e1n-340x400.jpg 340w, https:\/\/cedt.hu\/wp-content\/uploads\/2017\/02\/Ujvari-Mil\u00e1n-17x20.jpg 17w\" sizes=\"(max-width: 768px) 100vw, 768px\" \/>\t\t\t\t\t\t\t\t\t\t\t\t\t\t\t<\/div>\n\t\t\t\t<\/div>\n\t\t\t\t\t<\/div>\n\t\t<\/div>\n\t\t\t\t\t<\/div>\n\t\t<\/section>\n\t\t\t\t<section class=\"elementor-section elementor-top-section elementor-element elementor-element-dd139f2 elementor-section-content-middle elementor-reverse-tablet elementor-reverse-mobile elementor-section-boxed elementor-section-height-default elementor-section-height-default\" data-id=\"dd139f2\" data-element_type=\"section\" data-e-type=\"section\">\n\t\t\t\t\t\t<div class=\"elementor-container elementor-column-gap-default\">\n\t\t\t\t\t<div class=\"elementor-column elementor-col-50 elementor-top-column elementor-element elementor-element-1e3167f\" data-id=\"1e3167f\" data-element_type=\"column\" data-e-type=\"column\">\n\t\t\t<div class=\"elementor-widget-wrap elementor-element-populated\">\n\t\t\t\t\t\t<div class=\"elementor-element elementor-element-771e531 elementor-widget elementor-widget-image\" data-id=\"771e531\" data-element_type=\"widget\" data-e-type=\"widget\" data-widget_type=\"image.default\">\n\t\t\t\t<div class=\"elementor-widget-container\">\n\t\t\t\t\t\t\t\t\t\t\t\t\t\t\t<img loading=\"lazy\" decoding=\"async\" width=\"768\" height=\"843\" src=\"https:\/\/cedt.hu\/wp-content\/uploads\/2017\/02\/jobb\u00e1gy-bernadett.jpg\" class=\"attachment-large size-large wp-image-4327\" alt=\"\" srcset=\"https:\/\/cedt.hu\/wp-content\/uploads\/2017\/02\/jobb\u00e1gy-bernadett.jpg 768w, https:\/\/cedt.hu\/wp-content\/uploads\/2017\/02\/jobb\u00e1gy-bernadett-273x300.jpg 273w, https:\/\/cedt.hu\/wp-content\/uploads\/2017\/02\/jobb\u00e1gy-bernadett-364x400.jpg 364w, https:\/\/cedt.hu\/wp-content\/uploads\/2017\/02\/jobb\u00e1gy-bernadett-18x20.jpg 18w\" sizes=\"(max-width: 768px) 100vw, 768px\" \/>\t\t\t\t\t\t\t\t\t\t\t\t\t\t\t<\/div>\n\t\t\t\t<\/div>\n\t\t\t\t\t<\/div>\n\t\t<\/div>\n\t\t\t\t<div class=\"elementor-column elementor-col-50 elementor-top-column elementor-element elementor-element-be846bb\" data-id=\"be846bb\" data-element_type=\"column\" data-e-type=\"column\">\n\t\t\t<div class=\"elementor-widget-wrap elementor-element-populated\">\n\t\t\t\t\t\t<div class=\"elementor-element elementor-element-3fb0c6b elementor-widget elementor-widget-heading\" data-id=\"3fb0c6b\" data-element_type=\"widget\" data-e-type=\"widget\" data-widget_type=\"heading.default\">\n\t\t\t\t<div class=\"elementor-widget-container\">\n\t\t\t\t\t<h2 class=\"elementor-heading-title elementor-size-default\">I. IKF-Talentprogramm - Bernadett Jobb\u00e1gy\n<\/h2>\t\t\t\t<\/div>\n\t\t\t\t<\/div>\n\t\t\t\t<div class=\"elementor-element elementor-element-07b2410 elementor-blockquote--skin-quotation elementor-widget elementor-widget-blockquote\" data-id=\"07b2410\" data-element_type=\"widget\" data-e-type=\"widget\" data-widget_type=\"blockquote.default\">\n\t\t\t\t<div class=\"elementor-widget-container\">\n\t\t\t\t\t\t\t<blockquote class=\"elementor-blockquote\">\n\t\t\t<p class=\"elementor-blockquote__content\">\n\t\t\t\tDas IKF (Forum junger Choreographen) ist ein neues Talententwicklungs- und Forschungsprogramm, dessen Hauptziel es ist, die M\u00f6glichkeiten f\u00fcr junge Choreographen zu verbessern und junge Choreographen zu f\u00f6rdern. 1. IKF-Talentprogramm - Bernadett Jobb\u00e1gy\n\t\t\t<\/p>\n\t\t\t\t\t<\/blockquote>\n\t\t\t\t\t\t<\/div>\n\t\t\t\t<\/div>\n\t\t\t\t<div class=\"elementor-element elementor-element-e178d1b elementor-widget elementor-widget-button\" data-id=\"e178d1b\" data-element_type=\"widget\" data-e-type=\"widget\" data-widget_type=\"button.default\">\n\t\t\t\t<div class=\"elementor-widget-container\">\n\t\t\t\t\t\t\t\t\t<div class=\"elementor-button-wrapper\">\n\t\t\t\t\t<a class=\"elementor-button elementor-button-link elementor-size-sm\" href=\"https:\/\/cedt.hu\/de\/i-ikf-tehetsegprogram-jobbagy-bernadett\/\">\n\t\t\t\t\t\t<span class=\"elementor-button-content-wrapper\">\n\t\t\t\t\t\t\t\t\t<span class=\"elementor-button-text\">Klicken Sie hier<\/span>\n\t\t\t\t\t<\/span>\n\t\t\t\t\t<\/a>\n\t\t\t\t<\/div>\n\t\t\t\t\t\t\t\t<\/div>\n\t\t\t\t<\/div>\n\t\t\t\t\t<\/div>\n\t\t<\/div>\n\t\t\t\t\t<\/div>\n\t\t<\/section>\n\t\t\t\t<\/div>","protected":false},"excerpt":{"rendered":"<p>Az IKF (Ifj\u00fa Koreogr\u00e1fusok F\u00f3ruma) egy tehets\u00e9ggondoz\u00f3- \u00e9s kutat\u00f3program, melynek els\u0151dleges c\u00e9lja a koreogr\u00e1fusi ut\u00e1np\u00f3tl\u00e1s lehet\u0151s\u00e9geinek jav\u00edt\u00e1sa, a fiatal koreogr\u00e1fusok helyzetbehoz\u00e1sa. A k\u00f6zelm\u00falt tapasztalatai azt mutatj\u00e1k, hogy az els\u0151 darabjukra p\u00e1ly\u00e1z\u00f3 alkot\u00f3k a kor\u00e1bbin\u00e1l is kevesebb t\u00e1mogat\u00e1st kapnak, ha kapnak egy\u00e1ltal\u00e1n.A K\u00f6z\u00e9p-Eur\u00f3pa T\u00e1ncsz\u00ednh\u00e1z \u00faj strat\u00e9gia kidolgoz\u00e1s\u00e1ra v\u00e1llalkozott, hogy folytathassa a legfiatalabb alkot\u00f3kkal val\u00f3 egy\u00fcttm\u0171k\u00f6d\u00e9st. Az [&hellip;]<\/p>\n","protected":false},"author":1,"featured_media":0,"parent":0,"menu_order":0,"comment_status":"closed","ping_status":"closed","template":"","meta":{"footnotes":""},"class_list":["post-18147","page","type-page","status-publish","hentry"],"_links":{"self":[{"href":"https:\/\/cedt.hu\/de\/wp-json\/wp\/v2\/pages\/18147","targetHints":{"allow":["GET"]}}],"collection":[{"href":"https:\/\/cedt.hu\/de\/wp-json\/wp\/v2\/pages"}],"about":[{"href":"https:\/\/cedt.hu\/de\/wp-json\/wp\/v2\/types\/page"}],"author":[{"embeddable":true,"href":"https:\/\/cedt.hu\/de\/wp-json\/wp\/v2\/users\/1"}],"replies":[{"embeddable":true,"href":"https:\/\/cedt.hu\/de\/wp-json\/wp\/v2\/comments?post=18147"}],"version-history":[{"count":12,"href":"https:\/\/cedt.hu\/de\/wp-json\/wp\/v2\/pages\/18147\/revisions"}],"predecessor-version":[{"id":64329,"href":"https:\/\/cedt.hu\/de\/wp-json\/wp\/v2\/pages\/18147\/revisions\/64329"}],"wp:attachment":[{"href":"https:\/\/cedt.hu\/de\/wp-json\/wp\/v2\/media?parent=18147"}],"curies":[{"name":"wp","href":"https:\/\/api.w.org\/{rel}","templated":true}]}}