{"id":17761,"date":"2025-05-15T13:17:22","date_gmt":"2025-05-15T13:17:22","guid":{"rendered":"https:\/\/cedthu.rwpstaging.site\/?page_id=17761"},"modified":"2025-05-15T13:45:50","modified_gmt":"2025-05-15T13:45:50","slug":"effigy-kepmas","status":"publish","type":"page","link":"https:\/\/cedt.hu\/de\/effigy-kepmas\/","title":{"rendered":"Effigy \/\/ Bildergalerie"},"content":{"rendered":"<div data-elementor-type=\"wp-page\" data-elementor-id=\"17761\" class=\"elementor elementor-17761\" data-elementor-post-type=\"page\">\n\t\t\t\t\t\t<section class=\"elementor-section elementor-top-section elementor-element elementor-element-33d32722 elementor-section-boxed elementor-section-height-default elementor-section-height-default\" data-id=\"33d32722\" data-element_type=\"section\" data-e-type=\"section\" data-settings=\"{&quot;background_background&quot;:&quot;classic&quot;}\">\n\t\t\t\t\t\t<div class=\"elementor-container elementor-column-gap-default\">\n\t\t\t\t\t<div class=\"elementor-column elementor-col-100 elementor-top-column elementor-element elementor-element-78df2741\" data-id=\"78df2741\" data-element_type=\"column\" data-e-type=\"column\">\n\t\t\t<div class=\"elementor-widget-wrap elementor-element-populated\">\n\t\t\t\t\t\t<div class=\"elementor-element elementor-element-1fa68412 elementor-widget elementor-widget-image\" data-id=\"1fa68412\" data-element_type=\"widget\" data-e-type=\"widget\" data-widget_type=\"image.default\">\n\t\t\t\t<div class=\"elementor-widget-container\">\n\t\t\t\t\t\t\t\t\t\t\t\t\t\t\t<img fetchpriority=\"high\" decoding=\"async\" width=\"787\" height=\"525\" src=\"https:\/\/cedt.hu\/wp-content\/uploads\/2021\/02\/LadjanszkiMarta_Portre_foto_RolandSzabo_5601k_ff_k.jpg\" class=\"attachment-full size-full wp-image-7496\" alt=\"\" srcset=\"https:\/\/cedt.hu\/wp-content\/uploads\/2021\/02\/LadjanszkiMarta_Portre_foto_RolandSzabo_5601k_ff_k.jpg 787w, https:\/\/cedt.hu\/wp-content\/uploads\/2021\/02\/LadjanszkiMarta_Portre_foto_RolandSzabo_5601k_ff_k-300x200.jpg 300w, https:\/\/cedt.hu\/wp-content\/uploads\/2021\/02\/LadjanszkiMarta_Portre_foto_RolandSzabo_5601k_ff_k-768x512.jpg 768w, https:\/\/cedt.hu\/wp-content\/uploads\/2021\/02\/LadjanszkiMarta_Portre_foto_RolandSzabo_5601k_ff_k-400x267.jpg 400w, https:\/\/cedt.hu\/wp-content\/uploads\/2021\/02\/LadjanszkiMarta_Portre_foto_RolandSzabo_5601k_ff_k-20x13.jpg 20w\" sizes=\"(max-width: 787px) 100vw, 787px\" \/>\t\t\t\t\t\t\t\t\t\t\t\t\t\t\t<\/div>\n\t\t\t\t<\/div>\n\t\t\t\t<div class=\"elementor-element elementor-element-7f18a9b9 elementor-widget elementor-widget-text-editor\" data-id=\"7f18a9b9\" data-element_type=\"widget\" data-e-type=\"widget\" data-widget_type=\"text-editor.default\">\n\t\t\t\t<div class=\"elementor-widget-container\">\n\t\t\t\t\t\t\t\t\t<div class=\"x11i5rnm xat24cr x1mh8g0r x1vvkbs xtlvy1s\"><p>Effigy, eg\u00e9sz k\u00f6zelr\u0151l n\u00e9zve: k\u00e9pm\u00e1s. Egy m\u00e1sik k\u00e9p: m\u00e1sk\u00e9pp. Visszhangra tal\u00e1l bennem az etimol\u00f3giai sz\u00f3magyar\u00e1zat, mert \u00e9n is \u00fagy gondolok az \u00edgy k\u00e9sz\u00fcl\u0151 sz\u00f3l\u00f3ra, mint egy hasonl\u00f3s\u00e1g, hiszen az, aki a sz\u00ednpadon van egy kv\u00e1zi fikt\u00edv szem\u00e9ly. Kriszti\u00e1nb\u00f3l \u00e9s bel\u0151lem t\u00e1pl\u00e1lkozik \u00e9s Kriszti\u00e1n test\u00e9n jelenik meg, teh\u00e1t hasonl\u00f3 hozz\u00e1, de nem \u0151 egy az egyben. Az effigy sz\u00f3 megjelen\u00e9s\u00e9t 1539-ben dokument\u00e1lt\u00e1k el\u0151sz\u00f6r angol nyelvter\u00fcleten, val\u00f3sz\u00edn\u0171leg francia k\u00f6zvet\u00edt\u00e9ssel, a latin effigies egyes sz\u00e1m\u00e1b\u00f3l sz\u00e1rmazik, ami m\u00e1solatot, k\u00e9pet, hasonlatoss\u00e1got, portr\u00e9t \u00e9s szobrot jelent.<\/p><p>Tetszik a sz\u00f3magyar\u00e1zatban, hogy biblikus asszoci\u00e1ci\u00f3ja is van ennek a hasonl\u00f3s\u00e1gnak, ugyanis a Biblia szerint az isten az embert saj\u00e1t k\u00e9pm\u00e1s\u00e1ra teremtette. A fest\u0151 pedig a modell \u00e9s a saj\u00e1t elk\u00e9pzel\u00e9s\u00e9nek a k\u00e9pm\u00e1s\u00e1t veti \u00f6ssze \u00e9s az eredm\u00e9nyt festi meg. Ak\u00e1r mi, ebben a sz\u00f3l\u00f3ban. Ezt t\u00e1masztja al\u00e1 Kriszti\u00e1n hobbija is, vagyis a fest\u00e9szet, miszerint a fest\u0151 k\u00e9pm\u00e1sokat fest. A k\u00e9pm\u00e1sain nem csak arcok, hanem sorsok is l\u00e1tsz\u00f3dnak.<br \/>Ak\u00e1r a mi el\u0151ad\u00e1sunkban, a karakternek egy\u00e9ni sorsa lesz, ami kirajzol\u00f3dik \u2013 vagy nem -, ami a n\u00e9z\u0151k \u00e1ltal olvashat\u00f3 \u2013 vagy nem.<\/p><p>A k\u00e9pm\u00e1sok el\u00e9get\u00e9se az \u00e9vszakok v\u00e1ltoz\u00e1s\u00e1t jelz\u0151 sz\u00e1mos ritu\u00e1l\u00e9 r\u00e9sze, melyek Eur\u00f3pa-szerte helyi hagyom\u00e1nyok szerint t\u00f6rt\u00e9nnek. A figur\u00e1k \u00e1ltal\u00e1ban az \u00e9let \u201enemk\u00edv\u00e1natos\u201d er\u0151it (t\u00e9l, az el\u0151z\u0151 \u00e9v, boszork\u00e1nyok, J\u00fad\u00e1s) testes\u00edtik meg, \u00e9s el\u00e9get\u00e9s\u00fckkel az \u00e9let \u2013 hal\u00e1l \u00e9s \u00fajj\u00e1sz\u00fclet\u00e9s \u2013 \u00e9ves k\u00f6rforg\u00e1s\u00e1t, a t\u00e9l legy\u0151z\u00e9s\u00e9t \u00e9s a tavasz visszat\u00e9r\u00e9s\u00e9t jelzik \u00e9s \u00fcnneplik. A legt\u00f6bb hagyom\u00e1nyt \u00faj\u00e9v k\u00f6rny\u00e9k\u00e9n, a farsang v\u00e9g\u00e9n vagy a h\u00fasv\u00e9t el\u0151tti h\u00e9ten rendezik meg.<\/p><p>Portr\u00e9: Szab\u00f3 Roland<\/p><\/div>\t\t\t\t\t\t\t\t<\/div>\n\t\t\t\t<\/div>\n\t\t\t\t<div class=\"elementor-element elementor-element-5a6a3517 elementor-widget elementor-widget-heading\" data-id=\"5a6a3517\" data-element_type=\"widget\" data-e-type=\"widget\" data-widget_type=\"heading.default\">\n\t\t\t\t<div class=\"elementor-widget-container\">\n\t\t\t\t\t<h2 class=\"elementor-heading-title elementor-size-default\">Sch\u00f6pfer<\/h2>\t\t\t\t<\/div>\n\t\t\t\t<\/div>\n\t\t\t\t<div class=\"elementor-element elementor-element-53e4c329 elementor-widget-divider--view-line elementor-widget elementor-widget-divider\" data-id=\"53e4c329\" data-element_type=\"widget\" data-e-type=\"widget\" data-widget_type=\"divider.default\">\n\t\t\t\t<div class=\"elementor-widget-container\">\n\t\t\t\t\t\t\t<div class=\"elementor-divider\">\n\t\t\t<span class=\"elementor-divider-separator\">\n\t\t\t\t\t\t<\/span>\n\t\t<\/div>\n\t\t\t\t\t\t<\/div>\n\t\t\t\t<\/div>\n\t\t\t\t<div class=\"elementor-element elementor-element-4539ae40 elementor-widget elementor-widget-text-editor\" data-id=\"4539ae40\" data-element_type=\"widget\" data-e-type=\"widget\" data-widget_type=\"text-editor.default\">\n\t\t\t\t<div class=\"elementor-widget-container\">\n\t\t\t\t\t\t\t\t\t<div class=\"show-actors\"><div id=\"nested-actors\"><div><div class=\"show-actors\"><div id=\"nested-actors\"><div><h3>Koncepci\u00f3\/rendez\u00e9s<\/h3><ul><li>Marta Ladj\u00e1nszki<\/li><\/ul><\/div><div><h3>Koreogr\u00e1fia<\/h3><ul><li>Ladj\u00e1nszki M\u00e1rta \u00e9s az alkot\u00f3-\/el\u0151ad\u00f3t\u00e1rsak<\/li><\/ul><\/div><div><h3>T\u00e1ncos<\/h3><ul><li>Kriszti\u00e1n Barna<\/li><\/ul><\/div><div><h3>Zeneszerz\u0151\/el\u0151ad\u00f3<\/h3><ul><li>Varga Zsolt<\/li><\/ul><\/div><div><h3>Licht<\/h3><ul><li>Zolt\u00e1n Fogarasi<\/li><\/ul><\/div><div><h3>Koszt\u00fcm<\/h3><ul><li>Pillang\u00f3<\/li><\/ul><\/div><div><h3>Asszistens<\/h3><ul><li>Ren\u00e1ta Jo\u00f3<\/li><\/ul><\/div><div><h3>Vizu\u00e1lis seg\u00edt\u0151<\/h3><ul><li>Kov\u00e1cs Istv\u00e1n<\/li><\/ul><\/div><div><h3>K\u00fcl\u00f6n k\u00f6sz\u00f6nj\u00fck a m\u0171helymunk\u00e1ban r\u00e9szt vev\u0151 t\u00e1ncosok gondolatait, mozdulatait, inspir\u00e1l\u00f3 jelenl\u00e9t\u00e9t:<\/h3><ul><li>D\u00e1niel Attila, Gy\u00f6rke T\u00edmea, M\u00f3rocz Eszter, Sz\u00e1sz Zs\u00f3fia, Veres Fl\u00f3ra<\/li><\/ul><\/div><\/div><\/div><div class=\"show-images\"><div class=\"row no-margin\"><div class=\"col-md-12 no-padding\">\u00a0<\/div><\/div><\/div><\/div><\/div><\/div>\t\t\t\t\t\t\t\t<\/div>\n\t\t\t\t<\/div>\n\t\t\t\t<div class=\"elementor-element elementor-element-60486e7f elementor-widget elementor-widget-gallery\" data-id=\"60486e7f\" data-element_type=\"widget\" data-e-type=\"widget\" data-settings=\"{&quot;columns&quot;:3,&quot;lazyload&quot;:&quot;yes&quot;,&quot;gallery_layout&quot;:&quot;grid&quot;,&quot;columns_tablet&quot;:2,&quot;columns_mobile&quot;:1,&quot;gap&quot;:{&quot;unit&quot;:&quot;px&quot;,&quot;size&quot;:10,&quot;sizes&quot;:[]},&quot;gap_tablet&quot;:{&quot;unit&quot;:&quot;px&quot;,&quot;size&quot;:10,&quot;sizes&quot;:[]},&quot;gap_mobile&quot;:{&quot;unit&quot;:&quot;px&quot;,&quot;size&quot;:10,&quot;sizes&quot;:[]},&quot;link_to&quot;:&quot;file&quot;,&quot;aspect_ratio&quot;:&quot;3:2&quot;,&quot;overlay_background&quot;:&quot;yes&quot;,&quot;content_hover_animation&quot;:&quot;fade-in&quot;}\" data-widget_type=\"gallery.default\">\n\t\t\t\t<div class=\"elementor-widget-container\">\n\t\t\t\t\t\t\t<div class=\"elementor-gallery__container\">\n\t\t\t\t\t\t\t<a class=\"e-gallery-item elementor-gallery-item elementor-animated-content\" href=\"https:\/\/cedt.hu\/wp-content\/uploads\/2021\/11\/effigy04.jpg\" data-elementor-open-lightbox=\"yes\" data-elementor-lightbox-slideshow=\"60486e7f\" data-elementor-lightbox-title=\"effigy04\" data-e-action-hash=\"#elementor-action%3Aaction%3Dlightbox%26settings%3DeyJpZCI6ODI1OCwidXJsIjoiaHR0cHM6XC9cL2NlZHQuaHVcL3dwLWNvbnRlbnRcL3VwbG9hZHNcLzIwMjFcLzExXC9lZmZpZ3kwNC5qcGciLCJzbGlkZXNob3ciOiI2MDQ4NmU3ZiJ9\">\n\t\t\t\t\t<div class=\"e-gallery-image elementor-gallery-item__image\" data-thumbnail=\"https:\/\/cedt.hu\/wp-content\/uploads\/2021\/11\/effigy04-300x200.jpg\" data-width=\"300\" data-height=\"200\" aria-label=\"\" role=\"img\" ><\/div>\n\t\t\t\t\t\t\t\t\t\t\t<div class=\"elementor-gallery-item__overlay\"><\/div>\n\t\t\t\t\t\t\t\t\t\t\t\t\t\t<\/a>\n\t\t\t\t\t\t\t<a class=\"e-gallery-item elementor-gallery-item elementor-animated-content\" href=\"https:\/\/cedt.hu\/wp-content\/uploads\/2021\/11\/effigy33.jpg\" data-elementor-open-lightbox=\"yes\" data-elementor-lightbox-slideshow=\"60486e7f\" data-elementor-lightbox-title=\"effigy33\" data-e-action-hash=\"#elementor-action%3Aaction%3Dlightbox%26settings%3DeyJpZCI6ODI2MywidXJsIjoiaHR0cHM6XC9cL2NlZHQuaHVcL3dwLWNvbnRlbnRcL3VwbG9hZHNcLzIwMjFcLzExXC9lZmZpZ3kzMy5qcGciLCJzbGlkZXNob3ciOiI2MDQ4NmU3ZiJ9\">\n\t\t\t\t\t<div class=\"e-gallery-image elementor-gallery-item__image\" data-thumbnail=\"https:\/\/cedt.hu\/wp-content\/uploads\/2021\/11\/effigy33-300x200.jpg\" data-width=\"300\" data-height=\"200\" aria-label=\"\" role=\"img\" ><\/div>\n\t\t\t\t\t\t\t\t\t\t\t<div class=\"elementor-gallery-item__overlay\"><\/div>\n\t\t\t\t\t\t\t\t\t\t\t\t\t\t<\/a>\n\t\t\t\t\t\t\t<a class=\"e-gallery-item elementor-gallery-item elementor-animated-content\" href=\"https:\/\/cedt.hu\/wp-content\/uploads\/2021\/11\/effigy09.jpg\" data-elementor-open-lightbox=\"yes\" data-elementor-lightbox-slideshow=\"60486e7f\" data-elementor-lightbox-title=\"effigy09\" data-e-action-hash=\"#elementor-action%3Aaction%3Dlightbox%26settings%3DeyJpZCI6ODI2MCwidXJsIjoiaHR0cHM6XC9cL2NlZHQuaHVcL3dwLWNvbnRlbnRcL3VwbG9hZHNcLzIwMjFcLzExXC9lZmZpZ3kwOS5qcGciLCJzbGlkZXNob3ciOiI2MDQ4NmU3ZiJ9\">\n\t\t\t\t\t<div class=\"e-gallery-image elementor-gallery-item__image\" data-thumbnail=\"https:\/\/cedt.hu\/wp-content\/uploads\/2021\/11\/effigy09-300x200.jpg\" data-width=\"300\" data-height=\"200\" aria-label=\"\" role=\"img\" ><\/div>\n\t\t\t\t\t\t\t\t\t\t\t<div class=\"elementor-gallery-item__overlay\"><\/div>\n\t\t\t\t\t\t\t\t\t\t\t\t\t\t<\/a>\n\t\t\t\t\t<\/div>\n\t\t\t\t\t<\/div>\n\t\t\t\t<\/div>\n\t\t\t\t<div class=\"elementor-element elementor-element-37ab0fa1 elementor-widget elementor-widget-heading\" data-id=\"37ab0fa1\" data-element_type=\"widget\" data-e-type=\"widget\" data-widget_type=\"heading.default\">\n\t\t\t\t<div class=\"elementor-widget-container\">\n\t\t\t\t\t<h2 class=\"elementor-heading-title elementor-size-default\">K-Arcok: Ladj\u00e1nszki M\u00e1rta \u2013 Effigy \/\/ K\u00e9pm\u00e1s \u2013 trailer<\/h2>\t\t\t\t<\/div>\n\t\t\t\t<\/div>\n\t\t\t\t<div class=\"elementor-element elementor-element-65da21d5 elementor-widget elementor-widget-video\" data-id=\"65da21d5\" data-element_type=\"widget\" data-e-type=\"widget\" data-settings=\"{&quot;video_type&quot;:&quot;vimeo&quot;}\" data-widget_type=\"video.default\">\n\t\t\t\t<div class=\"elementor-widget-container\">\n\t\t\t\t\t\t\t<div class=\"elementor-wrapper elementor-open-inline\">\n\t\t\t<iframe class=\"elementor-video-iframe\" allowfullscreen allow=\"clipboard-write\" title=\"vimeo vide\u00f3 lej\u00e1tsz\u00f3\" src=\"https:\/\/player.vimeo.com\/video\/755950021?color&amp;autopause=0&amp;loop=0&amp;muted=0&amp;title=1&amp;portrait=1&amp;byline=1#t=\"><\/iframe>\t\t<\/div>\n\t\t\t\t\t\t<\/div>\n\t\t\t\t<\/div>\n\t\t\t\t<div class=\"elementor-element elementor-element-63735c7 elementor-widget elementor-widget-text-editor\" data-id=\"63735c7\" data-element_type=\"widget\" data-e-type=\"widget\" data-widget_type=\"text-editor.default\">\n\t\t\t\t<div class=\"elementor-widget-container\">\n\t\t\t\t\t\t\t\t\t<p><a href=\"https:\/\/vimeo.com\/755950021\">Effigy \/\/ K\u00c9PM\u00c1S trailer<\/a>\u00a0from\u00a0<a href=\"https:\/\/vimeo.com\/user10931535\">MartaLadjanszki<\/a>\u00a0on\u00a0<a href=\"https:\/\/vimeo.com\/\">Vimeo<\/a>.<\/p>\t\t\t\t\t\t\t\t<\/div>\n\t\t\t\t<\/div>\n\t\t\t\t<div class=\"elementor-element elementor-element-2921bb4 elementor-widget elementor-widget-text-editor\" data-id=\"2921bb4\" data-element_type=\"widget\" data-e-type=\"widget\" data-widget_type=\"text-editor.default\">\n\t\t\t\t<div class=\"elementor-widget-container\">\n\t\t\t\t\t\t\t\t\t<div class=\"pressauthor\">Turbulente Lilla:\u00a0 <a href=\"https:\/\/tanckritika.hu\/kategoriak\/jegyzet\/1686-turbuly-lilla-keringok-a-monotanc-korul\">Kreise um den Mono-Tanz - X INTERNATIONALES MONO-TANZ-FESTIVAL - Teil 2\u00a0 <\/a>(T\u00e1nckritika.hu) &#8211; 05\/05\/2022 <span style=\"font-family: -apple-system, BlinkMacSystemFont, 'Segoe UI', Roboto, 'Helvetica Neue', Arial, 'Noto Sans', sans-serif, 'Apple Color Emoji', 'Segoe UI Emoji', 'Segoe UI Symbol', 'Noto Color Emoji';\">...das nun neunteilige K-Arcok ist eine bemerkenswerte Errungenschaft der letzten Jahre im heimischen zeitgen\u00f6ssischen Tanz, mit einer konsequenten, qualitativ hochwertigen Umsetzung einer guten Idee.<\/span><\/div>\t\t\t\t\t\t\t\t<\/div>\n\t\t\t\t<\/div>\n\t\t\t\t\t<\/div>\n\t\t<\/div>\n\t\t\t\t\t<\/div>\n\t\t<\/section>\n\t\t\t\t<\/div>","protected":false},"excerpt":{"rendered":"<p>Effigy, eg\u00e9sz k\u00f6zelr\u0151l n\u00e9zve: k\u00e9pm\u00e1s. Egy m\u00e1sik k\u00e9p: m\u00e1sk\u00e9pp. Visszhangra tal\u00e1l bennem az etimol\u00f3giai sz\u00f3magyar\u00e1zat, mert \u00e9n is \u00fagy gondolok az \u00edgy k\u00e9sz\u00fcl\u0151 sz\u00f3l\u00f3ra, mint egy hasonl\u00f3s\u00e1g, hiszen az, aki a sz\u00ednpadon van egy kv\u00e1zi fikt\u00edv szem\u00e9ly. Kriszti\u00e1nb\u00f3l \u00e9s bel\u0151lem t\u00e1pl\u00e1lkozik \u00e9s Kriszti\u00e1n test\u00e9n jelenik meg, teh\u00e1t hasonl\u00f3 hozz\u00e1, de nem \u0151 egy az egyben. [&hellip;]<\/p>\n","protected":false},"author":1,"featured_media":0,"parent":0,"menu_order":0,"comment_status":"closed","ping_status":"closed","template":"elementor_header_footer","meta":{"footnotes":""},"class_list":["post-17761","page","type-page","status-publish","hentry"],"_links":{"self":[{"href":"https:\/\/cedt.hu\/de\/wp-json\/wp\/v2\/pages\/17761","targetHints":{"allow":["GET"]}}],"collection":[{"href":"https:\/\/cedt.hu\/de\/wp-json\/wp\/v2\/pages"}],"about":[{"href":"https:\/\/cedt.hu\/de\/wp-json\/wp\/v2\/types\/page"}],"author":[{"embeddable":true,"href":"https:\/\/cedt.hu\/de\/wp-json\/wp\/v2\/users\/1"}],"replies":[{"embeddable":true,"href":"https:\/\/cedt.hu\/de\/wp-json\/wp\/v2\/comments?post=17761"}],"version-history":[{"count":0,"href":"https:\/\/cedt.hu\/de\/wp-json\/wp\/v2\/pages\/17761\/revisions"}],"wp:attachment":[{"href":"https:\/\/cedt.hu\/de\/wp-json\/wp\/v2\/media?parent=17761"}],"curies":[{"name":"wp","href":"https:\/\/api.w.org\/{rel}","templated":true}]}}