{"id":16956,"date":"2025-05-06T16:29:01","date_gmt":"2025-05-06T16:29:01","guid":{"rendered":"https:\/\/cedthu.rwpstaging.site\/?page_id=16956"},"modified":"2025-05-06T16:43:45","modified_gmt":"2025-05-06T16:43:45","slug":"hirek","status":"publish","type":"page","link":"https:\/\/cedt.hu\/de\/hirek\/","title":{"rendered":"Hirek"},"content":{"rendered":"<div data-elementor-type=\"wp-page\" data-elementor-id=\"16956\" class=\"elementor elementor-16956\" data-elementor-post-type=\"page\">\n\t\t\t\t\t\t<section class=\"elementor-section elementor-top-section elementor-element elementor-element-702a69c elementor-section-height-min-height elementor-section-items-stretch elementor-section-boxed elementor-section-height-default\" data-id=\"702a69c\" data-element_type=\"section\" data-e-type=\"section\" data-settings=\"{&quot;background_background&quot;:&quot;classic&quot;}\">\n\t\t\t\t\t\t\t<div class=\"elementor-background-overlay\"><\/div>\n\t\t\t\t\t\t\t<div class=\"elementor-container elementor-column-gap-default\">\n\t\t\t\t\t<div class=\"elementor-column elementor-col-100 elementor-top-column elementor-element elementor-element-eda36eb\" data-id=\"eda36eb\" data-element_type=\"column\" data-e-type=\"column\">\n\t\t\t<div class=\"elementor-widget-wrap elementor-element-populated\">\n\t\t\t\t\t\t<div class=\"elementor-element elementor-element-ec1b0ae elementor-widget elementor-widget-heading\" data-id=\"ec1b0ae\" data-element_type=\"widget\" data-e-type=\"widget\" data-widget_type=\"heading.default\">\n\t\t\t\t<div class=\"elementor-widget-container\">\n\t\t\t\t\t<h2 class=\"elementor-heading-title elementor-size-default\">Nachrichten<\/h2>\t\t\t\t<\/div>\n\t\t\t\t<\/div>\n\t\t\t\t<div class=\"elementor-element elementor-element-a5ef394 elementor-widget elementor-widget-spacer\" data-id=\"a5ef394\" data-element_type=\"widget\" data-e-type=\"widget\" data-widget_type=\"spacer.default\">\n\t\t\t\t<div class=\"elementor-widget-container\">\n\t\t\t\t\t\t\t<div class=\"elementor-spacer\">\n\t\t\t<div class=\"elementor-spacer-inner\"><\/div>\n\t\t<\/div>\n\t\t\t\t\t\t<\/div>\n\t\t\t\t<\/div>\n\t\t\t\t\t<\/div>\n\t\t<\/div>\n\t\t\t\t\t<\/div>\n\t\t<\/section>\n\t\t\t\t<section class=\"elementor-section elementor-top-section elementor-element elementor-element-a7db818 elementor-section-boxed elementor-section-height-default elementor-section-height-default\" data-id=\"a7db818\" data-element_type=\"section\" data-e-type=\"section\">\n\t\t\t\t\t\t<div class=\"elementor-container elementor-column-gap-default\">\n\t\t\t\t\t<div class=\"elementor-column elementor-col-100 elementor-top-column elementor-element elementor-element-d9ab5f0\" data-id=\"d9ab5f0\" data-element_type=\"column\" data-e-type=\"column\">\n\t\t\t<div class=\"elementor-widget-wrap elementor-element-populated\">\n\t\t\t\t\t\t<div class=\"elementor-element elementor-element-548d52d elementor-grid-3 elementor-grid-tablet-2 elementor-grid-mobile-1 elementor-posts--thumbnail-top elementor-widget elementor-widget-posts\" data-id=\"548d52d\" data-element_type=\"widget\" data-e-type=\"widget\" data-settings=\"{&quot;pagination_type&quot;:&quot;prev_next&quot;,&quot;classic_columns&quot;:&quot;3&quot;,&quot;classic_columns_tablet&quot;:&quot;2&quot;,&quot;classic_columns_mobile&quot;:&quot;1&quot;,&quot;classic_row_gap&quot;:{&quot;unit&quot;:&quot;px&quot;,&quot;size&quot;:35,&quot;sizes&quot;:[]},&quot;classic_row_gap_tablet&quot;:{&quot;unit&quot;:&quot;px&quot;,&quot;size&quot;:&quot;&quot;,&quot;sizes&quot;:[]},&quot;classic_row_gap_mobile&quot;:{&quot;unit&quot;:&quot;px&quot;,&quot;size&quot;:&quot;&quot;,&quot;sizes&quot;:[]}}\" data-widget_type=\"posts.classic\">\n\t\t\t\t<div class=\"elementor-widget-container\">\n\t\t\t\t\t\t\t<div class=\"elementor-posts-container elementor-posts elementor-posts--skin-classic elementor-grid\" role=\"list\">\n\t\t\t\t<article class=\"elementor-post elementor-grid-item post-64533 post type-post status-publish format-standard hentry category-hirek\" role=\"listitem\">\n\t\t\t\t<div class=\"elementor-post__text\">\n\t\t\t\t<h5 class=\"elementor-post__title\">\n\t\t\t<a href=\"https:\/\/cedt.hu\/de\/xii-nemzetkozi-monotanc-fesztival-del-koreai-ukran-es-kozep-europai-tancmuveszek-a-bethlen-teri-szinhazban\/\" >\n\t\t\t\tXII. Nemzetk\u00f6zi Monot\u00e1nc Fesztiv\u00e1l \u2013 D\u00e9l-koreai, ukr\u00e1n \u00e9s k\u00f6z\u00e9p-eur\u00f3pai t\u00e1ncm\u0171v\u00e9szek a Bethlen T\u00e9ri Sz\u00ednh\u00e1zban\u00a0\t\t\t<\/a>\n\t\t<\/h5>\n\t\t\t\t<div class=\"elementor-post__meta-data\">\n\t\t\t\t\t<span class=\"elementor-post-date\">\n\t\t\t2026-04-21\t\t<\/span>\n\t\t\t\t<\/div>\n\t\t\t\t<div class=\"elementor-post__excerpt\">\n\t\t\t<p>2026. \u00e1prilis 22. \u00e9s 26. k\u00f6z\u00f6tt tizenkettedik alkalommal rendezz\u00fck meg a K\u00f6z\u00e9p-Eur\u00f3pa T\u00e1ncsz\u00ednh\u00e1z \u00e9s a Bethlen T\u00e9ri Sz\u00ednh\u00e1z k\u00f6z\u00f6s t\u00e1ncfesztiv\u00e1lj\u00e1t, a Nemzetk\u00f6zi Monot\u00e1nc Fesztiv\u00e1lt. A<\/p>\n\t\t<\/div>\n\t\t\n\t\t<a class=\"elementor-post__read-more\" href=\"https:\/\/cedt.hu\/de\/xii-nemzetkozi-monotanc-fesztival-del-koreai-ukran-es-kozep-europai-tancmuveszek-a-bethlen-teri-szinhazban\/\" aria-label=\"Read more about XII. Nemzetk\u00f6zi Monot\u00e1nc Fesztiv\u00e1l \u2013 D\u00e9l-koreai, ukr\u00e1n \u00e9s k\u00f6z\u00e9p-eur\u00f3pai t\u00e1ncm\u0171v\u00e9szek a Bethlen T\u00e9ri Sz\u00ednh\u00e1zban\u00a0\" tabindex=\"-1\" >\n\t\t\tMehr lesen +\t\t<\/a>\n\n\t\t\t\t<\/div>\n\t\t\t\t<\/article>\n\t\t\t\t<article class=\"elementor-post elementor-grid-item post-64212 post type-post status-publish format-standard hentry category-uncategorized-hu\" role=\"listitem\">\n\t\t\t\t<div class=\"elementor-post__text\">\n\t\t\t\t<h5 class=\"elementor-post__title\">\n\t\t\t<a href=\"https:\/\/cedt.hu\/de\/nemzetkozi-nyilt-felhivas-management-fusion-a-danceua-projekt-kereteben\/\" >\n\t\t\t\tNemzetk\u00f6zi ny\u00edlt felh\u00edv\u00e1s: Management Fusion \u2013 a Danceua projekt keret\u00e9ben\u00a0\t\t\t<\/a>\n\t\t<\/h5>\n\t\t\t\t<div class=\"elementor-post__meta-data\">\n\t\t\t\t\t<span class=\"elementor-post-date\">\n\t\t\t2026-04-10\t\t<\/span>\n\t\t\t\t<\/div>\n\t\t\t\t<div class=\"elementor-post__excerpt\">\n\t\t\t<p>2026. j\u00fanius 15-22. | Sepsiszentgy\u00f6rgy, Rom\u00e1nia&nbsp; Jelentkez\u00e9si hat\u00e1rid\u0151: 2026. m\u00e1jus 10., 22:00&nbsp; Az M Studio (Rom\u00e1nia) nemzetk\u00f6zi ny\u00edlt felh\u00edv\u00e1st hirdet a DancEUA projekt keret\u00e9ben megval\u00f3sul\u00f3<\/p>\n\t\t<\/div>\n\t\t\n\t\t<a class=\"elementor-post__read-more\" href=\"https:\/\/cedt.hu\/de\/nemzetkozi-nyilt-felhivas-management-fusion-a-danceua-projekt-kereteben\/\" aria-label=\"Read more about Nemzetk\u00f6zi ny\u00edlt felh\u00edv\u00e1s: Management Fusion \u2013 a Danceua projekt keret\u00e9ben\u00a0\" tabindex=\"-1\" >\n\t\t\tMehr lesen +\t\t<\/a>\n\n\t\t\t\t<\/div>\n\t\t\t\t<\/article>\n\t\t\t\t<article class=\"elementor-post elementor-grid-item post-63951 post type-post status-publish format-standard hentry category-hirek\" role=\"listitem\">\n\t\t\t\t<div class=\"elementor-post__text\">\n\t\t\t\t<h5 class=\"elementor-post__title\">\n\t\t\t<a href=\"https:\/\/cedt.hu\/de\/nemzetkozi-nyilt-felhivas-tancmuveszeknek-artist-in-residence-a-danceua-projekt-kereteben\/\" >\n\t\t\t\tInternationale Ausschreibung f\u00fcr Tanzk\u00fcnstler: Artist-in-Residence - Danceua-Projekt\t\t\t<\/a>\n\t\t<\/h5>\n\t\t\t\t<div class=\"elementor-post__meta-data\">\n\t\t\t\t\t<span class=\"elementor-post-date\">\n\t\t\t2026-03-30\t\t<\/span>\n\t\t\t\t<\/div>\n\t\t\t\t<div class=\"elementor-post__excerpt\">\n\t\t\t<p>18-31 Mai 2026 \/ 26. Oktober - 15. November 2026 | Vitlycke - CPA, Schweden Anmeldeschluss: 12. April 2026, 23:59 Uhr Das Vitlycke - Zentrum<\/p>\n\t\t<\/div>\n\t\t\n\t\t<a class=\"elementor-post__read-more\" href=\"https:\/\/cedt.hu\/de\/nemzetkozi-nyilt-felhivas-tancmuveszeknek-artist-in-residence-a-danceua-projekt-kereteben\/\" aria-label=\"Read more about Nemzetk\u00f6zi ny\u00edlt felh\u00edv\u00e1s t\u00e1ncm\u0171v\u00e9szeknek: Artist-in-Residence \u2013 a Danceua projekt keret\u00e9ben\" tabindex=\"-1\" >\n\t\t\tMehr lesen +\t\t<\/a>\n\n\t\t\t\t<\/div>\n\t\t\t\t<\/article>\n\t\t\t\t<article class=\"elementor-post elementor-grid-item post-63832 post type-post status-publish format-standard hentry category-uncategorized-hu\" role=\"listitem\">\n\t\t\t\t<div class=\"elementor-post__text\">\n\t\t\t\t<h5 class=\"elementor-post__title\">\n\t\t\t<a href=\"https:\/\/cedt.hu\/de\/nemzetkozi-nyilt-felhivas-tancmuveszeknek-dance-communication-lab-zagrab\/\" >\n\t\t\t\tInternationaler offener Aufruf f\u00fcr Tanzk\u00fcnstler: Dance Communication Lab - Zagreb\t\t\t<\/a>\n\t\t<\/h5>\n\t\t\t\t<div class=\"elementor-post__meta-data\">\n\t\t\t\t\t<span class=\"elementor-post-date\">\n\t\t\t2026-03-24\t\t<\/span>\n\t\t\t\t<\/div>\n\t\t\t\t<div class=\"elementor-post__excerpt\">\n\t\t\t<p>19.-20. Mai 2026 | Zagreb, Kroatien Einsendeschluss: 17. April 2026, 16:00 Uhr.  Das Hrvatski institut za pokret i ples - HIPP (Kroatien) ver\u00f6ffentlicht einen internationalen Aufruf zur Bewerbung<\/p>\n\t\t<\/div>\n\t\t\n\t\t<a class=\"elementor-post__read-more\" href=\"https:\/\/cedt.hu\/de\/nemzetkozi-nyilt-felhivas-tancmuveszeknek-dance-communication-lab-zagrab\/\" aria-label=\"Read more about Nemzetk\u00f6zi ny\u00edlt felh\u00edv\u00e1s t\u00e1ncm\u0171v\u00e9szeknek: Dance Communication Lab \u2013 Z\u00e1gr\u00e1b\" tabindex=\"-1\" >\n\t\t\tMehr lesen +\t\t<\/a>\n\n\t\t\t\t<\/div>\n\t\t\t\t<\/article>\n\t\t\t\t<article class=\"elementor-post elementor-grid-item post-63777 post type-post status-publish format-standard hentry category-uncategorized-hu\" role=\"listitem\">\n\t\t\t\t<div class=\"elementor-post__text\">\n\t\t\t\t<h5 class=\"elementor-post__title\">\n\t\t\t<a href=\"https:\/\/cedt.hu\/de\/kocbaba-a-nemzeti-tancszinhazban-a-budapesti-szinhazak-ejszakaja-kereteben\/\" >\n\t\t\t\tBaby Doll im Nationalen Tanztheater im Rahmen der Budapester Theaternacht\u00a0\t\t\t<\/a>\n\t\t<\/h5>\n\t\t\t\t<div class=\"elementor-post__meta-data\">\n\t\t\t\t\t<span class=\"elementor-post-date\">\n\t\t\t2026-03-16\t\t<\/span>\n\t\t\t\t<\/div>\n\t\t\t\t<div class=\"elementor-post__excerpt\">\n\t\t\t<p>Am Vormittag des 21. M\u00e4rz wird im Rahmen der Budapester Theaternacht unsere Inszenierung von Baby Claus erneut im Nationaltanztheater gezeigt.  Das St\u00fcck, das sich an Vorschulkinder und Schulkinder richtet<\/p>\n\t\t<\/div>\n\t\t\n\t\t<a class=\"elementor-post__read-more\" href=\"https:\/\/cedt.hu\/de\/kocbaba-a-nemzeti-tancszinhazban-a-budapesti-szinhazak-ejszakaja-kereteben\/\" aria-label=\"Read more about K\u00f3cbaba a Nemzeti T\u00e1ncsz\u00ednh\u00e1zban a Budapesti Sz\u00ednh\u00e1zak \u00c9jszak\u00e1ja keret\u00e9ben\u00a0\" tabindex=\"-1\" >\n\t\t\tMehr lesen +\t\t<\/a>\n\n\t\t\t\t<\/div>\n\t\t\t\t<\/article>\n\t\t\t\t<article class=\"elementor-post elementor-grid-item post-63286 post type-post status-publish format-standard hentry category-hirek\" role=\"listitem\">\n\t\t\t\t<div class=\"elementor-post__text\">\n\t\t\t\t<h5 class=\"elementor-post__title\">\n\t\t\t<a href=\"https:\/\/cedt.hu\/de\/tempo-gobi-rita-uj-koreografiaja-a-kozep-europa-tancszinhazzal\/\" >\n\t\t\t\tTempo - Neue Choreographie von Rita G\u00f3bi mit dem Central Europe Dance Theatre\u00a0\t\t\t<\/a>\n\t\t<\/h5>\n\t\t\t\t<div class=\"elementor-post__meta-data\">\n\t\t\t\t\t<span class=\"elementor-post-date\">\n\t\t\t2026-02-27\t\t<\/span>\n\t\t\t\t<\/div>\n\t\t\t\t<div class=\"elementor-post__excerpt\">\n\t\t\t<p>Am Abend des 6. M\u00e4rz wird das Nationale Tanztheater das neue St\u00fcck Tempo urauff\u00fchren, eine neue Produktion unserer Kompanie, die von Rita G\u00f3bi choreografiert wurde.  \u201cNimm das Tempo auf! Ausatmen-ausatmen, ein Bein<\/p>\n\t\t<\/div>\n\t\t\n\t\t<a class=\"elementor-post__read-more\" href=\"https:\/\/cedt.hu\/de\/tempo-gobi-rita-uj-koreografiaja-a-kozep-europa-tancszinhazzal\/\" aria-label=\"Read more about Tempo &#8211; G\u00f3bi Rita \u00faj koreogr\u00e1fi\u00e1ja a K\u00f6z\u00e9p-Eur\u00f3pa T\u00e1ncsz\u00ednh\u00e1zzal\u00a0\" tabindex=\"-1\" >\n\t\t\tMehr lesen +\t\t<\/a>\n\n\t\t\t\t<\/div>\n\t\t\t\t<\/article>\n\t\t\t\t<article class=\"elementor-post elementor-grid-item post-62410 post type-post status-publish format-standard hentry category-uncategorized-hu\" role=\"listitem\">\n\t\t\t\t<div class=\"elementor-post__text\">\n\t\t\t\t<h5 class=\"elementor-post__title\">\n\t\t\t<a href=\"https:\/\/cedt.hu\/de\/marciusban-svedorszagban-vendegszerepel-a-ket\/\" >\n\t\t\t\tKET ist im M\u00e4rz in Schweden!\u00a0\t\t\t<\/a>\n\t\t<\/h5>\n\t\t\t\t<div class=\"elementor-post__meta-data\">\n\t\t\t\t\t<span class=\"elementor-post-date\">\n\t\t\t2026-02-20\t\t<\/span>\n\t\t\t\t<\/div>\n\t\t\t\t<div class=\"elementor-post__excerpt\">\n\t\t\t<p>Wir freuen uns, Ihnen mitteilen zu k\u00f6nnen, dass die Kompanie des Central Europe Dance Theatre am 14. M\u00e4rz in Schweden auftreten wird! Das Vitlycke - Zentrum f\u00fcr darstellende K\u00fcnste wird Gastgeber f\u00fcr Maciej<\/p>\n\t\t<\/div>\n\t\t\n\t\t<a class=\"elementor-post__read-more\" href=\"https:\/\/cedt.hu\/de\/marciusban-svedorszagban-vendegszerepel-a-ket\/\" aria-label=\"Read more about M\u00e1rciusban Sv\u00e9dorsz\u00e1gban vend\u00e9gszerepel a KET!\u00a0\" tabindex=\"-1\" >\n\t\t\tMehr lesen +\t\t<\/a>\n\n\t\t\t\t<\/div>\n\t\t\t\t<\/article>\n\t\t\t\t<article class=\"elementor-post elementor-grid-item post-62301 post type-post status-publish format-standard hentry category-hirek\" role=\"listitem\">\n\t\t\t\t<div class=\"elementor-post__text\">\n\t\t\t\t<h5 class=\"elementor-post__title\">\n\t\t\t<a href=\"https:\/\/cedt.hu\/de\/allashirdetes-palyazati-menedzser-es-kulturalis-projektkoordinator\/\" >\n\t\t\t\tStellenausschreibung - Programmmanager und Koordinator f\u00fcr Kulturprojekte\t\t\t<\/a>\n\t\t<\/h5>\n\t\t\t\t<div class=\"elementor-post__meta-data\">\n\t\t\t\t\t<span class=\"elementor-post-date\">\n\t\t\t2026-02-13\t\t<\/span>\n\t\t\t\t<\/div>\n\t\t\t\t<div class=\"elementor-post__excerpt\">\n\t\t\t<p>Das Theater Bethlen T\u00e9ri und das Tanztheater Mitteleuropa suchen eine\/n Projektmanager\/in \/ Koordinator\/in f\u00fcr Kulturprojekte, der\/die sich f\u00fcr die Durchf\u00fchrung von nationalen und internationalen Kulturprojekten begeistert,<\/p>\n\t\t<\/div>\n\t\t\n\t\t<a class=\"elementor-post__read-more\" href=\"https:\/\/cedt.hu\/de\/allashirdetes-palyazati-menedzser-es-kulturalis-projektkoordinator\/\" aria-label=\"Read more about \u00c1ll\u00e1shirdet\u00e9s \u2013 P\u00e1ly\u00e1zati menedzser \u00e9s kultur\u00e1lis projektkoordin\u00e1tor\" tabindex=\"-1\" >\n\t\t\tMehr lesen +\t\t<\/a>\n\n\t\t\t\t<\/div>\n\t\t\t\t<\/article>\n\t\t\t\t<article class=\"elementor-post elementor-grid-item post-60977 post type-post status-publish format-standard hentry category-hirek\" role=\"listitem\">\n\t\t\t\t<div class=\"elementor-post__text\">\n\t\t\t\t<h5 class=\"elementor-post__title\">\n\t\t\t<a href=\"https:\/\/cedt.hu\/de\/nemzetkozi-nyilt-felhivas-tancmuveszek-szamara-a-beyond-front-bridging-periphery-projekt-kereteben\/\" >\n\t\t\t\tInternationaler offener Aufruf f\u00fcr Tanzk\u00fcnstler - Beyond Front@: Bridging Periphery project\t\t\t<\/a>\n\t\t<\/h5>\n\t\t\t\t<div class=\"elementor-post__meta-data\">\n\t\t\t\t\t<span class=\"elementor-post-date\">\n\t\t\t2026-01-16\t\t<\/span>\n\t\t\t\t<\/div>\n\t\t\t\t<div class=\"elementor-post__excerpt\">\n\t\t\t<p>19.-23. M\u00e4rz 2026 | Sf\u00e2ntu Gheorghe, Rum\u00e4nien Bewerbungsschluss: 10. Februar 2026 M Studio (Rum\u00e4nien) ver\u00f6ffentlicht eine internationale Ausschreibung f\u00fcr das DCL - Dance Communication Lab<\/p>\n\t\t<\/div>\n\t\t\n\t\t<a class=\"elementor-post__read-more\" href=\"https:\/\/cedt.hu\/de\/nemzetkozi-nyilt-felhivas-tancmuveszek-szamara-a-beyond-front-bridging-periphery-projekt-kereteben\/\" aria-label=\"Read more about Nemzetk\u00f6zi ny\u00edlt felh\u00edv\u00e1s t\u00e1ncm\u0171v\u00e9szek sz\u00e1m\u00e1ra \u2013 a Beyond Front@: Bridging Periphery projekt keret\u00e9ben\" tabindex=\"-1\" >\n\t\t\tMehr lesen +\t\t<\/a>\n\n\t\t\t\t<\/div>\n\t\t\t\t<\/article>\n\t\t\t\t<\/div>\n\t\t\n\t\t\t\t<div class=\"e-load-more-anchor\" data-page=\"1\" data-max-page=\"6\" data-next-page=\"https:\/\/cedt.hu\/de\/wp-json\/wp\/v2\/pages\/16956\/page\/2\/\"><\/div>\n\t\t\t\t<nav class=\"elementor-pagination\" aria-label=\"Pagination\">\n\t\t\t<span class=\"page-numbers prev\">\" vorhergehend<\/span>\n<a class=\"page-numbers next\" href=\"https:\/\/cedt.hu\/de\/wp-json\/wp\/v2\/pages\/16956\/page\/2\/\">N\u00e4chste \"<\/a>\t\t<\/nav>\n\t\t\t\t\t\t<\/div>\n\t\t\t\t<\/div>\n\t\t\t\t\t<\/div>\n\t\t<\/div>\n\t\t\t\t\t<\/div>\n\t\t<\/section>\n\t\t\t\t<\/div>","protected":false},"excerpt":{"rendered":"<p>Nachrichten<\/p>","protected":false},"author":1,"featured_media":0,"parent":0,"menu_order":0,"comment_status":"closed","ping_status":"closed","template":"elementor_header_footer","meta":{"footnotes":""},"class_list":["post-16956","page","type-page","status-publish","hentry"],"_links":{"self":[{"href":"https:\/\/cedt.hu\/de\/wp-json\/wp\/v2\/pages\/16956","targetHints":{"allow":["GET"]}}],"collection":[{"href":"https:\/\/cedt.hu\/de\/wp-json\/wp\/v2\/pages"}],"about":[{"href":"https:\/\/cedt.hu\/de\/wp-json\/wp\/v2\/types\/page"}],"author":[{"embeddable":true,"href":"https:\/\/cedt.hu\/de\/wp-json\/wp\/v2\/users\/1"}],"replies":[{"embeddable":true,"href":"https:\/\/cedt.hu\/de\/wp-json\/wp\/v2\/comments?post=16956"}],"version-history":[{"count":0,"href":"https:\/\/cedt.hu\/de\/wp-json\/wp\/v2\/pages\/16956\/revisions"}],"wp:attachment":[{"href":"https:\/\/cedt.hu\/de\/wp-json\/wp\/v2\/media?parent=16956"}],"curies":[{"name":"wp","href":"https:\/\/api.w.org\/{rel}","templated":true}]}}