{"id":10966,"date":"2023-09-04T16:24:47","date_gmt":"2023-09-04T16:24:47","guid":{"rendered":"https:\/\/cedt.hu\/?page_id=10966\/"},"modified":"2023-09-05T12:52:42","modified_gmt":"2023-09-05T12:52:42","slug":"young-choreographers-platform-ycp-2023","status":"publish","type":"page","link":"https:\/\/cedt.hu\/de\/young-choreographers-platform-ycp-2023\/","title":{"rendered":"Plattform f\u00fcr junge Choreographen - YCP 2023 - OPEN CALL"},"content":{"rendered":"<p><strong>Plattform junger Choreographen - YCP 2023<\/strong><\/p>\n<p><strong>Das Mitteleurop\u00e4ische Tanztheater freut sich, auch in diesem Jahr eine offene Ausschreibung unter dem Namen \u201eIKF 2023\u201d - Forum junger Choreographen - zu ver\u00f6ffentlichen. In diesem Jahr geben wir zum 25. Mal einem jungen K\u00fcnstler die M\u00f6glichkeit, seine Arbeit zu pr\u00e4sentieren.<\/strong><\/p>\n<p>&nbsp;<\/p>\n<p>2013 hat sich das KET vorgenommen, eine neue Strategie zu entwickeln, um eine neue Grundlage f\u00fcr die Arbeit mit den j\u00fcngsten K\u00fcnstlern zu schaffen und neue Perspektiven f\u00fcr die Arbeit mit ihnen zu er\u00f6ffnen. Der Start des Talentprogramms hat die Notwendigkeit unserer Initiative best\u00e4tigt: 24 junge Choreographen haben bisher die M\u00f6glichkeit erhalten, ihre Arbeit zu pr\u00e4sentieren: Jobb\u00e1gy Bernadett, \u00dajv\u00e1ri Mil\u00e1n, P\u00e1lfi Gabriella, Grecs\u00f3 Zolt\u00e1n, Ujsz\u00e1szi Dorottya, Varga Kinga, Gyulai J\u00falia, Hal\u00e1sz G\u00e1bor, Szamosi Judit, Kiss Anik\u00f3, Simk\u00f3 Beatrix, T\u00fari Lajos P\u00e9ter, Samu Krist\u00f3f, Szarvas Krisztina, D\u00e1vid Mik\u00f3, Gyula Cserepes, Eva Urbanova (SK), Anna Miku\u0142a-Pawe\u0142 Urbanowicz (PL), Magda Niedzielska (PL), Csilla Nagy, Rita G\u00f3bi oder, au\u00dfer Konkurrenz, aber zwei KET-T\u00e4nzer, Kriszti\u00e1n Barna und D\u00e1vid Dab\u00f3czi. Wie Sie den Namen entnehmen k\u00f6nnen, wird das Talentf\u00f6rderungs- und Forschungsprogramm 2020 auf eine internationale Ebene gehoben.<\/p>\n<p>Viele der aufgef\u00fchrten jungen K\u00fcnstler wurden eingeladen, eigenst\u00e4ndige Werke f\u00fcr das KET zu schaffen. 2017 wurde Beatrix Simk\u00f3s Demonstration f\u00fcr den Rudolf-L\u00e1b\u00e1n-Preis nominiert und Magda Niedzielskas Kreation wurde f\u00fcr die 10.<\/p>\n<p>Der Gewinner erh\u00e4lt die M\u00f6glichkeit, eine Woche lang mit der KET-Kompanie und dem Proberaum zu arbeiten, und zwar w\u00e4hrend eines Abends im Rahmen des Sissi-Herbst-Tanzfestivals, wo er mit den Tanzk\u00fcnstlern unter professioneller Anleitung arbeitet. Am Ende der Woche wird die Arbeit in einer \u00f6ffentlichen Vorf\u00fchrung im Bethlen-T\u00e9ri-Theater pr\u00e4sentiert, bei der die Techniker und Techniker des Theaters zur Verf\u00fcgung stehen. Die fertige Choreografie wird in einer Fotodokumentation festgehalten, die den jungen K\u00fcnstlern bei k\u00fcnftigen Wettbewerben als Referenz dienen wird. Dar\u00fcber hinaus werden vor dem einw\u00f6chigen Probenprozess weitere Gelegenheiten zur Vorbereitung der Vorf\u00fchrung mit Trainingseinheiten f\u00fcr die T\u00e4nzer geboten, bei denen die Darsteller die eigene Bewegungswelt der jungen Choreografen kennen lernen, w\u00e4hrend die Macher auch die Tanzk\u00fcnstler des Programms kennen lernen.<\/p>\n<p>&nbsp;<\/p>\n<p>F\u00fcnf Tage der Sch\u00f6pfung: 6-10. November 2023.<\/p>\n<p>Ort der Demonstration: <em>Theater am Bethlenplatz<\/em><\/p>\n<p>Zeitpunkt der Demonstration: 11. November 2023<\/p>\n<p>&nbsp;<\/p>\n<p>Liste des Antrags und der beizuf\u00fcgenden Unterlagen:<\/p>\n<ul>\n<li><em>Zusammenfassung<\/em><\/li>\n<li><em>Anzahl der Teilnehmer<\/em><\/li>\n<li><em>Curriculum Vitae<\/em><\/li>\n<li><em>Referenzen als T\u00e4nzer (und Sch\u00f6pfer, falls vorhanden) - <\/em>YouTube<em> oder <\/em>Vimeo<em> Link<\/em><\/li>\n<li><em>Referenzen von zwei bekannten K\u00fcnstlern (mit denen der Bewerber bereits zusammenarbeiten konnte oder die mit der Arbeit des K\u00fcnstlers vertraut sind und seine Bewerbung unterst\u00fctzen k\u00f6nnen)\u00a0<\/em><\/li>\n<\/ul>\n<p>&nbsp;<\/p>\n<p>Frist f\u00fcr die Einreichung: <strong>1. Oktober, Mitternacht<\/strong><\/p>\n<p>Bekanntgabe der Ergebnisse: <strong>12. Oktober, mittags<\/strong><\/p>\n<p>Die Ergebnisse werden vor der Pr\u00e4sentation des Beitrags und des Durchf\u00fchrungsplans bekannt gegeben!<\/p>\n<p>&nbsp;<\/p>\n<p>Die Bewerbungen sind hochzuladen auf die Website <a href=\"https:\/\/forms.gle\/ZN2txYMSDa2KRQmF8\">Google Formulare<\/a> Seite.<\/p>\n<p>Weitere Informationen: <a href=\"mailto:info@cedt.hu\">info@cedt.hu<\/a><\/p>","protected":false},"excerpt":{"rendered":"<p>Young Choreographers Platform\u00a0\u2013 YCP 2023 Central European Dance Theatre is pleased to announce that this year again it is launching an open call for applications under the name &#8222;IKF 2023&#8221; &#8211; Young Choreographers Forum. This year, for the 25th time, we are giving the opportunity to a young artist to showcase his or her work. [&hellip;]<\/p>\n","protected":false},"author":7,"featured_media":10969,"parent":0,"menu_order":0,"comment_status":"open","ping_status":"closed","template":"","meta":{"footnotes":""},"class_list":["post-10966","page","type-page","status-publish","has-post-thumbnail","hentry"],"_links":{"self":[{"href":"https:\/\/cedt.hu\/de\/wp-json\/wp\/v2\/pages\/10966","targetHints":{"allow":["GET"]}}],"collection":[{"href":"https:\/\/cedt.hu\/de\/wp-json\/wp\/v2\/pages"}],"about":[{"href":"https:\/\/cedt.hu\/de\/wp-json\/wp\/v2\/types\/page"}],"author":[{"embeddable":true,"href":"https:\/\/cedt.hu\/de\/wp-json\/wp\/v2\/users\/7"}],"replies":[{"embeddable":true,"href":"https:\/\/cedt.hu\/de\/wp-json\/wp\/v2\/comments?post=10966"}],"version-history":[{"count":0,"href":"https:\/\/cedt.hu\/de\/wp-json\/wp\/v2\/pages\/10966\/revisions"}],"wp:featuredmedia":[{"embeddable":true,"href":"https:\/\/cedt.hu\/de\/wp-json\/wp\/v2\/media\/10969"}],"wp:attachment":[{"href":"https:\/\/cedt.hu\/de\/wp-json\/wp\/v2\/media?parent=10966"}],"curies":[{"name":"wp","href":"https:\/\/api.w.org\/{rel}","templated":true}]}}