{"id":10908,"date":"2023-08-01T00:00:00","date_gmt":"2023-08-01T00:00:00","guid":{"rendered":"https:\/\/cedt.hu\/?page_id=10908\/"},"modified":"2023-08-26T09:48:56","modified_gmt":"2023-08-26T09:48:56","slug":"dcl-dance-communication-lab-2023","status":"publish","type":"page","link":"https:\/\/cedt.hu\/de\/dcl-dance-communication-lab-2023\/","title":{"rendered":"DCL - Tanz-Kommunikationslabor 2023"},"content":{"rendered":"<p><strong>DCL - Tanz-Kommunikationslabor<i>\u00a0<\/i>2023<\/strong><\/p>\n<p>15<sup>th<\/sup> - 17<sup>th<\/sup> November, Budapest, Ungarn<\/p>\n<p>&nbsp;<\/p>\n<p>Wir freuen uns, Ihnen mitteilen zu k\u00f6nnen, dass wir die Ehre haben, Mitglied der <em>Jenseits von Front@: \u00dcberbr\u00fcckung der Peripherie<\/em> - ein neues Projekt von Creative Europe! Dance Communication Lab - DCL ist ein Teil dieses Programms.<\/p>\n<p>Beyond Front@: Bridging Periphery ist ein Projekt von Creative Europe (2023-2026), das von <em>Mitteleurop\u00e4isches Tanztheater - CEDT<\/em> (Ungarn), <em>Bunker<\/em> (Slowenien), <em>Hrvatski institut za pokret i ples - HIPP<\/em> (Kroatien), <em>Krakauer Tanztheater - Krakowski Teatr Ta\u0144ca<\/em> (Polen), <em>M-Studio <\/em>(Rum\u00e4nien) und <em>Vitlycke - CPA<\/em> (Schweden) zur F\u00f6rderung der lokalen Entwicklung im Bereich des zeitgen\u00f6ssischen Tanzes.<\/p>\n<p>Als n\u00e4chsten Schritt des Projekts k\u00fcndigt das Central Europe Dance Theatre (CEDT) einen internationalen OPEN CALL f\u00fcr die Teilnahme an <strong>DCL - <em>Tanz-Kommunikationslabor<\/em><\/strong> in <em>Budapest<\/em> f\u00fcr T\u00e4nzerinnen und T\u00e4nzer aus den Partnerl\u00e4ndern: Ungarn, Slowenien, Kroatien, Polen, Rum\u00e4nien und Schweden.<\/p>\n<p>&nbsp;<\/p>\n<p>Aber erstens, <strong>Was ist ein DCL im Allgemeinen?<\/strong> DCL - Dance communication Lab ist eine kurzfristige Austauschformel zwischen T\u00e4nzern, bei der das Hauptziel darin besteht, dass sich 6 professionelle T\u00e4nzer aus den oben genannten Partnerl\u00e4ndern \u00fcber die Improvisation kennenlernen, die der charakteristischste Schaffensprozess im zeitgen\u00f6ssischen Tanz ist. Das zweit\u00e4gige Forschungsprojekt findet unter der Leitung eines ungarischen T\u00e4nzer-Choreographen statt. Der Schwerpunkt des DCL liegt auf der Verk\u00f6rperung der Vorstellungskraft.<\/p>\n<p>Zentrale Arbeitselemente sind die Intentionen und das Handeln\/Operieren - was die T\u00e4nzer mit ihrem Tun im Auff\u00fchrungsraum bewirken und wie es auf sie wirkt. Dieser imaginative Prozess wird am Ende in einer kurzen Performance verk\u00f6rpert.<\/p>\n<p>Die Auff\u00fchrung kann in jedem Format und an jedem Ort stattfinden (z. B. drinnen, drau\u00dfen, zu Fu\u00df), dauert in der Regel zwischen 15 und 40 Minuten und findet vor Publikum statt.<\/p>\n<p>DCL CEDT-Budapest findet statt am 15.<sup>th<\/sup> -17<sup>th<\/sup> November 2023 als Teil der j\u00e4hrlichen <em>Sissi Herbst Tanzwoche<\/em> (S\u0150T7) im Bethlen Square Theater.<\/p>\n<p>&nbsp;<\/p>\n<p><strong><em>Wann? <\/em><\/strong>Das Werk wird am 17.<sup>th<\/sup> November<\/p>\n<p>Dieses DCL wird mit einer \u00f6ffentlichen improvisierten Auff\u00fchrung abgeschlossen, die am 17.<sup>th<\/sup> November, dem Schlusstag der <em>Sissi Herbst Tanzwoche<\/em>. Wir werden uns also etwas fr\u00fcher am 14.<sup>th<\/sup> bei Ihrer Ankunft.<\/p>\n<p>Die Arbeiten beginnen am 15.<sup>th<\/sup> und letzte 16<sup>th<\/sup>. Der t\u00e4gliche Zeitplan f\u00fcr die \u201cProben\u201d - in unserem Proberaum - wird sp\u00e4ter mit dem Mentor besprochen. Ihr Abreisetag ist der 18.<sup>th<\/sup>.<\/p>\n<p><strong><em>Wo? <\/em><\/strong>Wo wird die Auff\u00fchrung genau stattfinden? Genau? Hmm... DCL kann \u00fcberall in der Stadt auftauchen! Haltet die Augen offen!<\/p>\n<p>&nbsp;<\/p>\n<p>Die Teilnahme am Kurs unterliegt folgenden Bedingungen <em>Kriterien<\/em>:<\/p>\n<ul>\n<li><em>nur<\/em> Tanzk\u00fcnstler aus den aufgef\u00fchrten L\u00e4ndern sind eingeladen und akzeptiert<\/li>\n<li><em>nur <\/em>Tanzk\u00fcnstler, die ihren ausf\u00fchrlichen beruflichen Lebenslauf hochladen, k\u00f6nnen sich bewerben<\/li>\n<li>wir sind <em>haupts\u00e4chlich<\/em> - aber nicht ausschlie\u00dflich - auf der Suche nach Tanzk\u00fcnstlern mit Hochschul- oder Universit\u00e4tsabschluss und\/oder B\u00fchnenerfahrung<\/li>\n<\/ul>\n<p>&nbsp;<\/p>\n<p><em>Hinweis<\/em> dass <u>Anmeldung<\/u> ist offen, aber die Zahl der Teilnehmer ist auf 6 begrenzt! Das Dance Communication Lab, an dem die sechs Partner beteiligt sind, wird aus jedem Land einen T\u00e4nzer ausw\u00e4hlen.<\/p>\n<p>&nbsp;<\/p>\n<p><em>Was wir anbieten werden: <\/em><\/p>\n<ul>\n<li>Unterkunft f\u00fcr vier N\u00e4chte<\/li>\n<li>Verpflegung w\u00e4hrend des Aufenthaltes<\/li>\n<li>Eintrittskarten f\u00fcr das Festival<\/li>\n<\/ul>\n<p>Der Beyond Front@-Projektpartner aus Ihrem Land wird sich mit dem Thema befassen:<\/p>\n<ul>\n<li>Ihre Teilnahmegeb\u00fchr in H\u00f6he von 150 EUR (ja, Sie werden f\u00fcr Ihre Teilnahme belohnt)<\/li>\n<li>Reisekosten<\/li>\n<\/ul>\n<p>&nbsp;<\/p>\n<p><em>Wie bewirbt man sich? <\/em><\/p>\n<p>Sie k\u00f6nnen sich bewerben, indem Sie dieses Formular ausf\u00fcllen <a href=\"https:\/\/forms.gle\/526zX25vBuBvYrKW7\">Google-Formular<\/a> wo auch das Hochladen der folgenden Bewerbungsunterlagen erforderlich ist:<\/p>\n<ul>\n<li>Lebenslauf - Bildungshintergrund (abgeschlossene Studien, Kurse und Workshops)<\/li>\n<li>Stellen Sie sich in 100 W\u00f6rtern vor und sagen Sie, warum Sie dem DCL CEDT beitreten m\u00f6chten.<\/li>\n<li>Videomaterial - je mehr, desto besser - repr\u00e4sentiert Ihre Arbeit am besten\n<ul>\n<li>Bitte geben Sie den Link zu Ihren Videos an, aber stellen Sie sicher, dass Sie sie uns zur Verf\u00fcgung stellen. Falls sie passwortgesch\u00fctzt sind, f\u00fcgen Sie sie Ihrem Lebenslauf bei.<\/li>\n<li><em>Wichtig<\/em>Wir akzeptieren keine Links von WeTransfer oder anderen Dateitransferdiensten!<\/li>\n<\/ul>\n<\/li>\n<\/ul>\n<p>Das Formular verlangt auch eine Best\u00e4tigung, aus welchem Land Sie kommen und Ihre Kontaktdaten.<\/p>\n<p>&nbsp;<\/p>\n<p><strong><em>Deadline<\/em><\/strong> der Anwendung: MIDNIGHT am <em>23<\/em><em><sup>rd<\/sup><\/em><em> August<br \/>\n<\/em>Alle T\u00e4nzer werden per E-Mail benachrichtigt am <em>30<\/em><em><sup> th<\/sup><\/em> <em>August<\/em><\/p>\n<p>&nbsp;<\/p>\n<p>Und wenn Sie weitere Fragen haben, schreiben Sie bitte an <a href=\"mailto:info@cedt.hu\">info@cedt.hu<\/a><\/p>\n<p>&nbsp;<\/p>\n<p>Mit Dance Communication Lab wollen wir eine Br\u00fccke zwischen Tanzk\u00fcnstlern aus verschiedenen L\u00e4ndern schlagen und ihnen wichtige Erfahrungen vermitteln, die ihnen helfen, ihre Karriere in der internationalen Tanzszene voranzutreiben.<\/p>\n<p>&nbsp;<\/p>\n<p>Wir freuen uns auf Ihren Besuch!<\/p>","protected":false},"excerpt":{"rendered":"<p>DCL\u00a0\u2013 Dance Communication Lab\u00a02023 15th \u2013 17th November, Budapest, Hungary &nbsp; We happily share the news that we&#8217;re honoured to join Beyond Front@: Bridging Periphery &#8211; a new Creative Europe project! Dance Communication Lab \u2013 DCL is the part of this program. Beyond Front@: Bridging Periphery is a Creative Europe project (2023-2026) created by Central [&hellip;]<\/p>\n","protected":false},"author":7,"featured_media":10914,"parent":0,"menu_order":0,"comment_status":"open","ping_status":"closed","template":"","meta":{"footnotes":""},"class_list":["post-10908","page","type-page","status-publish","has-post-thumbnail","hentry"],"_links":{"self":[{"href":"https:\/\/cedt.hu\/de\/wp-json\/wp\/v2\/pages\/10908","targetHints":{"allow":["GET"]}}],"collection":[{"href":"https:\/\/cedt.hu\/de\/wp-json\/wp\/v2\/pages"}],"about":[{"href":"https:\/\/cedt.hu\/de\/wp-json\/wp\/v2\/types\/page"}],"author":[{"embeddable":true,"href":"https:\/\/cedt.hu\/de\/wp-json\/wp\/v2\/users\/7"}],"replies":[{"embeddable":true,"href":"https:\/\/cedt.hu\/de\/wp-json\/wp\/v2\/comments?post=10908"}],"version-history":[{"count":0,"href":"https:\/\/cedt.hu\/de\/wp-json\/wp\/v2\/pages\/10908\/revisions"}],"wp:featuredmedia":[{"embeddable":true,"href":"https:\/\/cedt.hu\/de\/wp-json\/wp\/v2\/media\/10914"}],"wp:attachment":[{"href":"https:\/\/cedt.hu\/de\/wp-json\/wp\/v2\/media?parent=10908"}],"curies":[{"name":"wp","href":"https:\/\/api.w.org\/{rel}","templated":true}]}}