{"id":10790,"date":"2023-05-08T14:16:17","date_gmt":"2023-05-08T14:16:17","guid":{"rendered":"https:\/\/cedt.hu\/?page_id=10790\/"},"modified":"2023-05-31T12:36:18","modified_gmt":"2023-05-31T12:36:18","slug":"intensivesummerdanceacademy2023","status":"publish","type":"page","link":"https:\/\/cedt.hu\/de\/intensivesummerdanceacademy2023\/","title":{"rendered":"Intensive Sommer-Tanzakademie 2023"},"content":{"rendered":"<p><strong>Tanztheater Mitteleuropa<\/strong><\/p>\n<p><strong><em>Intensive Sommer-Tanzakademie <\/em><\/strong><strong>- ein Projekt f\u00fcr lebenslanges Lernen <\/strong><\/p>\n<p>&nbsp;<\/p>\n<p>Gute Nachrichten f\u00fcr T\u00e4nzer aus <strong>Kroatien, Slowenien und Schweden<\/strong>. Wir haben die Frist f\u00fcr Ihre Bewerbungen verl\u00e4ngert bis <strong>Freitag 12 Uhr<\/strong> (Mittag).<\/p>\n<p>F\u00fcr <em>Ungarisch, Polnisch und Rum\u00e4nisch<\/em> T\u00e4nzer ist die Anwendung <em>geschlossen<\/em>.<\/p>\n<p>&nbsp;<\/p>\n<p>&nbsp;<\/p>\n<p>Wir freuen uns, Ihnen mitteilen zu k\u00f6nnen, dass wir die Ehre haben, Mitglied der <em>Jenseits von Front@: \u00dcberbr\u00fcckung der Peripherie<\/em> - ein neues Projekt von Creative Europe!<\/p>\n<p>Beyond Front@: Bridging Periphery ist ein Projekt von Creative Europe (2023-2026), das von <em>Mitteleurop\u00e4isches Tanztheater - CEDT<\/em> (Ungarn), <em>Bunker<\/em> (Slowenien), <em>Hrvatski institut za pokret i ples - HIPP<\/em> (Kroatien), <em>Krakauer Tanztheater - Krakowski Teatr Ta\u0144ca<\/em> (Polen), <em>M-Studio <\/em>(Rum\u00e4nien) und <em>Vitlycke - CPA<\/em> (Schweden) zur F\u00f6rderung der lokalen Entwicklung im Bereich des zeitgen\u00f6ssischen Tanzes.<\/p>\n<p>Als n\u00e4chster Schritt des Projekts <em>Tanztheater Mitteleuropa<\/em> (CEDT) k\u00fcndigt einen internationalen OPEN CALL f\u00fcr die Teilnahme an seiner bekannten <strong>Intensive Sommer-Tanzakademie<\/strong> f\u00fcr T\u00e4nzerinnen und T\u00e4nzer aus den Partnerl\u00e4ndern: Ungarn, Slowenien, Kroatien, Polen, Rum\u00e4nien und Schweden.<\/p>\n<p>&nbsp;<\/p>\n<p>Die Akademie bittet um Bewerbungen von professionellen Tanzk\u00fcnstlern <em>nur<\/em> Die zehnt\u00e4gige Ausbildung, Entwicklung und k\u00fcnstlerische Forschung findet unter der Leitung von zwei internationalen und einem ungarischen T\u00e4nzer-Choreographen statt. Der Kurs wird mit einer Vorf\u00fchrung unter professionellen Bedingungen im Bethlen-Theater abgeschlossen. Im Anschluss an die Sommerakademie werden an 3 ausgew\u00e4hlte T\u00e4nzer Stipendien in H\u00f6he von 2000 \u20ac pro <em>jeder. <\/em><\/p>\n<p>&nbsp;<\/p>\n<p>Die Teilnahme am Kurs unterliegt folgenden Bedingungen <em>Kriterien<\/em>:<\/p>\n<ul>\n<li><em>nur<\/em> Tanzk\u00fcnstler aus den aufgef\u00fchrten L\u00e4ndern sind eingeladen und akzeptiert<\/li>\n<li><em>nur <\/em>Tanzk\u00fcnstler, die ihren ausf\u00fchrlichen beruflichen Lebenslauf hochladen, k\u00f6nnen sich bewerben<\/li>\n<li>wir sind <em>haupts\u00e4chlich<\/em> - aber nicht ausschlie\u00dflich - auf der Suche nach Tanzk\u00fcnstlern mit Hochschul- oder Universit\u00e4tsabschluss und\/oder B\u00fchnenerfahrung<\/li>\n<\/ul>\n<p>&nbsp;<\/p>\n<p><em>Hinweis<\/em> dass <a href=\"https:\/\/forms.gle\/vkqBHVcTrQu3xoF39\">Anmeldung<\/a> ist offen, aber die Zahl der Teilnehmer ist auf 14 begrenzt! Die Sommerakademie, an der die sechs Partnerl\u00e4nder beteiligt sind, wird die T\u00e4nzerinnen und T\u00e4nzer wie folgt ausw\u00e4hlen: 4 aus Ungarn, 2 aus Slowenien, 2 aus Kroatien, 2 aus Polen, 2 aus Rum\u00e4nien und 2 aus Schweden.<\/p>\n<p>&nbsp;<\/p>\n<p><em>Was wir anbieten werden: <\/em><\/p>\n<ul>\n<li>F\u00fcr ausgew\u00e4hlte T\u00e4nzer ist der Workshop kostenlos.<\/li>\n<li>Reisekosten von und nach Budapest werden in H\u00f6he von 130 EUR \/ Person unterst\u00fctzt<\/li>\n<li>Eine Tagespauschale wird in H\u00f6he von 25 EUR \/ pro Tag (275 EUR \/ 11 Tage) gew\u00e4hrt.<\/li>\n<li>Die Unterkunft f\u00fcr 12 N\u00e4chte wird f\u00fcr die gesamte Dauer des Workshops zur Verf\u00fcgung gestellt.<\/li>\n<li>Der Nahverkehr wird bezuschusst.<\/li>\n<li>Nach der Sommerakademie werden an 3 ausgew\u00e4hlte T\u00e4nzer Stipendien in H\u00f6he von je 2000 \u20ac vergeben.<\/li>\n<\/ul>\n<p>&nbsp;<\/p>\n<p>Am Ende der Akademie bieten die 3 Mentoren ausgew\u00e4hlten T\u00e4nzern, insgesamt 3, ein bezahltes Stipendium an, um mit ihrem Mentor - \u00fcber einen Online-Workflow - f\u00fcr den Rest des Jahres eine kurze B\u00fchnenkreation zu kreieren. Die ausgew\u00e4hlten T\u00e4nzer erhalten ein Stipendium von 2000 \u20ac. <em>jede<\/em>. Wir helfen Ihnen bei der Vermittlung von Kontakten f\u00fcr die Pr\u00e4sentation Ihres kurzen B\u00fchnenwerks.<\/p>\n<p>&nbsp;<\/p>\n<p><em>Mentoren: <\/em><\/p>\n<ul>\n<li>Agnieszka Bednarz-Tyran (PL)<br \/>\n<em>Zeitgen\u00f6ssischer Tanz mit Elementen der polnischen Tanztechnik<\/em><\/li>\n<li>Rumiko Otsuka (JP\/SE)<\/li>\n<li>M\u00e1rton Csuzi (HU)<br \/>\n<em>Akrobatik und zeitgen\u00f6ssische Tanztechnik<\/em><\/li>\n<\/ul>\n<p>&nbsp;<\/p>\n<p><em>Wie bewirbt man sich? <\/em><\/p>\n<p>T\u00e4nzerinnen und T\u00e4nzer k\u00f6nnen sich durch Ausf\u00fcllen eines <a href=\"https:\/\/forms.gle\/vkqBHVcTrQu3xoF39\"><u>Google-Formular<\/u><\/a>, wo auch das Hochladen der folgenden Bewerbungsunterlagen erforderlich ist:<\/p>\n<ul>\n<li>CV<\/li>\n<li>eine Einleitung von 100 W\u00f6rtern zu Ihrer Person<\/li>\n<li>Verkn\u00fcpfen Sie Ihr Videomaterial - je mehr, desto besser - um Ihre Arbeit bestm\u00f6glich zu repr\u00e4sentieren.<\/li>\n<\/ul>\n<p><em>\u00a0<\/em><\/p>\n<p><em>Einsendeschluss f\u00fcr die Bewerbung: <\/em><\/p>\n<ul>\n<li>Neue Frist f\u00fcr T\u00e4nzer <strong>aus Kroatien, Slowenien und Schweden<\/strong>:\u00a0<em><strong>Freitag 12 Uhr (mittags)<\/strong><\/em>.<\/li>\n<li>(F\u00fcr <em>Ungarisch<\/em>,\u00a0<em>Polnisch und Rum\u00e4nisch<\/em> T\u00e4nzer ist die Anwendung <em>geschlossen<\/em>.)<\/li>\n<\/ul>\n<p>&nbsp;<\/p>\n<p><em>Bitte<\/em> Lassen Sie Ihre Bewerbung nicht bis zur letzten Minute liegen! Es k\u00f6nnen jederzeit technische Probleme auftreten, z. B. Internetausf\u00e4lle, fehlgeschlagene Video-Uploads usw. Denken Sie daran, dass die Bewerbungsfrist um Punkt Mitternacht endet! Wir nehmen keine Bewerbungen an, die nach Ablauf der Bewerbungsfrist eingehen, da der Link danach nicht mehr verf\u00fcgbar ist.<\/p>\n<p><em>\u00a0<\/em><\/p>\n<p><em>Auswahlverfahren<\/em><\/p>\n<p>Das Auswahlverfahren besteht aus zwei Phasen:<\/p>\n<ul>\n<li>1. Runde: Der Bewerber erf\u00fcllt alle (oben aufgef\u00fchrten) Kriterien.<\/li>\n<li>2. Runde: Nach der ersten Runde werden die Tanzk\u00fcnstler von der CEDT auf der Grundlage der eingereichten Bewerbungsunterlagen (siehe oben) ausgew\u00e4hlt. F\u00fcr die zweite Runde der Auswahl werden gemeinsam mit allen Mitgliedsorganisationen (siehe oben) gemeinsame Vergabekriterien festgelegt.<\/li>\n<\/ul>\n<p><em>\u00a0<\/em><\/p>\n<p><em>Die ungarischen, polnischen und rum\u00e4nischen T\u00e4nzerinnen und T\u00e4nzer werden bis zum 31. Mai (12 Uhr) per E-Mail benachrichtigt, ob sie ausgew\u00e4hlt wurden.<\/em><\/p>\n<p>F\u00fcr <strong>Kroatisch, Slowenisch und Schwedisch<\/strong> T\u00e4nzerinnen und T\u00e4nzer werden wir die Benachrichtigungen per<strong> 2. Juni (20 Uhr)<\/strong> wenn sie ausgew\u00e4hlt werden.<\/p>\n<p><em>\u00a0<\/em><\/p>\n<p><em>Zeitplan <\/em><\/p>\n<ul>\n<li>12. Juni - 21. Juni<\/li>\n<li>18. freier Tag<\/li>\n<li>22. Tag der Demonstration<\/li>\n<\/ul>\n<p><em>Tagesablauf wie geplant:<\/em><\/p>\n<ul>\n<li>09:00 - 09:45 Aufw\u00e4rmen<\/li>\n<li>09:55 - 11:55 Choreographie\/Gemeinsames Schaffen I.<\/li>\n<li>12:20 - 14:20 Choreographie\/Gemeinsame Kreation II.<\/li>\n<li>14:30 - 16:30 Choreographie\/Gemeinsame Kreation III.<\/li>\n<\/ul>\n<p><em>Tagesablauf in K\u00fcrze<\/em>:<\/p>\n<ul>\n<li>zwischen 9 Uhr und 16.30 Uhr<\/li>\n<li>mit drei 10-min\u00fctigen Pausen<\/li>\n<li>und eine Mittagspause von fast einer halben Stunde<\/li>\n<li>nach Absprache mit den Mentoren<\/li>\n<\/ul>\n<p>&nbsp;<\/p>\n<p><em>Ort des Workshops: <\/em><\/p>\n<ul>\n<li><a href=\"https:\/\/goo.gl\/maps\/7g1a2nw54hWNF3h68\">B\u00e9ke utca 129, Budapest, Ungarn<\/a><\/li>\n<\/ul>\n<p><em>Ort der Demonstration:<\/em><\/p>\n<ul>\n<li><a href=\"https:\/\/goo.gl\/maps\/XC3GwjeWTjy6pqoB6\">Theater Bethlen<\/a><\/li>\n<\/ul>\n<p>&nbsp;<\/p>\n<p>Und wenn Sie weitere Fragen haben, schreiben Sie bitte an ????@????.??<\/p>\n<p>&nbsp;<\/p>\n<p>Indem wir den Sommer-Intensiv-Tanzkurs auf eine internationale Ebene heben, wollen wir die Kluft zwischen Tanzk\u00fcnstlern aus verschiedenen L\u00e4ndern \u00fcberbr\u00fccken und ihnen wichtige Erfahrungen vermitteln, die ihnen helfen, ihre Karriere in der internationalen Tanzszene voranzutreiben.<\/p>\n<p>&nbsp;<\/p>\n<p><em>Ausbilder<\/em><\/p>\n<p><strong>Agnieszka Bednarz-Tyran (PL) <\/strong><\/p>\n<p>Ich bin seit 8 Jahren in der professionellen Tanzausbildung auf akademischer Ebene t\u00e4tig. 2015-2022: Fakult\u00e4t f\u00fcr Tanztheater an der Stanis\u0142aw-Wyspia\u0144ski-Akademie f\u00fcr Theaterkunst in Krakau. Seit 2022: Fachbereich Tanz an der Karol-Szymanowski-Musikakademie in Kattowitz.<\/p>\n<p>W\u00e4hrend meines Studiums an der Fakult\u00e4t f\u00fcr Tanztheater an der Stanis\u0142aw-Wyspia\u0144ski-Akademie f\u00fcr Theaterkunst in Krakau (2009-2014) erhielt ich eine professionelle k\u00fcnstlerische Ausbildung. In dieser Zeit erwarb ich zahlreiche Werkzeuge und Tanztechniken, die es mir erm\u00f6glichten, mich zu einer vielseitigen, kreativen und bewussten T\u00e4nzerin und Gestalterin zu entwickeln. Bevor ich eine h\u00f6here Ausbildung erhielt und mich auf den zeitgen\u00f6ssischen Tanz konzentrierte, habe ich viele Jahre lang Gesellschaftstanz und Stra\u00dfentanz praktiziert. Derzeit ist meine vorherrschende Bewegungssprache, die ich verwende und die ich gerne w\u00e4hrend des Ausbildungsprogramms f\u00fcr professionelle T\u00e4nzer im Juni weitergeben m\u00f6chte, die Polnische Technik des zeitgen\u00f6ssischen Tanzes. Ich baue ihre Elemente stark in meine zeitgen\u00f6ssischen Tanzklassen ein.<\/p>\n<p>Die polnische Technik des zeitgen\u00f6ssischen Tanzes wurde von Jacek \u0141umi\u0144ski entwickelt, der sich von verschiedenen Quellen inspirieren lie\u00df, darunter von Tanztheatermachern, polnischen chassidischen Traditionen und der polnischen Folklore. Das Wesen der polnischen Technik des zeitgen\u00f6ssischen Tanzes ist tief in den Volkstraditionen bestimmter Regionen Polens verwurzelt, wie z. B. das Rubato-Tempo, asymmetrische musikalische Strukturen, das Ph\u00e4nomen der Apokope, der asymmetrische Puls und andere Elemente, die f\u00fcr Podhale, S\u0105decczyzna, die Region Lublin oder die Region Kurpie charakteristisch sind. Zu ihren charakteristischsten Merkmalen geh\u00f6ren schnelle und unerwartete \u00c4nderungen der Bewegungsrichtungen, pl\u00f6tzliche \u00c4nderungen der Ebenen, dynamische Wechsel zwischen kontrastierenden Bewegungsqualit\u00e4ten, Polyzentrismus der Impulse, ein ausgepr\u00e4gtes Bewusstsein f\u00fcr die Wirbels\u00e4ulenachse und die Ebenen, entlang derer sich der K\u00f6rper bewegt, sowie unvorhersehbare Bewegungen, die sich aus Muskelspannungen und -entspannungen ergeben.<\/p>\n<p><strong>Rumiko Otsuka (JP\/SE)<\/strong><\/p>\n<p>Rumiko Otsuka ist in Tokio, Japan, geboren und aufgewachsen.<\/p>\n<p>Nach ihrem Abschluss an der Arnhem Dans Academie in Holland im Jahr 2001 begann sie ihre professionelle Karriere als T\u00e4nzerin in Norrdans(SE). 2005 schloss sie sich Sk\u00e5nes dans teater(SE) an. Seit 2009 arbeitet sie als freischaffende T\u00e4nzerin. Sie arbeitete f\u00fcr Recoil Dance Group\/Tina Tarpgaard(DK), Sk\u00e5nes dansteater(SE), Zappala Danza(IT), Khamlane Halsackda(SE\/UK), Somatic Noise(SE\/DK), Sm\u00e5land Musik och Teater(SE), Camilla Stage(DK), Memory Wax (SE). Von 2010-2019 war sie Mitglied von Dansalliansen. Seit Sommer 2013 ist sie Mitglied von Nya R\u00f6relsen.<\/p>\n<p>Ihr Hintergrund beeinflusst die Arbeit stark. Der Schwerpunkt liegt auf der Erforschung der japanischen Kultur und des japanischen Erbes und der Frage, wo dies in ihrer Arbeit einen Platz hat. Sie nutzt ihre doppelte Erfahrung, in Schweden zu leben und diese mit ihrer Geschichte mit Japan zu vermischen, um eine multikulturelle Tanz-\/Theatersprache zu schaffen, die einzigartig ist und wirklich mit dem Publikum kommunizieren kann.<\/p>\n<p><strong>Marci Csuzi (H)<\/strong><\/p>\n<p>Marci Csuzi machte 2009 seinen Abschluss an der Budapester Schule f\u00fcr zeitgen\u00f6ssischen Tanz und 2014 an der Art Du D\u00e9placement Academy in Paris. 2010 bis 2020 war er eines der aktivsten Mitglieder der \u00c9va Duda Company. Au\u00dferdem arbeitete er mit mehreren ungarischen und ausl\u00e4ndischen K\u00fcnstlern als freischaffender T\u00e4nzer und Akrobat zusammen. Er wirkte an mehreren unabh\u00e4ngigen Produktionen als Sch\u00f6pfer, Gr\u00fcnder und Leiter des Kollektivs Flying Bodies sowie als Mitbegr\u00fcnder und einer der Leiter des Kollektivs OneTwoMany mit. Neben seiner k\u00fcnstlerischen Arbeit ist er derzeit Student an der Fakult\u00e4t f\u00fcr Wirtschaftswissenschaften des BME.<\/p>\n<p>&nbsp;<\/p>\n<p><img fetchpriority=\"high\" decoding=\"async\" class=\"alignnone size-medium wp-image-10813\" src=\"https:\/\/cedt.hu\/wp-content\/uploads\/2023\/05\/CEDT-Green-1-296x300.jpg\" alt=\"\" width=\"296\" height=\"300\" data-id=\"10813\" srcset=\"https:\/\/cedt.hu\/wp-content\/uploads\/2023\/05\/CEDT-Green-1-296x300.jpg 296w, https:\/\/cedt.hu\/wp-content\/uploads\/2023\/05\/CEDT-Green-1-768x778.jpg 768w, https:\/\/cedt.hu\/wp-content\/uploads\/2023\/05\/CEDT-Green-1-1010x1024.jpg 1010w, https:\/\/cedt.hu\/wp-content\/uploads\/2023\/05\/CEDT-Green-1-395x400.jpg 395w, https:\/\/cedt.hu\/wp-content\/uploads\/2023\/05\/CEDT-Green-1.jpg 1416w\" sizes=\"(max-width: 296px) 100vw, 296px\" \/><\/p>","protected":false},"excerpt":{"rendered":"<p>Central Europe Dance Theatre Intensive Summer Dance Academy \u2013 a Life Long Learning Project &nbsp; Good news for dancers from Croatia, Slovenia and Sweden. We extended the deadline for your applications until Friday 12pm (noon). For Hungarian, Polish and Romanian dancers the application is closed. &nbsp; &nbsp; We happily share the news that we&#8217;re honoured [&hellip;]<\/p>\n","protected":false},"author":7,"featured_media":0,"parent":0,"menu_order":0,"comment_status":"closed","ping_status":"closed","template":"","meta":{"footnotes":""},"class_list":["post-10790","page","type-page","status-publish","hentry"],"_links":{"self":[{"href":"https:\/\/cedt.hu\/de\/wp-json\/wp\/v2\/pages\/10790","targetHints":{"allow":["GET"]}}],"collection":[{"href":"https:\/\/cedt.hu\/de\/wp-json\/wp\/v2\/pages"}],"about":[{"href":"https:\/\/cedt.hu\/de\/wp-json\/wp\/v2\/types\/page"}],"author":[{"embeddable":true,"href":"https:\/\/cedt.hu\/de\/wp-json\/wp\/v2\/users\/7"}],"replies":[{"embeddable":true,"href":"https:\/\/cedt.hu\/de\/wp-json\/wp\/v2\/comments?post=10790"}],"version-history":[{"count":0,"href":"https:\/\/cedt.hu\/de\/wp-json\/wp\/v2\/pages\/10790\/revisions"}],"wp:attachment":[{"href":"https:\/\/cedt.hu\/de\/wp-json\/wp\/v2\/media?parent=10790"}],"curies":[{"name":"wp","href":"https:\/\/api.w.org\/{rel}","templated":true}]}}